{"version":"1.0","provider_name":"Abesata","provider_url":"https:\/\/www.abesata.org\/br","author_name":"Ricardo","author_url":"https:\/\/www.abesata.org\/br\/author\/ricardo-baroni\/","title":"Avia\u00e7\u00e3o brasileira tem menores \u00edndices de atraso - Abesata","type":"rich","width":600,"height":338,"html":"<blockquote class=\"wp-embedded-content\" data-secret=\"WZrXydIsqj\"><a href=\"https:\/\/www.abesata.org\/br\/aviacao-brasileira-tem-menores-indices-de-atraso\/\">Avia\u00e7\u00e3o brasileira tem menores \u00edndices de atraso<\/a><\/blockquote><iframe sandbox=\"allow-scripts\" security=\"restricted\" src=\"https:\/\/www.abesata.org\/br\/aviacao-brasileira-tem-menores-indices-de-atraso\/embed\/#?secret=WZrXydIsqj\" width=\"600\" height=\"338\" title=\"&#8220;Avia\u00e7\u00e3o brasileira tem menores \u00edndices de atraso&#8221; &#8212; Abesata\" data-secret=\"WZrXydIsqj\" frameborder=\"0\" marginwidth=\"0\" marginheight=\"0\" scrolling=\"no\" class=\"wp-embedded-content\"><\/iframe><script>\n\/*! This file is auto-generated *\/\n!function(d,l){\"use strict\";l.querySelector&&d.addEventListener&&\"undefined\"!=typeof URL&&(d.wp=d.wp||{},d.wp.receiveEmbedMessage||(d.wp.receiveEmbedMessage=function(e){var t=e.data;if((t||t.secret||t.message||t.value)&&!\/[^a-zA-Z0-9]\/.test(t.secret)){for(var s,r,n,a=l.querySelectorAll('iframe[data-secret=\"'+t.secret+'\"]'),o=l.querySelectorAll('blockquote[data-secret=\"'+t.secret+'\"]'),c=new RegExp(\"^https?:$\",\"i\"),i=0;i<o.length;i++)o[i].style.display=\"none\";for(i=0;i<a.length;i++)s=a[i],e.source===s.contentWindow&&(s.removeAttribute(\"style\"),\"height\"===t.message?(1e3<(r=parseInt(t.value,10))?r=1e3:~~r<200&&(r=200),s.height=r):\"link\"===t.message&&(r=new URL(s.getAttribute(\"src\")),n=new URL(t.value),c.test(n.protocol))&&n.host===r.host&&l.activeElement===s&&(d.top.location.href=t.value))}},d.addEventListener(\"message\",d.wp.receiveEmbedMessage,!1),l.addEventListener(\"DOMContentLoaded\",function(){for(var e,t,s=l.querySelectorAll(\"iframe.wp-embedded-content\"),r=0;r<s.length;r++)(t=(e=s[r]).getAttribute(\"data-secret\"))||(t=Math.random().toString(36).substring(2,12),e.src+=\"#?secret=\"+t,e.setAttribute(\"data-secret\",t)),e.contentWindow.postMessage({message:\"ready\",secret:t},\"*\")},!1)))}(window,document);\n\/\/# sourceURL=https:\/\/www.abesata.org\/br\/wp-includes\/js\/wp-embed.min.js\n<\/script>\n","thumbnail_url":"https:\/\/www.abesata.org\/br\/wp-content\/uploads\/2014\/07\/9.png","thumbnail_width":1022,"thumbnail_height":336,"description":"A Abear lan\u00e7ou no dia 22\/08 a segunda edi\u00e7\u00e3o do Panorama 2013, publica\u00e7\u00e3o anual da entidade que consolida os principais indicadores operacionais e econ\u00f4micos das empresas a\u00e9reas associadas. O anu\u00e1rio re\u00fane descritivos referentes \u00e0 frota, equipes, estat\u00edsticas, al\u00e9m de an\u00e1lises comparativas com outros mercados sobre desempenho das atividades, qualidade dos servi\u00e7os, competitividade e composi\u00e7\u00e3o dos [&hellip;]"}