{"id":14593,"date":"2021-09-17T19:18:25","date_gmt":"2021-09-17T19:18:25","guid":{"rendered":"http:\/\/www.abesata.org\/br\/?page_id=14593"},"modified":"2021-09-17T19:18:27","modified_gmt":"2021-09-17T19:18:27","slug":"secao-v-transporte-aereo-da-cnt-brasilia-df-14-set-2021","status":"publish","type":"page","link":"https:\/\/www.abesata.org\/br\/secao-v-transporte-aereo-da-cnt-brasilia-df-14-set-2021\/","title":{"rendered":"Se\u00e7\u00e3o V \u2013 Transporte A\u00e9reo \u2013 da CNT \u2013 Bras\u00edlia DF \u2013 14 set.2021"},"content":{"rendered":"\n<figure class=\"wp-block-image size-large\"><img fetchpriority=\"high\" decoding=\"async\" width=\"1024\" height=\"683\" src=\"https:\/\/www.abesata.org\/br\/wp-content\/uploads\/2021\/09\/DSC0466-1024x683.jpeg\" alt=\"\" class=\"wp-image-14583\" srcset=\"https:\/\/www.abesata.org\/br\/wp-content\/uploads\/2021\/09\/DSC0466-1024x683.jpeg 1024w, https:\/\/www.abesata.org\/br\/wp-content\/uploads\/2021\/09\/DSC0466-300x200.jpeg 300w, https:\/\/www.abesata.org\/br\/wp-content\/uploads\/2021\/09\/DSC0466-768x513.jpeg 768w, https:\/\/www.abesata.org\/br\/wp-content\/uploads\/2021\/09\/DSC0466-1536x1025.jpeg 1536w, https:\/\/www.abesata.org\/br\/wp-content\/uploads\/2021\/09\/DSC0466-2048x1367.jpeg 2048w, https:\/\/www.abesata.org\/br\/wp-content\/uploads\/2021\/09\/DSC0466-225x150.jpeg 225w, https:\/\/www.abesata.org\/br\/wp-content\/uploads\/2021\/09\/DSC0466-150x100.jpeg 150w\" sizes=\"(max-width: 1024px) 100vw, 1024px\" \/><\/figure>\n\n\n\n<figure class=\"wp-block-image size-large\"><img decoding=\"async\" width=\"1024\" height=\"683\" src=\"https:\/\/www.abesata.org\/br\/wp-content\/uploads\/2021\/09\/DSC0451-1-1024x683.jpeg\" alt=\"\" class=\"wp-image-14584\" srcset=\"https:\/\/www.abesata.org\/br\/wp-content\/uploads\/2021\/09\/DSC0451-1-1024x683.jpeg 1024w, https:\/\/www.abesata.org\/br\/wp-content\/uploads\/2021\/09\/DSC0451-1-300x200.jpeg 300w, https:\/\/www.abesata.org\/br\/wp-content\/uploads\/2021\/09\/DSC0451-1-768x513.jpeg 768w, https:\/\/www.abesata.org\/br\/wp-content\/uploads\/2021\/09\/DSC0451-1-1536x1025.jpeg 1536w, https:\/\/www.abesata.org\/br\/wp-content\/uploads\/2021\/09\/DSC0451-1-2048x1367.jpeg 2048w, https:\/\/www.abesata.org\/br\/wp-content\/uploads\/2021\/09\/DSC0451-1-225x150.jpeg 225w, https:\/\/www.abesata.org\/br\/wp-content\/uploads\/2021\/09\/DSC0451-1-150x100.jpeg 150w\" sizes=\"(max-width: 1024px) 100vw, 1024px\" \/><\/figure>\n\n\n\n<figure class=\"wp-block-image size-large\"><img decoding=\"async\" width=\"1024\" height=\"768\" src=\"https:\/\/www.abesata.org\/br\/wp-content\/uploads\/2021\/09\/AnyConv.com__IMG_4009-1024x768.jpg\" alt=\"\" class=\"wp-image-14585\" srcset=\"https:\/\/www.abesata.org\/br\/wp-content\/uploads\/2021\/09\/AnyConv.com__IMG_4009-1024x768.jpg 1024w, https:\/\/www.abesata.org\/br\/wp-content\/uploads\/2021\/09\/AnyConv.com__IMG_4009-300x225.jpg 300w, https:\/\/www.abesata.org\/br\/wp-content\/uploads\/2021\/09\/AnyConv.com__IMG_4009-768x576.jpg 768w, https:\/\/www.abesata.org\/br\/wp-content\/uploads\/2021\/09\/AnyConv.com__IMG_4009-1536x1152.jpg 1536w, https:\/\/www.abesata.org\/br\/wp-content\/uploads\/2021\/09\/AnyConv.com__IMG_4009-2048x1536.jpg 2048w, https:\/\/www.abesata.org\/br\/wp-content\/uploads\/2021\/09\/AnyConv.com__IMG_4009-200x150.jpg 200w, https:\/\/www.abesata.org\/br\/wp-content\/uploads\/2021\/09\/AnyConv.com__IMG_4009-150x113.jpg 150w\" sizes=\"(max-width: 1024px) 100vw, 1024px\" \/><\/figure>\n\n\n\n<figure class=\"wp-block-image size-large\"><img loading=\"lazy\" decoding=\"async\" width=\"1024\" height=\"768\" src=\"https:\/\/www.abesata.org\/br\/wp-content\/uploads\/2021\/09\/AnyConv.com__IMG_4012-1024x768.jpg\" alt=\"\" class=\"wp-image-14586\" srcset=\"https:\/\/www.abesata.org\/br\/wp-content\/uploads\/2021\/09\/AnyConv.com__IMG_4012-1024x768.jpg 1024w, https:\/\/www.abesata.org\/br\/wp-content\/uploads\/2021\/09\/AnyConv.com__IMG_4012-300x225.jpg 300w, https:\/\/www.abesata.org\/br\/wp-content\/uploads\/2021\/09\/AnyConv.com__IMG_4012-768x576.jpg 768w, https:\/\/www.abesata.org\/br\/wp-content\/uploads\/2021\/09\/AnyConv.com__IMG_4012-1536x1152.jpg 1536w, https:\/\/www.abesata.org\/br\/wp-content\/uploads\/2021\/09\/AnyConv.com__IMG_4012-2048x1536.jpg 2048w, https:\/\/www.abesata.org\/br\/wp-content\/uploads\/2021\/09\/AnyConv.com__IMG_4012-200x150.jpg 200w, https:\/\/www.abesata.org\/br\/wp-content\/uploads\/2021\/09\/AnyConv.com__IMG_4012-150x113.jpg 150w\" sizes=\"(max-width: 1024px) 100vw, 1024px\" \/><\/figure>\n\n\n\n<figure class=\"wp-block-image size-large\"><img loading=\"lazy\" decoding=\"async\" width=\"1024\" height=\"768\" src=\"https:\/\/www.abesata.org\/br\/wp-content\/uploads\/2021\/09\/AnyConv.com__IMG_4015-1024x768.jpg\" alt=\"\" class=\"wp-image-14587\" srcset=\"https:\/\/www.abesata.org\/br\/wp-content\/uploads\/2021\/09\/AnyConv.com__IMG_4015-1024x768.jpg 1024w, https:\/\/www.abesata.org\/br\/wp-content\/uploads\/2021\/09\/AnyConv.com__IMG_4015-300x225.jpg 300w, https:\/\/www.abesata.org\/br\/wp-content\/uploads\/2021\/09\/AnyConv.com__IMG_4015-768x576.jpg 768w, https:\/\/www.abesata.org\/br\/wp-content\/uploads\/2021\/09\/AnyConv.com__IMG_4015-1536x1152.jpg 1536w, https:\/\/www.abesata.org\/br\/wp-content\/uploads\/2021\/09\/AnyConv.com__IMG_4015-2048x1536.jpg 2048w, https:\/\/www.abesata.org\/br\/wp-content\/uploads\/2021\/09\/AnyConv.com__IMG_4015-200x150.jpg 200w, https:\/\/www.abesata.org\/br\/wp-content\/uploads\/2021\/09\/AnyConv.com__IMG_4015-150x113.jpg 150w\" sizes=\"(max-width: 1024px) 100vw, 1024px\" \/><\/figure>\n","protected":false},"excerpt":{"rendered":"","protected":false},"author":135,"featured_media":0,"parent":0,"menu_order":0,"comment_status":"closed","ping_status":"closed","template":"","meta":{"footnotes":""},"class_list":["post-14593","page","type-page","status-publish","hentry"],"yoast_head":"<!-- This site is optimized with the Yoast SEO plugin v26.5 - https:\/\/yoast.com\/wordpress\/plugins\/seo\/ -->\n<title>Se\u00e7\u00e3o V \u2013 Transporte A\u00e9reo \u2013 da CNT \u2013 Bras\u00edlia DF \u2013 14 set.2021 - Abesata<\/title>\n<meta name=\"robots\" content=\"index, follow, max-snippet:-1, max-image-preview:large, max-video-preview:-1\" \/>\n<link rel=\"canonical\" href=\"https:\/\/www.abesata.org\/br\/secao-v-transporte-aereo-da-cnt-brasilia-df-14-set-2021\/\" \/>\n<meta property=\"og:locale\" content=\"pt_BR\" \/>\n<meta property=\"og:type\" content=\"article\" \/>\n<meta property=\"og:title\" content=\"Se\u00e7\u00e3o V \u2013 Transporte A\u00e9reo \u2013 da CNT \u2013 Bras\u00edlia DF \u2013 14 set.2021 - Abesata\" \/>\n<meta property=\"og:url\" content=\"https:\/\/www.abesata.org\/br\/secao-v-transporte-aereo-da-cnt-brasilia-df-14-set-2021\/\" \/>\n<meta property=\"og:site_name\" content=\"Abesata\" \/>\n<meta property=\"article:publisher\" content=\"https:\/\/www.facebook.com\/abesata.org\/\" \/>\n<meta property=\"article:modified_time\" content=\"2021-09-17T19:18:27+00:00\" \/>\n<meta property=\"og:image\" content=\"http:\/\/www.abesata.org\/br\/wp-content\/uploads\/2021\/09\/DSC0466-1024x683.jpeg\" \/>\n<meta name=\"twitter:card\" content=\"summary_large_image\" \/>\n<script type=\"application\/ld+json\" class=\"yoast-schema-graph\">{\"@context\":\"https:\/\/schema.org\",\"@graph\":[{\"@type\":\"WebPage\",\"@id\":\"https:\/\/www.abesata.org\/br\/secao-v-transporte-aereo-da-cnt-brasilia-df-14-set-2021\/\",\"url\":\"https:\/\/www.abesata.org\/br\/secao-v-transporte-aereo-da-cnt-brasilia-df-14-set-2021\/\",\"name\":\"Se\u00e7\u00e3o V \u2013 Transporte A\u00e9reo \u2013 da CNT \u2013 Bras\u00edlia DF \u2013 14 set.2021 - Abesata\",\"isPartOf\":{\"@id\":\"https:\/\/www.abesata.org\/br\/#website\"},\"primaryImageOfPage\":{\"@id\":\"https:\/\/www.abesata.org\/br\/secao-v-transporte-aereo-da-cnt-brasilia-df-14-set-2021\/#primaryimage\"},\"image\":{\"@id\":\"https:\/\/www.abesata.org\/br\/secao-v-transporte-aereo-da-cnt-brasilia-df-14-set-2021\/#primaryimage\"},\"thumbnailUrl\":\"http:\/\/www.abesata.org\/br\/wp-content\/uploads\/2021\/09\/DSC0466-1024x683.jpeg\",\"datePublished\":\"2021-09-17T19:18:25+00:00\",\"dateModified\":\"2021-09-17T19:18:27+00:00\",\"breadcrumb\":{\"@id\":\"https:\/\/www.abesata.org\/br\/secao-v-transporte-aereo-da-cnt-brasilia-df-14-set-2021\/#breadcrumb\"},\"inLanguage\":\"pt-BR\",\"potentialAction\":[{\"@type\":\"ReadAction\",\"target\":[\"https:\/\/www.abesata.org\/br\/secao-v-transporte-aereo-da-cnt-brasilia-df-14-set-2021\/\"]}]},{\"@type\":\"ImageObject\",\"inLanguage\":\"pt-BR\",\"@id\":\"https:\/\/www.abesata.org\/br\/secao-v-transporte-aereo-da-cnt-brasilia-df-14-set-2021\/#primaryimage\",\"url\":\"http:\/\/www.abesata.org\/br\/wp-content\/uploads\/2021\/09\/DSC0466-1024x683.jpeg\",\"contentUrl\":\"http:\/\/www.abesata.org\/br\/wp-content\/uploads\/2021\/09\/DSC0466-1024x683.jpeg\"},{\"@type\":\"BreadcrumbList\",\"@id\":\"https:\/\/www.abesata.org\/br\/secao-v-transporte-aereo-da-cnt-brasilia-df-14-set-2021\/#breadcrumb\",\"itemListElement\":[{\"@type\":\"ListItem\",\"position\":1,\"name\":\"In\u00edcio\",\"item\":\"https:\/\/www.abesata.org\/br\/\"},{\"@type\":\"ListItem\",\"position\":2,\"name\":\"Se\u00e7\u00e3o V \u2013 Transporte A\u00e9reo \u2013 da CNT \u2013 Bras\u00edlia DF \u2013 14 set.2021\"}]},{\"@type\":\"WebSite\",\"@id\":\"https:\/\/www.abesata.org\/br\/#website\",\"url\":\"https:\/\/www.abesata.org\/br\/\",\"name\":\"Abesata\",\"description\":\"Associa\u00e7\u00e3o Brasileira das Empresas de Servi\u00e7os Auxiliares de Transporte A\u00e9reo\",\"publisher\":{\"@id\":\"https:\/\/www.abesata.org\/br\/#organization\"},\"potentialAction\":[{\"@type\":\"SearchAction\",\"target\":{\"@type\":\"EntryPoint\",\"urlTemplate\":\"https:\/\/www.abesata.org\/br\/?s={search_term_string}\"},\"query-input\":{\"@type\":\"PropertyValueSpecification\",\"valueRequired\":true,\"valueName\":\"search_term_string\"}}],\"inLanguage\":\"pt-BR\"},{\"@type\":\"Organization\",\"@id\":\"https:\/\/www.abesata.org\/br\/#organization\",\"name\":\"Associa\u00e7\u00e3o Brasileira das Empresas de Servi\u00e7os Auxiliares de Transporte A\u00e9reo\",\"alternateName\":\"Abesata\",\"url\":\"https:\/\/www.abesata.org\/br\/\",\"logo\":{\"@type\":\"ImageObject\",\"inLanguage\":\"pt-BR\",\"@id\":\"https:\/\/www.abesata.org\/br\/#\/schema\/logo\/image\/\",\"url\":\"https:\/\/www.abesata.org\/br\/wp-content\/uploads\/2023\/10\/Abesata.png\",\"contentUrl\":\"https:\/\/www.abesata.org\/br\/wp-content\/uploads\/2023\/10\/Abesata.png\",\"width\":1063,\"height\":591,\"caption\":\"Associa\u00e7\u00e3o Brasileira das Empresas de Servi\u00e7os Auxiliares de Transporte A\u00e9reo\"},\"image\":{\"@id\":\"https:\/\/www.abesata.org\/br\/#\/schema\/logo\/image\/\"},\"sameAs\":[\"https:\/\/www.facebook.com\/abesata.org\/\",\"https:\/\/www.instagram.com\/abesata_gh\/\",\"https:\/\/br.linkedin.com\/company\/abesata\"]}]}<\/script>\n<!-- \/ Yoast SEO plugin. -->","yoast_head_json":{"title":"Se\u00e7\u00e3o V \u2013 Transporte A\u00e9reo \u2013 da CNT \u2013 Bras\u00edlia DF \u2013 14 set.2021 - Abesata","robots":{"index":"index","follow":"follow","max-snippet":"max-snippet:-1","max-image-preview":"max-image-preview:large","max-video-preview":"max-video-preview:-1"},"canonical":"https:\/\/www.abesata.org\/br\/secao-v-transporte-aereo-da-cnt-brasilia-df-14-set-2021\/","og_locale":"pt_BR","og_type":"article","og_title":"Se\u00e7\u00e3o V \u2013 Transporte A\u00e9reo \u2013 da CNT \u2013 Bras\u00edlia DF \u2013 14 set.2021 - Abesata","og_url":"https:\/\/www.abesata.org\/br\/secao-v-transporte-aereo-da-cnt-brasilia-df-14-set-2021\/","og_site_name":"Abesata","article_publisher":"https:\/\/www.facebook.com\/abesata.org\/","article_modified_time":"2021-09-17T19:18:27+00:00","og_image":[{"url":"http:\/\/www.abesata.org\/br\/wp-content\/uploads\/2021\/09\/DSC0466-1024x683.jpeg","type":"","width":"","height":""}],"twitter_card":"summary_large_image","schema":{"@context":"https:\/\/schema.org","@graph":[{"@type":"WebPage","@id":"https:\/\/www.abesata.org\/br\/secao-v-transporte-aereo-da-cnt-brasilia-df-14-set-2021\/","url":"https:\/\/www.abesata.org\/br\/secao-v-transporte-aereo-da-cnt-brasilia-df-14-set-2021\/","name":"Se\u00e7\u00e3o V \u2013 Transporte A\u00e9reo \u2013 da CNT \u2013 Bras\u00edlia DF \u2013 14 set.2021 - Abesata","isPartOf":{"@id":"https:\/\/www.abesata.org\/br\/#website"},"primaryImageOfPage":{"@id":"https:\/\/www.abesata.org\/br\/secao-v-transporte-aereo-da-cnt-brasilia-df-14-set-2021\/#primaryimage"},"image":{"@id":"https:\/\/www.abesata.org\/br\/secao-v-transporte-aereo-da-cnt-brasilia-df-14-set-2021\/#primaryimage"},"thumbnailUrl":"http:\/\/www.abesata.org\/br\/wp-content\/uploads\/2021\/09\/DSC0466-1024x683.jpeg","datePublished":"2021-09-17T19:18:25+00:00","dateModified":"2021-09-17T19:18:27+00:00","breadcrumb":{"@id":"https:\/\/www.abesata.org\/br\/secao-v-transporte-aereo-da-cnt-brasilia-df-14-set-2021\/#breadcrumb"},"inLanguage":"pt-BR","potentialAction":[{"@type":"ReadAction","target":["https:\/\/www.abesata.org\/br\/secao-v-transporte-aereo-da-cnt-brasilia-df-14-set-2021\/"]}]},{"@type":"ImageObject","inLanguage":"pt-BR","@id":"https:\/\/www.abesata.org\/br\/secao-v-transporte-aereo-da-cnt-brasilia-df-14-set-2021\/#primaryimage","url":"http:\/\/www.abesata.org\/br\/wp-content\/uploads\/2021\/09\/DSC0466-1024x683.jpeg","contentUrl":"http:\/\/www.abesata.org\/br\/wp-content\/uploads\/2021\/09\/DSC0466-1024x683.jpeg"},{"@type":"BreadcrumbList","@id":"https:\/\/www.abesata.org\/br\/secao-v-transporte-aereo-da-cnt-brasilia-df-14-set-2021\/#breadcrumb","itemListElement":[{"@type":"ListItem","position":1,"name":"In\u00edcio","item":"https:\/\/www.abesata.org\/br\/"},{"@type":"ListItem","position":2,"name":"Se\u00e7\u00e3o V \u2013 Transporte A\u00e9reo \u2013 da CNT \u2013 Bras\u00edlia DF \u2013 14 set.2021"}]},{"@type":"WebSite","@id":"https:\/\/www.abesata.org\/br\/#website","url":"https:\/\/www.abesata.org\/br\/","name":"Abesata","description":"Associa\u00e7\u00e3o Brasileira das Empresas de Servi\u00e7os Auxiliares de Transporte A\u00e9reo","publisher":{"@id":"https:\/\/www.abesata.org\/br\/#organization"},"potentialAction":[{"@type":"SearchAction","target":{"@type":"EntryPoint","urlTemplate":"https:\/\/www.abesata.org\/br\/?s={search_term_string}"},"query-input":{"@type":"PropertyValueSpecification","valueRequired":true,"valueName":"search_term_string"}}],"inLanguage":"pt-BR"},{"@type":"Organization","@id":"https:\/\/www.abesata.org\/br\/#organization","name":"Associa\u00e7\u00e3o Brasileira das Empresas de Servi\u00e7os Auxiliares de Transporte A\u00e9reo","alternateName":"Abesata","url":"https:\/\/www.abesata.org\/br\/","logo":{"@type":"ImageObject","inLanguage":"pt-BR","@id":"https:\/\/www.abesata.org\/br\/#\/schema\/logo\/image\/","url":"https:\/\/www.abesata.org\/br\/wp-content\/uploads\/2023\/10\/Abesata.png","contentUrl":"https:\/\/www.abesata.org\/br\/wp-content\/uploads\/2023\/10\/Abesata.png","width":1063,"height":591,"caption":"Associa\u00e7\u00e3o Brasileira das Empresas de Servi\u00e7os Auxiliares de Transporte A\u00e9reo"},"image":{"@id":"https:\/\/www.abesata.org\/br\/#\/schema\/logo\/image\/"},"sameAs":["https:\/\/www.facebook.com\/abesata.org\/","https:\/\/www.instagram.com\/abesata_gh\/","https:\/\/br.linkedin.com\/company\/abesata"]}]}},"_links":{"self":[{"href":"https:\/\/www.abesata.org\/br\/wp-json\/wp\/v2\/pages\/14593","targetHints":{"allow":["GET"]}}],"collection":[{"href":"https:\/\/www.abesata.org\/br\/wp-json\/wp\/v2\/pages"}],"about":[{"href":"https:\/\/www.abesata.org\/br\/wp-json\/wp\/v2\/types\/page"}],"author":[{"embeddable":true,"href":"https:\/\/www.abesata.org\/br\/wp-json\/wp\/v2\/users\/135"}],"replies":[{"embeddable":true,"href":"https:\/\/www.abesata.org\/br\/wp-json\/wp\/v2\/comments?post=14593"}],"version-history":[{"count":0,"href":"https:\/\/www.abesata.org\/br\/wp-json\/wp\/v2\/pages\/14593\/revisions"}],"wp:attachment":[{"href":"https:\/\/www.abesata.org\/br\/wp-json\/wp\/v2\/media?parent=14593"}],"curies":[{"name":"wp","href":"https:\/\/api.w.org\/{rel}","templated":true}]}}