{"id":14956,"date":"2022-05-26T18:01:39","date_gmt":"2022-05-26T18:01:39","guid":{"rendered":"http:\/\/www.abesata.org\/br\/?page_id=14956"},"modified":"2022-05-26T18:01:41","modified_gmt":"2022-05-26T18:01:41","slug":"debate-sobre-judicializacao-do-transporte-aereo-na-escola-de-magistratura-de-rondonia-porto-velho-ro-10-mai-2022","status":"publish","type":"page","link":"https:\/\/www.abesata.org\/br\/debate-sobre-judicializacao-do-transporte-aereo-na-escola-de-magistratura-de-rondonia-porto-velho-ro-10-mai-2022\/","title":{"rendered":"Debate sobre judicializa\u00e7\u00e3o do transporte a\u00e9reo na Escola de Magistratura de Rond\u00f4nia \u2013 Porto Velho RO \u2013 10 mai.2022"},"content":{"rendered":"\n<figure class=\"wp-block-image size-large\"><img fetchpriority=\"high\" decoding=\"async\" width=\"1024\" height=\"682\" src=\"https:\/\/www.abesata.org\/br\/wp-content\/uploads\/2022\/05\/AIOD7698-1024x682.jpg\" alt=\"\" class=\"wp-image-14957\" srcset=\"https:\/\/www.abesata.org\/br\/wp-content\/uploads\/2022\/05\/AIOD7698-1024x682.jpg 1024w, https:\/\/www.abesata.org\/br\/wp-content\/uploads\/2022\/05\/AIOD7698-300x200.jpg 300w, https:\/\/www.abesata.org\/br\/wp-content\/uploads\/2022\/05\/AIOD7698-768x512.jpg 768w, https:\/\/www.abesata.org\/br\/wp-content\/uploads\/2022\/05\/AIOD7698-225x150.jpg 225w, https:\/\/www.abesata.org\/br\/wp-content\/uploads\/2022\/05\/AIOD7698-150x100.jpg 150w, https:\/\/www.abesata.org\/br\/wp-content\/uploads\/2022\/05\/AIOD7698.jpg 1280w\" sizes=\"(max-width: 1024px) 100vw, 1024px\" \/><\/figure>\n\n\n\n<figure class=\"wp-block-image size-large\"><img decoding=\"async\" width=\"1024\" height=\"682\" src=\"https:\/\/www.abesata.org\/br\/wp-content\/uploads\/2022\/05\/OCOB4755-1024x682.jpg\" alt=\"\" class=\"wp-image-14958\" srcset=\"https:\/\/www.abesata.org\/br\/wp-content\/uploads\/2022\/05\/OCOB4755-1024x682.jpg 1024w, https:\/\/www.abesata.org\/br\/wp-content\/uploads\/2022\/05\/OCOB4755-300x200.jpg 300w, https:\/\/www.abesata.org\/br\/wp-content\/uploads\/2022\/05\/OCOB4755-768x512.jpg 768w, https:\/\/www.abesata.org\/br\/wp-content\/uploads\/2022\/05\/OCOB4755-225x150.jpg 225w, https:\/\/www.abesata.org\/br\/wp-content\/uploads\/2022\/05\/OCOB4755-150x100.jpg 150w, https:\/\/www.abesata.org\/br\/wp-content\/uploads\/2022\/05\/OCOB4755.jpg 1280w\" sizes=\"(max-width: 1024px) 100vw, 1024px\" \/><\/figure>\n\n\n\n<figure class=\"wp-block-image size-large\"><img decoding=\"async\" width=\"1024\" height=\"682\" src=\"https:\/\/www.abesata.org\/br\/wp-content\/uploads\/2022\/05\/KPMM4797-1024x682.jpg\" alt=\"\" class=\"wp-image-14959\" srcset=\"https:\/\/www.abesata.org\/br\/wp-content\/uploads\/2022\/05\/KPMM4797-1024x682.jpg 1024w, https:\/\/www.abesata.org\/br\/wp-content\/uploads\/2022\/05\/KPMM4797-300x200.jpg 300w, https:\/\/www.abesata.org\/br\/wp-content\/uploads\/2022\/05\/KPMM4797-768x512.jpg 768w, https:\/\/www.abesata.org\/br\/wp-content\/uploads\/2022\/05\/KPMM4797-225x150.jpg 225w, https:\/\/www.abesata.org\/br\/wp-content\/uploads\/2022\/05\/KPMM4797-150x100.jpg 150w, https:\/\/www.abesata.org\/br\/wp-content\/uploads\/2022\/05\/KPMM4797.jpg 1280w\" sizes=\"(max-width: 1024px) 100vw, 1024px\" \/><\/figure>\n\n\n\n<figure class=\"wp-block-image size-large\"><img loading=\"lazy\" decoding=\"async\" width=\"1024\" height=\"682\" src=\"https:\/\/www.abesata.org\/br\/wp-content\/uploads\/2022\/05\/CMAU8779-1024x682.jpg\" alt=\"\" class=\"wp-image-14960\" srcset=\"https:\/\/www.abesata.org\/br\/wp-content\/uploads\/2022\/05\/CMAU8779-1024x682.jpg 1024w, https:\/\/www.abesata.org\/br\/wp-content\/uploads\/2022\/05\/CMAU8779-300x200.jpg 300w, https:\/\/www.abesata.org\/br\/wp-content\/uploads\/2022\/05\/CMAU8779-768x512.jpg 768w, https:\/\/www.abesata.org\/br\/wp-content\/uploads\/2022\/05\/CMAU8779-225x150.jpg 225w, https:\/\/www.abesata.org\/br\/wp-content\/uploads\/2022\/05\/CMAU8779-150x100.jpg 150w, https:\/\/www.abesata.org\/br\/wp-content\/uploads\/2022\/05\/CMAU8779.jpg 1280w\" sizes=\"(max-width: 1024px) 100vw, 1024px\" \/><\/figure>\n\n\n\n<figure class=\"wp-block-image size-large\"><img loading=\"lazy\" decoding=\"async\" width=\"768\" height=\"1024\" src=\"https:\/\/www.abesata.org\/br\/wp-content\/uploads\/2022\/05\/irm\u00e3os-768x1024.jpg\" alt=\"\" class=\"wp-image-14961\" srcset=\"https:\/\/www.abesata.org\/br\/wp-content\/uploads\/2022\/05\/irm\u00e3os-768x1024.jpg 768w, https:\/\/www.abesata.org\/br\/wp-content\/uploads\/2022\/05\/irm\u00e3os-225x300.jpg 225w, https:\/\/www.abesata.org\/br\/wp-content\/uploads\/2022\/05\/irm\u00e3os-1152x1536.jpg 1152w, https:\/\/www.abesata.org\/br\/wp-content\/uploads\/2022\/05\/irm\u00e3os-1536x2048.jpg 1536w, https:\/\/www.abesata.org\/br\/wp-content\/uploads\/2022\/05\/irm\u00e3os-113x150.jpg 113w, https:\/\/www.abesata.org\/br\/wp-content\/uploads\/2022\/05\/irm\u00e3os-scaled.jpg 1920w\" sizes=\"(max-width: 768px) 100vw, 768px\" \/><\/figure>\n","protected":false},"excerpt":{"rendered":"","protected":false},"author":135,"featured_media":0,"parent":0,"menu_order":0,"comment_status":"closed","ping_status":"closed","template":"","meta":{"footnotes":""},"class_list":["post-14956","page","type-page","status-publish","hentry"],"yoast_head":"<!-- This site is optimized with the Yoast SEO plugin v26.5 - https:\/\/yoast.com\/wordpress\/plugins\/seo\/ -->\n<title>Debate sobre judicializa\u00e7\u00e3o do transporte a\u00e9reo na Escola de Magistratura de Rond\u00f4nia \u2013 Porto Velho RO \u2013 10 mai.2022 - Abesata<\/title>\n<meta name=\"robots\" content=\"index, follow, max-snippet:-1, max-image-preview:large, max-video-preview:-1\" \/>\n<link rel=\"canonical\" href=\"https:\/\/www.abesata.org\/br\/debate-sobre-judicializacao-do-transporte-aereo-na-escola-de-magistratura-de-rondonia-porto-velho-ro-10-mai-2022\/\" \/>\n<meta property=\"og:locale\" content=\"pt_BR\" \/>\n<meta property=\"og:type\" content=\"article\" \/>\n<meta property=\"og:title\" content=\"Debate sobre judicializa\u00e7\u00e3o do transporte a\u00e9reo na Escola de Magistratura de Rond\u00f4nia \u2013 Porto Velho RO \u2013 10 mai.2022 - Abesata\" \/>\n<meta property=\"og:url\" content=\"https:\/\/www.abesata.org\/br\/debate-sobre-judicializacao-do-transporte-aereo-na-escola-de-magistratura-de-rondonia-porto-velho-ro-10-mai-2022\/\" \/>\n<meta property=\"og:site_name\" content=\"Abesata\" \/>\n<meta property=\"article:publisher\" content=\"https:\/\/www.facebook.com\/abesata.org\/\" \/>\n<meta property=\"article:modified_time\" content=\"2022-05-26T18:01:41+00:00\" \/>\n<meta property=\"og:image\" content=\"https:\/\/www.abesata.org\/br\/wp-content\/uploads\/2022\/05\/AIOD7698.jpg\" \/>\n\t<meta property=\"og:image:width\" content=\"1280\" \/>\n\t<meta property=\"og:image:height\" content=\"853\" \/>\n\t<meta property=\"og:image:type\" content=\"image\/jpeg\" \/>\n<meta name=\"twitter:card\" content=\"summary_large_image\" \/>\n<script type=\"application\/ld+json\" class=\"yoast-schema-graph\">{\"@context\":\"https:\/\/schema.org\",\"@graph\":[{\"@type\":\"WebPage\",\"@id\":\"https:\/\/www.abesata.org\/br\/debate-sobre-judicializacao-do-transporte-aereo-na-escola-de-magistratura-de-rondonia-porto-velho-ro-10-mai-2022\/\",\"url\":\"https:\/\/www.abesata.org\/br\/debate-sobre-judicializacao-do-transporte-aereo-na-escola-de-magistratura-de-rondonia-porto-velho-ro-10-mai-2022\/\",\"name\":\"Debate sobre judicializa\u00e7\u00e3o do transporte a\u00e9reo na Escola de Magistratura de Rond\u00f4nia \u2013 Porto Velho RO \u2013 10 mai.2022 - Abesata\",\"isPartOf\":{\"@id\":\"https:\/\/www.abesata.org\/br\/#website\"},\"primaryImageOfPage\":{\"@id\":\"https:\/\/www.abesata.org\/br\/debate-sobre-judicializacao-do-transporte-aereo-na-escola-de-magistratura-de-rondonia-porto-velho-ro-10-mai-2022\/#primaryimage\"},\"image\":{\"@id\":\"https:\/\/www.abesata.org\/br\/debate-sobre-judicializacao-do-transporte-aereo-na-escola-de-magistratura-de-rondonia-porto-velho-ro-10-mai-2022\/#primaryimage\"},\"thumbnailUrl\":\"https:\/\/www.abesata.org\/br\/wp-content\/uploads\/2022\/05\/AIOD7698-1024x682.jpg\",\"datePublished\":\"2022-05-26T18:01:39+00:00\",\"dateModified\":\"2022-05-26T18:01:41+00:00\",\"breadcrumb\":{\"@id\":\"https:\/\/www.abesata.org\/br\/debate-sobre-judicializacao-do-transporte-aereo-na-escola-de-magistratura-de-rondonia-porto-velho-ro-10-mai-2022\/#breadcrumb\"},\"inLanguage\":\"pt-BR\",\"potentialAction\":[{\"@type\":\"ReadAction\",\"target\":[\"https:\/\/www.abesata.org\/br\/debate-sobre-judicializacao-do-transporte-aereo-na-escola-de-magistratura-de-rondonia-porto-velho-ro-10-mai-2022\/\"]}]},{\"@type\":\"ImageObject\",\"inLanguage\":\"pt-BR\",\"@id\":\"https:\/\/www.abesata.org\/br\/debate-sobre-judicializacao-do-transporte-aereo-na-escola-de-magistratura-de-rondonia-porto-velho-ro-10-mai-2022\/#primaryimage\",\"url\":\"https:\/\/www.abesata.org\/br\/wp-content\/uploads\/2022\/05\/AIOD7698.jpg\",\"contentUrl\":\"https:\/\/www.abesata.org\/br\/wp-content\/uploads\/2022\/05\/AIOD7698.jpg\",\"width\":1280,\"height\":853},{\"@type\":\"BreadcrumbList\",\"@id\":\"https:\/\/www.abesata.org\/br\/debate-sobre-judicializacao-do-transporte-aereo-na-escola-de-magistratura-de-rondonia-porto-velho-ro-10-mai-2022\/#breadcrumb\",\"itemListElement\":[{\"@type\":\"ListItem\",\"position\":1,\"name\":\"In\u00edcio\",\"item\":\"https:\/\/www.abesata.org\/br\/\"},{\"@type\":\"ListItem\",\"position\":2,\"name\":\"Debate sobre judicializa\u00e7\u00e3o do transporte a\u00e9reo na Escola de Magistratura de Rond\u00f4nia \u2013 Porto Velho RO \u2013 10 mai.2022\"}]},{\"@type\":\"WebSite\",\"@id\":\"https:\/\/www.abesata.org\/br\/#website\",\"url\":\"https:\/\/www.abesata.org\/br\/\",\"name\":\"Abesata\",\"description\":\"Associa\u00e7\u00e3o Brasileira das Empresas de Servi\u00e7os Auxiliares de Transporte A\u00e9reo\",\"publisher\":{\"@id\":\"https:\/\/www.abesata.org\/br\/#organization\"},\"potentialAction\":[{\"@type\":\"SearchAction\",\"target\":{\"@type\":\"EntryPoint\",\"urlTemplate\":\"https:\/\/www.abesata.org\/br\/?s={search_term_string}\"},\"query-input\":{\"@type\":\"PropertyValueSpecification\",\"valueRequired\":true,\"valueName\":\"search_term_string\"}}],\"inLanguage\":\"pt-BR\"},{\"@type\":\"Organization\",\"@id\":\"https:\/\/www.abesata.org\/br\/#organization\",\"name\":\"Associa\u00e7\u00e3o Brasileira das Empresas de Servi\u00e7os Auxiliares de Transporte A\u00e9reo\",\"alternateName\":\"Abesata\",\"url\":\"https:\/\/www.abesata.org\/br\/\",\"logo\":{\"@type\":\"ImageObject\",\"inLanguage\":\"pt-BR\",\"@id\":\"https:\/\/www.abesata.org\/br\/#\/schema\/logo\/image\/\",\"url\":\"https:\/\/www.abesata.org\/br\/wp-content\/uploads\/2023\/10\/Abesata.png\",\"contentUrl\":\"https:\/\/www.abesata.org\/br\/wp-content\/uploads\/2023\/10\/Abesata.png\",\"width\":1063,\"height\":591,\"caption\":\"Associa\u00e7\u00e3o Brasileira das Empresas de Servi\u00e7os Auxiliares de Transporte A\u00e9reo\"},\"image\":{\"@id\":\"https:\/\/www.abesata.org\/br\/#\/schema\/logo\/image\/\"},\"sameAs\":[\"https:\/\/www.facebook.com\/abesata.org\/\",\"https:\/\/www.instagram.com\/abesata_gh\/\",\"https:\/\/br.linkedin.com\/company\/abesata\"]}]}<\/script>\n<!-- \/ Yoast SEO plugin. -->","yoast_head_json":{"title":"Debate sobre judicializa\u00e7\u00e3o do transporte a\u00e9reo na Escola de Magistratura de Rond\u00f4nia \u2013 Porto Velho RO \u2013 10 mai.2022 - Abesata","robots":{"index":"index","follow":"follow","max-snippet":"max-snippet:-1","max-image-preview":"max-image-preview:large","max-video-preview":"max-video-preview:-1"},"canonical":"https:\/\/www.abesata.org\/br\/debate-sobre-judicializacao-do-transporte-aereo-na-escola-de-magistratura-de-rondonia-porto-velho-ro-10-mai-2022\/","og_locale":"pt_BR","og_type":"article","og_title":"Debate sobre judicializa\u00e7\u00e3o do transporte a\u00e9reo na Escola de Magistratura de Rond\u00f4nia \u2013 Porto Velho RO \u2013 10 mai.2022 - Abesata","og_url":"https:\/\/www.abesata.org\/br\/debate-sobre-judicializacao-do-transporte-aereo-na-escola-de-magistratura-de-rondonia-porto-velho-ro-10-mai-2022\/","og_site_name":"Abesata","article_publisher":"https:\/\/www.facebook.com\/abesata.org\/","article_modified_time":"2022-05-26T18:01:41+00:00","og_image":[{"width":1280,"height":853,"url":"https:\/\/www.abesata.org\/br\/wp-content\/uploads\/2022\/05\/AIOD7698.jpg","type":"image\/jpeg"}],"twitter_card":"summary_large_image","schema":{"@context":"https:\/\/schema.org","@graph":[{"@type":"WebPage","@id":"https:\/\/www.abesata.org\/br\/debate-sobre-judicializacao-do-transporte-aereo-na-escola-de-magistratura-de-rondonia-porto-velho-ro-10-mai-2022\/","url":"https:\/\/www.abesata.org\/br\/debate-sobre-judicializacao-do-transporte-aereo-na-escola-de-magistratura-de-rondonia-porto-velho-ro-10-mai-2022\/","name":"Debate sobre judicializa\u00e7\u00e3o do transporte a\u00e9reo na Escola de Magistratura de Rond\u00f4nia \u2013 Porto Velho RO \u2013 10 mai.2022 - Abesata","isPartOf":{"@id":"https:\/\/www.abesata.org\/br\/#website"},"primaryImageOfPage":{"@id":"https:\/\/www.abesata.org\/br\/debate-sobre-judicializacao-do-transporte-aereo-na-escola-de-magistratura-de-rondonia-porto-velho-ro-10-mai-2022\/#primaryimage"},"image":{"@id":"https:\/\/www.abesata.org\/br\/debate-sobre-judicializacao-do-transporte-aereo-na-escola-de-magistratura-de-rondonia-porto-velho-ro-10-mai-2022\/#primaryimage"},"thumbnailUrl":"https:\/\/www.abesata.org\/br\/wp-content\/uploads\/2022\/05\/AIOD7698-1024x682.jpg","datePublished":"2022-05-26T18:01:39+00:00","dateModified":"2022-05-26T18:01:41+00:00","breadcrumb":{"@id":"https:\/\/www.abesata.org\/br\/debate-sobre-judicializacao-do-transporte-aereo-na-escola-de-magistratura-de-rondonia-porto-velho-ro-10-mai-2022\/#breadcrumb"},"inLanguage":"pt-BR","potentialAction":[{"@type":"ReadAction","target":["https:\/\/www.abesata.org\/br\/debate-sobre-judicializacao-do-transporte-aereo-na-escola-de-magistratura-de-rondonia-porto-velho-ro-10-mai-2022\/"]}]},{"@type":"ImageObject","inLanguage":"pt-BR","@id":"https:\/\/www.abesata.org\/br\/debate-sobre-judicializacao-do-transporte-aereo-na-escola-de-magistratura-de-rondonia-porto-velho-ro-10-mai-2022\/#primaryimage","url":"https:\/\/www.abesata.org\/br\/wp-content\/uploads\/2022\/05\/AIOD7698.jpg","contentUrl":"https:\/\/www.abesata.org\/br\/wp-content\/uploads\/2022\/05\/AIOD7698.jpg","width":1280,"height":853},{"@type":"BreadcrumbList","@id":"https:\/\/www.abesata.org\/br\/debate-sobre-judicializacao-do-transporte-aereo-na-escola-de-magistratura-de-rondonia-porto-velho-ro-10-mai-2022\/#breadcrumb","itemListElement":[{"@type":"ListItem","position":1,"name":"In\u00edcio","item":"https:\/\/www.abesata.org\/br\/"},{"@type":"ListItem","position":2,"name":"Debate sobre judicializa\u00e7\u00e3o do transporte a\u00e9reo na Escola de Magistratura de Rond\u00f4nia \u2013 Porto Velho RO \u2013 10 mai.2022"}]},{"@type":"WebSite","@id":"https:\/\/www.abesata.org\/br\/#website","url":"https:\/\/www.abesata.org\/br\/","name":"Abesata","description":"Associa\u00e7\u00e3o Brasileira das Empresas de Servi\u00e7os Auxiliares de Transporte A\u00e9reo","publisher":{"@id":"https:\/\/www.abesata.org\/br\/#organization"},"potentialAction":[{"@type":"SearchAction","target":{"@type":"EntryPoint","urlTemplate":"https:\/\/www.abesata.org\/br\/?s={search_term_string}"},"query-input":{"@type":"PropertyValueSpecification","valueRequired":true,"valueName":"search_term_string"}}],"inLanguage":"pt-BR"},{"@type":"Organization","@id":"https:\/\/www.abesata.org\/br\/#organization","name":"Associa\u00e7\u00e3o Brasileira das Empresas de Servi\u00e7os Auxiliares de Transporte A\u00e9reo","alternateName":"Abesata","url":"https:\/\/www.abesata.org\/br\/","logo":{"@type":"ImageObject","inLanguage":"pt-BR","@id":"https:\/\/www.abesata.org\/br\/#\/schema\/logo\/image\/","url":"https:\/\/www.abesata.org\/br\/wp-content\/uploads\/2023\/10\/Abesata.png","contentUrl":"https:\/\/www.abesata.org\/br\/wp-content\/uploads\/2023\/10\/Abesata.png","width":1063,"height":591,"caption":"Associa\u00e7\u00e3o Brasileira das Empresas de Servi\u00e7os Auxiliares de Transporte A\u00e9reo"},"image":{"@id":"https:\/\/www.abesata.org\/br\/#\/schema\/logo\/image\/"},"sameAs":["https:\/\/www.facebook.com\/abesata.org\/","https:\/\/www.instagram.com\/abesata_gh\/","https:\/\/br.linkedin.com\/company\/abesata"]}]}},"_links":{"self":[{"href":"https:\/\/www.abesata.org\/br\/wp-json\/wp\/v2\/pages\/14956","targetHints":{"allow":["GET"]}}],"collection":[{"href":"https:\/\/www.abesata.org\/br\/wp-json\/wp\/v2\/pages"}],"about":[{"href":"https:\/\/www.abesata.org\/br\/wp-json\/wp\/v2\/types\/page"}],"author":[{"embeddable":true,"href":"https:\/\/www.abesata.org\/br\/wp-json\/wp\/v2\/users\/135"}],"replies":[{"embeddable":true,"href":"https:\/\/www.abesata.org\/br\/wp-json\/wp\/v2\/comments?post=14956"}],"version-history":[{"count":0,"href":"https:\/\/www.abesata.org\/br\/wp-json\/wp\/v2\/pages\/14956\/revisions"}],"wp:attachment":[{"href":"https:\/\/www.abesata.org\/br\/wp-json\/wp\/v2\/media?parent=14956"}],"curies":[{"name":"wp","href":"https:\/\/api.w.org\/{rel}","templated":true}]}}