{"id":15466,"date":"2022-10-17T18:58:18","date_gmt":"2022-10-17T18:58:18","guid":{"rendered":"http:\/\/www.abesata.org\/br\/?page_id=15466"},"modified":"2022-10-19T16:29:01","modified_gmt":"2022-10-19T16:29:01","slug":"alta-agm-airline-leaders-forum-buenos-aires-argentina-2022-10-16","status":"publish","type":"page","link":"https:\/\/www.abesata.org\/br\/alta-agm-airline-leaders-forum-buenos-aires-argentina-2022-10-16\/","title":{"rendered":"ALTA AGM &#038; Airline Leaders Forum &#8211; Buenos Aires &#8211; Argentina 16 e 17 out.2022"},"content":{"rendered":"\n<figure class=\"wp-block-image size-large\"><img fetchpriority=\"high\" decoding=\"async\" width=\"1024\" height=\"768\" src=\"https:\/\/www.abesata.org\/br\/wp-content\/uploads\/2022\/10\/WhatsApp-Image-2022-10-17-at-10.28.13-2.jpeg\" alt=\"\" class=\"wp-image-15468\" srcset=\"https:\/\/www.abesata.org\/br\/wp-content\/uploads\/2022\/10\/WhatsApp-Image-2022-10-17-at-10.28.13-2.jpeg 1024w, https:\/\/www.abesata.org\/br\/wp-content\/uploads\/2022\/10\/WhatsApp-Image-2022-10-17-at-10.28.13-2-300x225.jpeg 300w, https:\/\/www.abesata.org\/br\/wp-content\/uploads\/2022\/10\/WhatsApp-Image-2022-10-17-at-10.28.13-2-768x576.jpeg 768w, https:\/\/www.abesata.org\/br\/wp-content\/uploads\/2022\/10\/WhatsApp-Image-2022-10-17-at-10.28.13-2-200x150.jpeg 200w, https:\/\/www.abesata.org\/br\/wp-content\/uploads\/2022\/10\/WhatsApp-Image-2022-10-17-at-10.28.13-2-150x113.jpeg 150w\" sizes=\"(max-width: 1024px) 100vw, 1024px\" \/><\/figure>\n\n\n\n<figure class=\"wp-block-image size-large\"><img decoding=\"async\" width=\"1024\" height=\"768\" src=\"https:\/\/www.abesata.org\/br\/wp-content\/uploads\/2022\/10\/WhatsApp-Image-2022-10-18-at-14.07.17-1.jpeg\" alt=\"\" class=\"wp-image-15482\" srcset=\"https:\/\/www.abesata.org\/br\/wp-content\/uploads\/2022\/10\/WhatsApp-Image-2022-10-18-at-14.07.17-1.jpeg 1024w, https:\/\/www.abesata.org\/br\/wp-content\/uploads\/2022\/10\/WhatsApp-Image-2022-10-18-at-14.07.17-1-300x225.jpeg 300w, https:\/\/www.abesata.org\/br\/wp-content\/uploads\/2022\/10\/WhatsApp-Image-2022-10-18-at-14.07.17-1-768x576.jpeg 768w, https:\/\/www.abesata.org\/br\/wp-content\/uploads\/2022\/10\/WhatsApp-Image-2022-10-18-at-14.07.17-1-200x150.jpeg 200w, https:\/\/www.abesata.org\/br\/wp-content\/uploads\/2022\/10\/WhatsApp-Image-2022-10-18-at-14.07.17-1-150x113.jpeg 150w\" sizes=\"(max-width: 1024px) 100vw, 1024px\" \/><\/figure>\n\n\n\n<figure class=\"wp-block-image size-large\"><img decoding=\"async\" width=\"1024\" height=\"768\" src=\"https:\/\/www.abesata.org\/br\/wp-content\/uploads\/2022\/10\/WhatsApp-Image-2022-10-17-at-10.28.13.jpeg\" alt=\"\" class=\"wp-image-15467\" srcset=\"https:\/\/www.abesata.org\/br\/wp-content\/uploads\/2022\/10\/WhatsApp-Image-2022-10-17-at-10.28.13.jpeg 1024w, https:\/\/www.abesata.org\/br\/wp-content\/uploads\/2022\/10\/WhatsApp-Image-2022-10-17-at-10.28.13-300x225.jpeg 300w, https:\/\/www.abesata.org\/br\/wp-content\/uploads\/2022\/10\/WhatsApp-Image-2022-10-17-at-10.28.13-768x576.jpeg 768w, https:\/\/www.abesata.org\/br\/wp-content\/uploads\/2022\/10\/WhatsApp-Image-2022-10-17-at-10.28.13-200x150.jpeg 200w, https:\/\/www.abesata.org\/br\/wp-content\/uploads\/2022\/10\/WhatsApp-Image-2022-10-17-at-10.28.13-150x113.jpeg 150w\" sizes=\"(max-width: 1024px) 100vw, 1024px\" \/><\/figure>\n\n\n\n<figure class=\"wp-block-image size-large\"><img loading=\"lazy\" decoding=\"async\" width=\"1024\" height=\"768\" src=\"https:\/\/www.abesata.org\/br\/wp-content\/uploads\/2022\/10\/WhatsApp-Image-2022-10-18-at-14.07.23.jpeg\" alt=\"\" class=\"wp-image-15483\" srcset=\"https:\/\/www.abesata.org\/br\/wp-content\/uploads\/2022\/10\/WhatsApp-Image-2022-10-18-at-14.07.23.jpeg 1024w, https:\/\/www.abesata.org\/br\/wp-content\/uploads\/2022\/10\/WhatsApp-Image-2022-10-18-at-14.07.23-300x225.jpeg 300w, https:\/\/www.abesata.org\/br\/wp-content\/uploads\/2022\/10\/WhatsApp-Image-2022-10-18-at-14.07.23-768x576.jpeg 768w, https:\/\/www.abesata.org\/br\/wp-content\/uploads\/2022\/10\/WhatsApp-Image-2022-10-18-at-14.07.23-200x150.jpeg 200w, https:\/\/www.abesata.org\/br\/wp-content\/uploads\/2022\/10\/WhatsApp-Image-2022-10-18-at-14.07.23-150x113.jpeg 150w\" sizes=\"(max-width: 1024px) 100vw, 1024px\" \/><\/figure>\n\n\n\n<figure class=\"wp-block-image size-large\"><img loading=\"lazy\" decoding=\"async\" width=\"768\" height=\"1024\" src=\"https:\/\/www.abesata.org\/br\/wp-content\/uploads\/2022\/10\/WhatsApp-Image-2022-10-17-at-11.56.35.jpeg\" alt=\"\" class=\"wp-image-15472\" srcset=\"https:\/\/www.abesata.org\/br\/wp-content\/uploads\/2022\/10\/WhatsApp-Image-2022-10-17-at-11.56.35.jpeg 768w, https:\/\/www.abesata.org\/br\/wp-content\/uploads\/2022\/10\/WhatsApp-Image-2022-10-17-at-11.56.35-225x300.jpeg 225w, https:\/\/www.abesata.org\/br\/wp-content\/uploads\/2022\/10\/WhatsApp-Image-2022-10-17-at-11.56.35-113x150.jpeg 113w\" sizes=\"(max-width: 768px) 100vw, 768px\" \/><figcaption>Paola, Tamburelli, presidente da Anac Argentina. Ricardo Miguel , presidente da Abesata.<\/figcaption><\/figure>\n\n\n\n<figure class=\"wp-block-image size-large\"><img loading=\"lazy\" decoding=\"async\" width=\"905\" height=\"1024\" src=\"https:\/\/www.abesata.org\/br\/wp-content\/uploads\/2022\/10\/WhatsApp-Image-2022-10-17-at-10.34.16.jpeg\" alt=\"\" class=\"wp-image-15470\" srcset=\"https:\/\/www.abesata.org\/br\/wp-content\/uploads\/2022\/10\/WhatsApp-Image-2022-10-17-at-10.34.16.jpeg 905w, https:\/\/www.abesata.org\/br\/wp-content\/uploads\/2022\/10\/WhatsApp-Image-2022-10-17-at-10.34.16-265x300.jpeg 265w, https:\/\/www.abesata.org\/br\/wp-content\/uploads\/2022\/10\/WhatsApp-Image-2022-10-17-at-10.34.16-768x869.jpeg 768w, https:\/\/www.abesata.org\/br\/wp-content\/uploads\/2022\/10\/WhatsApp-Image-2022-10-17-at-10.34.16-133x150.jpeg 133w\" sizes=\"(max-width: 905px) 100vw, 905px\" \/><figcaption>Secret\u00e1rio geral da ICAO Juan Carlos Salazar<\/figcaption><\/figure>\n\n\n\n<figure class=\"wp-block-image size-large\"><img loading=\"lazy\" decoding=\"async\" width=\"1024\" height=\"653\" src=\"https:\/\/www.abesata.org\/br\/wp-content\/uploads\/2022\/10\/WhatsApp-Image-2022-10-17-at-10.28.13-4.jpeg\" alt=\"\" class=\"wp-image-15469\" srcset=\"https:\/\/www.abesata.org\/br\/wp-content\/uploads\/2022\/10\/WhatsApp-Image-2022-10-17-at-10.28.13-4.jpeg 1024w, https:\/\/www.abesata.org\/br\/wp-content\/uploads\/2022\/10\/WhatsApp-Image-2022-10-17-at-10.28.13-4-300x191.jpeg 300w, https:\/\/www.abesata.org\/br\/wp-content\/uploads\/2022\/10\/WhatsApp-Image-2022-10-17-at-10.28.13-4-768x490.jpeg 768w, https:\/\/www.abesata.org\/br\/wp-content\/uploads\/2022\/10\/WhatsApp-Image-2022-10-17-at-10.28.13-4-235x150.jpeg 235w, https:\/\/www.abesata.org\/br\/wp-content\/uploads\/2022\/10\/WhatsApp-Image-2022-10-17-at-10.28.13-4-150x96.jpeg 150w\" sizes=\"(max-width: 1024px) 100vw, 1024px\" \/><\/figure>\n\n\n\n<figure class=\"wp-block-image size-large\"><img loading=\"lazy\" decoding=\"async\" width=\"1024\" height=\"665\" src=\"https:\/\/www.abesata.org\/br\/wp-content\/uploads\/2022\/10\/WhatsApp-Image-2022-10-18-at-14.07.23-1.jpeg\" alt=\"\" class=\"wp-image-15484\" srcset=\"https:\/\/www.abesata.org\/br\/wp-content\/uploads\/2022\/10\/WhatsApp-Image-2022-10-18-at-14.07.23-1.jpeg 1024w, https:\/\/www.abesata.org\/br\/wp-content\/uploads\/2022\/10\/WhatsApp-Image-2022-10-18-at-14.07.23-1-300x195.jpeg 300w, https:\/\/www.abesata.org\/br\/wp-content\/uploads\/2022\/10\/WhatsApp-Image-2022-10-18-at-14.07.23-1-768x499.jpeg 768w, https:\/\/www.abesata.org\/br\/wp-content\/uploads\/2022\/10\/WhatsApp-Image-2022-10-18-at-14.07.23-1-231x150.jpeg 231w, https:\/\/www.abesata.org\/br\/wp-content\/uploads\/2022\/10\/WhatsApp-Image-2022-10-18-at-14.07.23-1-150x97.jpeg 150w\" sizes=\"(max-width: 1024px) 100vw, 1024px\" \/><\/figure>\n\n\n\n<figure class=\"wp-block-image size-large\"><img loading=\"lazy\" decoding=\"async\" width=\"1024\" height=\"768\" src=\"https:\/\/www.abesata.org\/br\/wp-content\/uploads\/2022\/10\/WhatsApp-Image-2022-10-17-at-11.41.50.jpeg\" alt=\"\" class=\"wp-image-15471\" srcset=\"https:\/\/www.abesata.org\/br\/wp-content\/uploads\/2022\/10\/WhatsApp-Image-2022-10-17-at-11.41.50.jpeg 1024w, https:\/\/www.abesata.org\/br\/wp-content\/uploads\/2022\/10\/WhatsApp-Image-2022-10-17-at-11.41.50-300x225.jpeg 300w, https:\/\/www.abesata.org\/br\/wp-content\/uploads\/2022\/10\/WhatsApp-Image-2022-10-17-at-11.41.50-768x576.jpeg 768w, https:\/\/www.abesata.org\/br\/wp-content\/uploads\/2022\/10\/WhatsApp-Image-2022-10-17-at-11.41.50-200x150.jpeg 200w, https:\/\/www.abesata.org\/br\/wp-content\/uploads\/2022\/10\/WhatsApp-Image-2022-10-17-at-11.41.50-150x113.jpeg 150w\" sizes=\"(max-width: 1024px) 100vw, 1024px\" \/><\/figure>\n\n\n\n<figure class=\"wp-block-image size-large\"><img loading=\"lazy\" decoding=\"async\" width=\"1024\" height=\"768\" src=\"https:\/\/www.abesata.org\/br\/wp-content\/uploads\/2022\/10\/WhatsApp-Image-2022-10-17-at-11.40.05.jpeg\" alt=\"\" class=\"wp-image-15473\" srcset=\"https:\/\/www.abesata.org\/br\/wp-content\/uploads\/2022\/10\/WhatsApp-Image-2022-10-17-at-11.40.05.jpeg 1024w, https:\/\/www.abesata.org\/br\/wp-content\/uploads\/2022\/10\/WhatsApp-Image-2022-10-17-at-11.40.05-300x225.jpeg 300w, https:\/\/www.abesata.org\/br\/wp-content\/uploads\/2022\/10\/WhatsApp-Image-2022-10-17-at-11.40.05-768x576.jpeg 768w, https:\/\/www.abesata.org\/br\/wp-content\/uploads\/2022\/10\/WhatsApp-Image-2022-10-17-at-11.40.05-200x150.jpeg 200w, https:\/\/www.abesata.org\/br\/wp-content\/uploads\/2022\/10\/WhatsApp-Image-2022-10-17-at-11.40.05-150x113.jpeg 150w\" sizes=\"(max-width: 1024px) 100vw, 1024px\" \/><figcaption>Presidente da Anac e o Chefe do Decea, as 2 autoridades de avia\u00e7\u00e3o no Brasil<\/figcaption><\/figure>\n\n\n\n<figure class=\"wp-block-image size-large\"><img loading=\"lazy\" decoding=\"async\" width=\"1024\" height=\"768\" src=\"https:\/\/www.abesata.org\/br\/wp-content\/uploads\/2022\/10\/WhatsApp-Image-2022-10-17-at-10.28.13-3.jpeg\" alt=\"\" class=\"wp-image-15474\" srcset=\"https:\/\/www.abesata.org\/br\/wp-content\/uploads\/2022\/10\/WhatsApp-Image-2022-10-17-at-10.28.13-3.jpeg 1024w, https:\/\/www.abesata.org\/br\/wp-content\/uploads\/2022\/10\/WhatsApp-Image-2022-10-17-at-10.28.13-3-300x225.jpeg 300w, https:\/\/www.abesata.org\/br\/wp-content\/uploads\/2022\/10\/WhatsApp-Image-2022-10-17-at-10.28.13-3-768x576.jpeg 768w, https:\/\/www.abesata.org\/br\/wp-content\/uploads\/2022\/10\/WhatsApp-Image-2022-10-17-at-10.28.13-3-200x150.jpeg 200w, https:\/\/www.abesata.org\/br\/wp-content\/uploads\/2022\/10\/WhatsApp-Image-2022-10-17-at-10.28.13-3-150x113.jpeg 150w\" sizes=\"(max-width: 1024px) 100vw, 1024px\" \/><\/figure>\n\n\n\n<figure class=\"wp-block-image size-large\"><img loading=\"lazy\" decoding=\"async\" width=\"768\" height=\"1024\" src=\"https:\/\/www.abesata.org\/br\/wp-content\/uploads\/2022\/10\/WhatsApp-Image-2022-10-17-at-10.28.13-1.jpeg\" alt=\"\" class=\"wp-image-15475\" srcset=\"https:\/\/www.abesata.org\/br\/wp-content\/uploads\/2022\/10\/WhatsApp-Image-2022-10-17-at-10.28.13-1.jpeg 768w, https:\/\/www.abesata.org\/br\/wp-content\/uploads\/2022\/10\/WhatsApp-Image-2022-10-17-at-10.28.13-1-225x300.jpeg 225w, https:\/\/www.abesata.org\/br\/wp-content\/uploads\/2022\/10\/WhatsApp-Image-2022-10-17-at-10.28.13-1-113x150.jpeg 113w\" sizes=\"(max-width: 768px) 100vw, 768px\" \/><\/figure>\n","protected":false},"excerpt":{"rendered":"","protected":false},"author":135,"featured_media":0,"parent":0,"menu_order":0,"comment_status":"closed","ping_status":"closed","template":"","meta":{"footnotes":""},"class_list":["post-15466","page","type-page","status-publish","hentry"],"yoast_head":"<!-- This site is optimized with the Yoast SEO plugin v26.5 - https:\/\/yoast.com\/wordpress\/plugins\/seo\/ -->\n<title>ALTA AGM &amp; Airline Leaders Forum - Buenos Aires - Argentina 16 e 17 out.2022 - Abesata<\/title>\n<meta name=\"robots\" content=\"index, follow, max-snippet:-1, max-image-preview:large, max-video-preview:-1\" \/>\n<link rel=\"canonical\" href=\"https:\/\/www.abesata.org\/br\/alta-agm-airline-leaders-forum-buenos-aires-argentina-2022-10-16\/\" \/>\n<meta property=\"og:locale\" content=\"pt_BR\" \/>\n<meta property=\"og:type\" content=\"article\" \/>\n<meta property=\"og:title\" content=\"ALTA AGM &amp; Airline Leaders Forum - Buenos Aires - Argentina 16 e 17 out.2022 - Abesata\" \/>\n<meta property=\"og:url\" content=\"https:\/\/www.abesata.org\/br\/alta-agm-airline-leaders-forum-buenos-aires-argentina-2022-10-16\/\" \/>\n<meta property=\"og:site_name\" content=\"Abesata\" \/>\n<meta property=\"article:publisher\" content=\"https:\/\/www.facebook.com\/abesata.org\/\" \/>\n<meta property=\"article:modified_time\" content=\"2022-10-19T16:29:01+00:00\" \/>\n<meta property=\"og:image\" content=\"https:\/\/www.abesata.org\/br\/wp-content\/uploads\/2022\/10\/WhatsApp-Image-2022-10-17-at-10.28.13-2.jpeg\" \/>\n\t<meta property=\"og:image:width\" content=\"1024\" \/>\n\t<meta property=\"og:image:height\" content=\"768\" \/>\n\t<meta property=\"og:image:type\" content=\"image\/jpeg\" \/>\n<meta name=\"twitter:card\" content=\"summary_large_image\" \/>\n<script type=\"application\/ld+json\" class=\"yoast-schema-graph\">{\"@context\":\"https:\/\/schema.org\",\"@graph\":[{\"@type\":\"WebPage\",\"@id\":\"https:\/\/www.abesata.org\/br\/alta-agm-airline-leaders-forum-buenos-aires-argentina-2022-10-16\/\",\"url\":\"https:\/\/www.abesata.org\/br\/alta-agm-airline-leaders-forum-buenos-aires-argentina-2022-10-16\/\",\"name\":\"ALTA AGM & Airline Leaders Forum - Buenos Aires - Argentina 16 e 17 out.2022 - Abesata\",\"isPartOf\":{\"@id\":\"https:\/\/www.abesata.org\/br\/#website\"},\"primaryImageOfPage\":{\"@id\":\"https:\/\/www.abesata.org\/br\/alta-agm-airline-leaders-forum-buenos-aires-argentina-2022-10-16\/#primaryimage\"},\"image\":{\"@id\":\"https:\/\/www.abesata.org\/br\/alta-agm-airline-leaders-forum-buenos-aires-argentina-2022-10-16\/#primaryimage\"},\"thumbnailUrl\":\"https:\/\/www.abesata.org\/br\/wp-content\/uploads\/2022\/10\/WhatsApp-Image-2022-10-17-at-10.28.13-2.jpeg\",\"datePublished\":\"2022-10-17T18:58:18+00:00\",\"dateModified\":\"2022-10-19T16:29:01+00:00\",\"breadcrumb\":{\"@id\":\"https:\/\/www.abesata.org\/br\/alta-agm-airline-leaders-forum-buenos-aires-argentina-2022-10-16\/#breadcrumb\"},\"inLanguage\":\"pt-BR\",\"potentialAction\":[{\"@type\":\"ReadAction\",\"target\":[\"https:\/\/www.abesata.org\/br\/alta-agm-airline-leaders-forum-buenos-aires-argentina-2022-10-16\/\"]}]},{\"@type\":\"ImageObject\",\"inLanguage\":\"pt-BR\",\"@id\":\"https:\/\/www.abesata.org\/br\/alta-agm-airline-leaders-forum-buenos-aires-argentina-2022-10-16\/#primaryimage\",\"url\":\"https:\/\/www.abesata.org\/br\/wp-content\/uploads\/2022\/10\/WhatsApp-Image-2022-10-17-at-10.28.13-2.jpeg\",\"contentUrl\":\"https:\/\/www.abesata.org\/br\/wp-content\/uploads\/2022\/10\/WhatsApp-Image-2022-10-17-at-10.28.13-2.jpeg\",\"width\":1024,\"height\":768},{\"@type\":\"BreadcrumbList\",\"@id\":\"https:\/\/www.abesata.org\/br\/alta-agm-airline-leaders-forum-buenos-aires-argentina-2022-10-16\/#breadcrumb\",\"itemListElement\":[{\"@type\":\"ListItem\",\"position\":1,\"name\":\"In\u00edcio\",\"item\":\"https:\/\/www.abesata.org\/br\/\"},{\"@type\":\"ListItem\",\"position\":2,\"name\":\"ALTA AGM &#038; Airline Leaders Forum &#8211; Buenos Aires &#8211; Argentina 16 e 17 out.2022\"}]},{\"@type\":\"WebSite\",\"@id\":\"https:\/\/www.abesata.org\/br\/#website\",\"url\":\"https:\/\/www.abesata.org\/br\/\",\"name\":\"Abesata\",\"description\":\"Associa\u00e7\u00e3o Brasileira das Empresas de Servi\u00e7os Auxiliares de Transporte A\u00e9reo\",\"publisher\":{\"@id\":\"https:\/\/www.abesata.org\/br\/#organization\"},\"potentialAction\":[{\"@type\":\"SearchAction\",\"target\":{\"@type\":\"EntryPoint\",\"urlTemplate\":\"https:\/\/www.abesata.org\/br\/?s={search_term_string}\"},\"query-input\":{\"@type\":\"PropertyValueSpecification\",\"valueRequired\":true,\"valueName\":\"search_term_string\"}}],\"inLanguage\":\"pt-BR\"},{\"@type\":\"Organization\",\"@id\":\"https:\/\/www.abesata.org\/br\/#organization\",\"name\":\"Associa\u00e7\u00e3o Brasileira das Empresas de Servi\u00e7os Auxiliares de Transporte A\u00e9reo\",\"alternateName\":\"Abesata\",\"url\":\"https:\/\/www.abesata.org\/br\/\",\"logo\":{\"@type\":\"ImageObject\",\"inLanguage\":\"pt-BR\",\"@id\":\"https:\/\/www.abesata.org\/br\/#\/schema\/logo\/image\/\",\"url\":\"https:\/\/www.abesata.org\/br\/wp-content\/uploads\/2023\/10\/Abesata.png\",\"contentUrl\":\"https:\/\/www.abesata.org\/br\/wp-content\/uploads\/2023\/10\/Abesata.png\",\"width\":1063,\"height\":591,\"caption\":\"Associa\u00e7\u00e3o Brasileira das Empresas de Servi\u00e7os Auxiliares de Transporte A\u00e9reo\"},\"image\":{\"@id\":\"https:\/\/www.abesata.org\/br\/#\/schema\/logo\/image\/\"},\"sameAs\":[\"https:\/\/www.facebook.com\/abesata.org\/\",\"https:\/\/www.instagram.com\/abesata_gh\/\",\"https:\/\/br.linkedin.com\/company\/abesata\"]}]}<\/script>\n<!-- \/ Yoast SEO plugin. -->","yoast_head_json":{"title":"ALTA AGM & Airline Leaders Forum - Buenos Aires - Argentina 16 e 17 out.2022 - Abesata","robots":{"index":"index","follow":"follow","max-snippet":"max-snippet:-1","max-image-preview":"max-image-preview:large","max-video-preview":"max-video-preview:-1"},"canonical":"https:\/\/www.abesata.org\/br\/alta-agm-airline-leaders-forum-buenos-aires-argentina-2022-10-16\/","og_locale":"pt_BR","og_type":"article","og_title":"ALTA AGM & Airline Leaders Forum - Buenos Aires - Argentina 16 e 17 out.2022 - Abesata","og_url":"https:\/\/www.abesata.org\/br\/alta-agm-airline-leaders-forum-buenos-aires-argentina-2022-10-16\/","og_site_name":"Abesata","article_publisher":"https:\/\/www.facebook.com\/abesata.org\/","article_modified_time":"2022-10-19T16:29:01+00:00","og_image":[{"width":1024,"height":768,"url":"https:\/\/www.abesata.org\/br\/wp-content\/uploads\/2022\/10\/WhatsApp-Image-2022-10-17-at-10.28.13-2.jpeg","type":"image\/jpeg"}],"twitter_card":"summary_large_image","schema":{"@context":"https:\/\/schema.org","@graph":[{"@type":"WebPage","@id":"https:\/\/www.abesata.org\/br\/alta-agm-airline-leaders-forum-buenos-aires-argentina-2022-10-16\/","url":"https:\/\/www.abesata.org\/br\/alta-agm-airline-leaders-forum-buenos-aires-argentina-2022-10-16\/","name":"ALTA AGM & Airline Leaders Forum - Buenos Aires - Argentina 16 e 17 out.2022 - Abesata","isPartOf":{"@id":"https:\/\/www.abesata.org\/br\/#website"},"primaryImageOfPage":{"@id":"https:\/\/www.abesata.org\/br\/alta-agm-airline-leaders-forum-buenos-aires-argentina-2022-10-16\/#primaryimage"},"image":{"@id":"https:\/\/www.abesata.org\/br\/alta-agm-airline-leaders-forum-buenos-aires-argentina-2022-10-16\/#primaryimage"},"thumbnailUrl":"https:\/\/www.abesata.org\/br\/wp-content\/uploads\/2022\/10\/WhatsApp-Image-2022-10-17-at-10.28.13-2.jpeg","datePublished":"2022-10-17T18:58:18+00:00","dateModified":"2022-10-19T16:29:01+00:00","breadcrumb":{"@id":"https:\/\/www.abesata.org\/br\/alta-agm-airline-leaders-forum-buenos-aires-argentina-2022-10-16\/#breadcrumb"},"inLanguage":"pt-BR","potentialAction":[{"@type":"ReadAction","target":["https:\/\/www.abesata.org\/br\/alta-agm-airline-leaders-forum-buenos-aires-argentina-2022-10-16\/"]}]},{"@type":"ImageObject","inLanguage":"pt-BR","@id":"https:\/\/www.abesata.org\/br\/alta-agm-airline-leaders-forum-buenos-aires-argentina-2022-10-16\/#primaryimage","url":"https:\/\/www.abesata.org\/br\/wp-content\/uploads\/2022\/10\/WhatsApp-Image-2022-10-17-at-10.28.13-2.jpeg","contentUrl":"https:\/\/www.abesata.org\/br\/wp-content\/uploads\/2022\/10\/WhatsApp-Image-2022-10-17-at-10.28.13-2.jpeg","width":1024,"height":768},{"@type":"BreadcrumbList","@id":"https:\/\/www.abesata.org\/br\/alta-agm-airline-leaders-forum-buenos-aires-argentina-2022-10-16\/#breadcrumb","itemListElement":[{"@type":"ListItem","position":1,"name":"In\u00edcio","item":"https:\/\/www.abesata.org\/br\/"},{"@type":"ListItem","position":2,"name":"ALTA AGM &#038; Airline Leaders Forum &#8211; Buenos Aires &#8211; Argentina 16 e 17 out.2022"}]},{"@type":"WebSite","@id":"https:\/\/www.abesata.org\/br\/#website","url":"https:\/\/www.abesata.org\/br\/","name":"Abesata","description":"Associa\u00e7\u00e3o Brasileira das Empresas de Servi\u00e7os Auxiliares de Transporte A\u00e9reo","publisher":{"@id":"https:\/\/www.abesata.org\/br\/#organization"},"potentialAction":[{"@type":"SearchAction","target":{"@type":"EntryPoint","urlTemplate":"https:\/\/www.abesata.org\/br\/?s={search_term_string}"},"query-input":{"@type":"PropertyValueSpecification","valueRequired":true,"valueName":"search_term_string"}}],"inLanguage":"pt-BR"},{"@type":"Organization","@id":"https:\/\/www.abesata.org\/br\/#organization","name":"Associa\u00e7\u00e3o Brasileira das Empresas de Servi\u00e7os Auxiliares de Transporte A\u00e9reo","alternateName":"Abesata","url":"https:\/\/www.abesata.org\/br\/","logo":{"@type":"ImageObject","inLanguage":"pt-BR","@id":"https:\/\/www.abesata.org\/br\/#\/schema\/logo\/image\/","url":"https:\/\/www.abesata.org\/br\/wp-content\/uploads\/2023\/10\/Abesata.png","contentUrl":"https:\/\/www.abesata.org\/br\/wp-content\/uploads\/2023\/10\/Abesata.png","width":1063,"height":591,"caption":"Associa\u00e7\u00e3o Brasileira das Empresas de Servi\u00e7os Auxiliares de Transporte A\u00e9reo"},"image":{"@id":"https:\/\/www.abesata.org\/br\/#\/schema\/logo\/image\/"},"sameAs":["https:\/\/www.facebook.com\/abesata.org\/","https:\/\/www.instagram.com\/abesata_gh\/","https:\/\/br.linkedin.com\/company\/abesata"]}]}},"_links":{"self":[{"href":"https:\/\/www.abesata.org\/br\/wp-json\/wp\/v2\/pages\/15466","targetHints":{"allow":["GET"]}}],"collection":[{"href":"https:\/\/www.abesata.org\/br\/wp-json\/wp\/v2\/pages"}],"about":[{"href":"https:\/\/www.abesata.org\/br\/wp-json\/wp\/v2\/types\/page"}],"author":[{"embeddable":true,"href":"https:\/\/www.abesata.org\/br\/wp-json\/wp\/v2\/users\/135"}],"replies":[{"embeddable":true,"href":"https:\/\/www.abesata.org\/br\/wp-json\/wp\/v2\/comments?post=15466"}],"version-history":[{"count":0,"href":"https:\/\/www.abesata.org\/br\/wp-json\/wp\/v2\/pages\/15466\/revisions"}],"wp:attachment":[{"href":"https:\/\/www.abesata.org\/br\/wp-json\/wp\/v2\/media?parent=15466"}],"curies":[{"name":"wp","href":"https:\/\/api.w.org\/{rel}","templated":true}]}}