{"id":15519,"date":"2022-11-11T19:24:54","date_gmt":"2022-11-11T19:24:54","guid":{"rendered":"http:\/\/www.abesata.org\/br\/?page_id=15519"},"modified":"2022-11-11T19:24:56","modified_gmt":"2022-11-11T19:24:56","slug":"aviatrade-2022-aeroporto-de-jundiai-sp-09-e-10-de-nov-2022","status":"publish","type":"page","link":"https:\/\/www.abesata.org\/br\/aviatrade-2022-aeroporto-de-jundiai-sp-09-e-10-de-nov-2022\/","title":{"rendered":"Aviatrade 2022 &#8211; Aeroporto de Jundia\u00ed , SP &#8211; 09 e 10 de Nov. 2022"},"content":{"rendered":"\n<figure class=\"wp-block-gallery columns-1 is-cropped wp-block-gallery-1 is-layout-flex wp-block-gallery-is-layout-flex\"><ul class=\"blocks-gallery-grid\"><li class=\"blocks-gallery-item\"><figure><img fetchpriority=\"high\" decoding=\"async\" width=\"1024\" height=\"768\" src=\"https:\/\/www.abesata.org\/br\/wp-content\/uploads\/2022\/11\/WhatsApp-Image-2022-11-09-at-15.18.51.jpeg\" alt=\"\" data-id=\"15520\" data-full-url=\"https:\/\/www.abesata.org\/br\/wp-content\/uploads\/2022\/11\/WhatsApp-Image-2022-11-09-at-15.18.51.jpeg\" data-link=\"https:\/\/www.abesata.org\/br\/?attachment_id=15520\" class=\"wp-image-15520\" srcset=\"https:\/\/www.abesata.org\/br\/wp-content\/uploads\/2022\/11\/WhatsApp-Image-2022-11-09-at-15.18.51.jpeg 1024w, https:\/\/www.abesata.org\/br\/wp-content\/uploads\/2022\/11\/WhatsApp-Image-2022-11-09-at-15.18.51-300x225.jpeg 300w, https:\/\/www.abesata.org\/br\/wp-content\/uploads\/2022\/11\/WhatsApp-Image-2022-11-09-at-15.18.51-768x576.jpeg 768w, https:\/\/www.abesata.org\/br\/wp-content\/uploads\/2022\/11\/WhatsApp-Image-2022-11-09-at-15.18.51-200x150.jpeg 200w, https:\/\/www.abesata.org\/br\/wp-content\/uploads\/2022\/11\/WhatsApp-Image-2022-11-09-at-15.18.51-150x113.jpeg 150w\" sizes=\"(max-width: 1024px) 100vw, 1024px\" \/><\/figure><\/li><\/ul><\/figure>\n\n\n\n<figure class=\"wp-block-gallery columns-1 is-cropped wp-block-gallery-2 is-layout-flex wp-block-gallery-is-layout-flex\"><ul class=\"blocks-gallery-grid\"><li class=\"blocks-gallery-item\"><figure><img decoding=\"async\" width=\"1024\" height=\"768\" src=\"https:\/\/www.abesata.org\/br\/wp-content\/uploads\/2022\/11\/WhatsApp-Image-2022-11-09-at-15.19.09.jpeg\" alt=\"\" data-id=\"15521\" data-full-url=\"https:\/\/www.abesata.org\/br\/wp-content\/uploads\/2022\/11\/WhatsApp-Image-2022-11-09-at-15.19.09.jpeg\" data-link=\"https:\/\/www.abesata.org\/br\/?attachment_id=15521\" class=\"wp-image-15521\" srcset=\"https:\/\/www.abesata.org\/br\/wp-content\/uploads\/2022\/11\/WhatsApp-Image-2022-11-09-at-15.19.09.jpeg 1024w, https:\/\/www.abesata.org\/br\/wp-content\/uploads\/2022\/11\/WhatsApp-Image-2022-11-09-at-15.19.09-300x225.jpeg 300w, https:\/\/www.abesata.org\/br\/wp-content\/uploads\/2022\/11\/WhatsApp-Image-2022-11-09-at-15.19.09-768x576.jpeg 768w, https:\/\/www.abesata.org\/br\/wp-content\/uploads\/2022\/11\/WhatsApp-Image-2022-11-09-at-15.19.09-200x150.jpeg 200w, https:\/\/www.abesata.org\/br\/wp-content\/uploads\/2022\/11\/WhatsApp-Image-2022-11-09-at-15.19.09-150x113.jpeg 150w\" sizes=\"(max-width: 1024px) 100vw, 1024px\" \/><\/figure><\/li><\/ul><\/figure>\n\n\n\n<figure class=\"wp-block-gallery columns-1 is-cropped wp-block-gallery-3 is-layout-flex wp-block-gallery-is-layout-flex\"><ul class=\"blocks-gallery-grid\"><li class=\"blocks-gallery-item\"><figure><img decoding=\"async\" width=\"1024\" height=\"768\" src=\"https:\/\/www.abesata.org\/br\/wp-content\/uploads\/2022\/11\/WhatsApp-Image-2022-11-09-at-15.18.00.jpeg\" alt=\"\" data-id=\"15522\" data-full-url=\"https:\/\/www.abesata.org\/br\/wp-content\/uploads\/2022\/11\/WhatsApp-Image-2022-11-09-at-15.18.00.jpeg\" data-link=\"https:\/\/www.abesata.org\/br\/?attachment_id=15522\" class=\"wp-image-15522\" srcset=\"https:\/\/www.abesata.org\/br\/wp-content\/uploads\/2022\/11\/WhatsApp-Image-2022-11-09-at-15.18.00.jpeg 1024w, https:\/\/www.abesata.org\/br\/wp-content\/uploads\/2022\/11\/WhatsApp-Image-2022-11-09-at-15.18.00-300x225.jpeg 300w, https:\/\/www.abesata.org\/br\/wp-content\/uploads\/2022\/11\/WhatsApp-Image-2022-11-09-at-15.18.00-768x576.jpeg 768w, https:\/\/www.abesata.org\/br\/wp-content\/uploads\/2022\/11\/WhatsApp-Image-2022-11-09-at-15.18.00-200x150.jpeg 200w, https:\/\/www.abesata.org\/br\/wp-content\/uploads\/2022\/11\/WhatsApp-Image-2022-11-09-at-15.18.00-150x113.jpeg 150w\" sizes=\"(max-width: 1024px) 100vw, 1024px\" \/><\/figure><\/li><\/ul><\/figure>\n\n\n\n<figure class=\"wp-block-gallery columns-1 is-cropped wp-block-gallery-4 is-layout-flex wp-block-gallery-is-layout-flex\"><ul class=\"blocks-gallery-grid\"><li class=\"blocks-gallery-item\"><figure><img loading=\"lazy\" decoding=\"async\" width=\"1024\" height=\"768\" src=\"https:\/\/www.abesata.org\/br\/wp-content\/uploads\/2022\/11\/WhatsApp-Image-2022-11-11-at-16.22.39-1024x768.jpeg\" alt=\"\" data-id=\"15523\" data-full-url=\"https:\/\/www.abesata.org\/br\/wp-content\/uploads\/2022\/11\/WhatsApp-Image-2022-11-11-at-16.22.39.jpeg\" data-link=\"https:\/\/www.abesata.org\/br\/?attachment_id=15523\" class=\"wp-image-15523\" srcset=\"https:\/\/www.abesata.org\/br\/wp-content\/uploads\/2022\/11\/WhatsApp-Image-2022-11-11-at-16.22.39-1024x768.jpeg 1024w, https:\/\/www.abesata.org\/br\/wp-content\/uploads\/2022\/11\/WhatsApp-Image-2022-11-11-at-16.22.39-300x225.jpeg 300w, https:\/\/www.abesata.org\/br\/wp-content\/uploads\/2022\/11\/WhatsApp-Image-2022-11-11-at-16.22.39-768x576.jpeg 768w, https:\/\/www.abesata.org\/br\/wp-content\/uploads\/2022\/11\/WhatsApp-Image-2022-11-11-at-16.22.39-1536x1152.jpeg 1536w, https:\/\/www.abesata.org\/br\/wp-content\/uploads\/2022\/11\/WhatsApp-Image-2022-11-11-at-16.22.39-200x150.jpeg 200w, https:\/\/www.abesata.org\/br\/wp-content\/uploads\/2022\/11\/WhatsApp-Image-2022-11-11-at-16.22.39-150x113.jpeg 150w, https:\/\/www.abesata.org\/br\/wp-content\/uploads\/2022\/11\/WhatsApp-Image-2022-11-11-at-16.22.39.jpeg 1600w\" sizes=\"(max-width: 1024px) 100vw, 1024px\" \/><\/figure><\/li><\/ul><\/figure>\n","protected":false},"excerpt":{"rendered":"","protected":false},"author":135,"featured_media":0,"parent":0,"menu_order":0,"comment_status":"closed","ping_status":"closed","template":"","meta":{"footnotes":""},"class_list":["post-15519","page","type-page","status-publish","hentry"],"yoast_head":"<!-- This site is optimized with the Yoast SEO plugin v26.5 - https:\/\/yoast.com\/wordpress\/plugins\/seo\/ -->\n<title>Aviatrade 2022 - Aeroporto de Jundia\u00ed , SP - 09 e 10 de Nov. 2022 - Abesata<\/title>\n<meta name=\"robots\" content=\"index, follow, max-snippet:-1, max-image-preview:large, max-video-preview:-1\" \/>\n<link rel=\"canonical\" href=\"https:\/\/www.abesata.org\/br\/aviatrade-2022-aeroporto-de-jundiai-sp-09-e-10-de-nov-2022\/\" \/>\n<meta property=\"og:locale\" content=\"pt_BR\" \/>\n<meta property=\"og:type\" content=\"article\" \/>\n<meta property=\"og:title\" content=\"Aviatrade 2022 - Aeroporto de Jundia\u00ed , SP - 09 e 10 de Nov. 2022 - Abesata\" \/>\n<meta property=\"og:url\" content=\"https:\/\/www.abesata.org\/br\/aviatrade-2022-aeroporto-de-jundiai-sp-09-e-10-de-nov-2022\/\" \/>\n<meta property=\"og:site_name\" content=\"Abesata\" \/>\n<meta property=\"article:publisher\" content=\"https:\/\/www.facebook.com\/abesata.org\/\" \/>\n<meta property=\"article:modified_time\" content=\"2022-11-11T19:24:56+00:00\" \/>\n<meta property=\"og:image\" content=\"https:\/\/www.abesata.org\/br\/wp-content\/uploads\/2022\/11\/WhatsApp-Image-2022-11-09-at-15.18.51.jpeg\" \/>\n\t<meta property=\"og:image:width\" content=\"1024\" \/>\n\t<meta property=\"og:image:height\" content=\"768\" \/>\n\t<meta property=\"og:image:type\" content=\"image\/jpeg\" \/>\n<meta name=\"twitter:card\" content=\"summary_large_image\" \/>\n<script type=\"application\/ld+json\" class=\"yoast-schema-graph\">{\"@context\":\"https:\/\/schema.org\",\"@graph\":[{\"@type\":\"WebPage\",\"@id\":\"https:\/\/www.abesata.org\/br\/aviatrade-2022-aeroporto-de-jundiai-sp-09-e-10-de-nov-2022\/\",\"url\":\"https:\/\/www.abesata.org\/br\/aviatrade-2022-aeroporto-de-jundiai-sp-09-e-10-de-nov-2022\/\",\"name\":\"Aviatrade 2022 - Aeroporto de Jundia\u00ed , SP - 09 e 10 de Nov. 2022 - Abesata\",\"isPartOf\":{\"@id\":\"https:\/\/www.abesata.org\/br\/#website\"},\"primaryImageOfPage\":{\"@id\":\"https:\/\/www.abesata.org\/br\/aviatrade-2022-aeroporto-de-jundiai-sp-09-e-10-de-nov-2022\/#primaryimage\"},\"image\":{\"@id\":\"https:\/\/www.abesata.org\/br\/aviatrade-2022-aeroporto-de-jundiai-sp-09-e-10-de-nov-2022\/#primaryimage\"},\"thumbnailUrl\":\"https:\/\/www.abesata.org\/br\/wp-content\/uploads\/2022\/11\/WhatsApp-Image-2022-11-09-at-15.18.51.jpeg\",\"datePublished\":\"2022-11-11T19:24:54+00:00\",\"dateModified\":\"2022-11-11T19:24:56+00:00\",\"breadcrumb\":{\"@id\":\"https:\/\/www.abesata.org\/br\/aviatrade-2022-aeroporto-de-jundiai-sp-09-e-10-de-nov-2022\/#breadcrumb\"},\"inLanguage\":\"pt-BR\",\"potentialAction\":[{\"@type\":\"ReadAction\",\"target\":[\"https:\/\/www.abesata.org\/br\/aviatrade-2022-aeroporto-de-jundiai-sp-09-e-10-de-nov-2022\/\"]}]},{\"@type\":\"ImageObject\",\"inLanguage\":\"pt-BR\",\"@id\":\"https:\/\/www.abesata.org\/br\/aviatrade-2022-aeroporto-de-jundiai-sp-09-e-10-de-nov-2022\/#primaryimage\",\"url\":\"https:\/\/www.abesata.org\/br\/wp-content\/uploads\/2022\/11\/WhatsApp-Image-2022-11-09-at-15.18.51.jpeg\",\"contentUrl\":\"https:\/\/www.abesata.org\/br\/wp-content\/uploads\/2022\/11\/WhatsApp-Image-2022-11-09-at-15.18.51.jpeg\",\"width\":1024,\"height\":768},{\"@type\":\"BreadcrumbList\",\"@id\":\"https:\/\/www.abesata.org\/br\/aviatrade-2022-aeroporto-de-jundiai-sp-09-e-10-de-nov-2022\/#breadcrumb\",\"itemListElement\":[{\"@type\":\"ListItem\",\"position\":1,\"name\":\"In\u00edcio\",\"item\":\"https:\/\/www.abesata.org\/br\/\"},{\"@type\":\"ListItem\",\"position\":2,\"name\":\"Aviatrade 2022 &#8211; Aeroporto de Jundia\u00ed , SP &#8211; 09 e 10 de Nov. 2022\"}]},{\"@type\":\"WebSite\",\"@id\":\"https:\/\/www.abesata.org\/br\/#website\",\"url\":\"https:\/\/www.abesata.org\/br\/\",\"name\":\"Abesata\",\"description\":\"Associa\u00e7\u00e3o Brasileira das Empresas de Servi\u00e7os Auxiliares de Transporte A\u00e9reo\",\"publisher\":{\"@id\":\"https:\/\/www.abesata.org\/br\/#organization\"},\"potentialAction\":[{\"@type\":\"SearchAction\",\"target\":{\"@type\":\"EntryPoint\",\"urlTemplate\":\"https:\/\/www.abesata.org\/br\/?s={search_term_string}\"},\"query-input\":{\"@type\":\"PropertyValueSpecification\",\"valueRequired\":true,\"valueName\":\"search_term_string\"}}],\"inLanguage\":\"pt-BR\"},{\"@type\":\"Organization\",\"@id\":\"https:\/\/www.abesata.org\/br\/#organization\",\"name\":\"Associa\u00e7\u00e3o Brasileira das Empresas de Servi\u00e7os Auxiliares de Transporte A\u00e9reo\",\"alternateName\":\"Abesata\",\"url\":\"https:\/\/www.abesata.org\/br\/\",\"logo\":{\"@type\":\"ImageObject\",\"inLanguage\":\"pt-BR\",\"@id\":\"https:\/\/www.abesata.org\/br\/#\/schema\/logo\/image\/\",\"url\":\"https:\/\/www.abesata.org\/br\/wp-content\/uploads\/2023\/10\/Abesata.png\",\"contentUrl\":\"https:\/\/www.abesata.org\/br\/wp-content\/uploads\/2023\/10\/Abesata.png\",\"width\":1063,\"height\":591,\"caption\":\"Associa\u00e7\u00e3o Brasileira das Empresas de Servi\u00e7os Auxiliares de Transporte A\u00e9reo\"},\"image\":{\"@id\":\"https:\/\/www.abesata.org\/br\/#\/schema\/logo\/image\/\"},\"sameAs\":[\"https:\/\/www.facebook.com\/abesata.org\/\",\"https:\/\/www.instagram.com\/abesata_gh\/\",\"https:\/\/br.linkedin.com\/company\/abesata\"]}]}<\/script>\n<!-- \/ Yoast SEO plugin. -->","yoast_head_json":{"title":"Aviatrade 2022 - Aeroporto de Jundia\u00ed , SP - 09 e 10 de Nov. 2022 - Abesata","robots":{"index":"index","follow":"follow","max-snippet":"max-snippet:-1","max-image-preview":"max-image-preview:large","max-video-preview":"max-video-preview:-1"},"canonical":"https:\/\/www.abesata.org\/br\/aviatrade-2022-aeroporto-de-jundiai-sp-09-e-10-de-nov-2022\/","og_locale":"pt_BR","og_type":"article","og_title":"Aviatrade 2022 - Aeroporto de Jundia\u00ed , SP - 09 e 10 de Nov. 2022 - Abesata","og_url":"https:\/\/www.abesata.org\/br\/aviatrade-2022-aeroporto-de-jundiai-sp-09-e-10-de-nov-2022\/","og_site_name":"Abesata","article_publisher":"https:\/\/www.facebook.com\/abesata.org\/","article_modified_time":"2022-11-11T19:24:56+00:00","og_image":[{"width":1024,"height":768,"url":"https:\/\/www.abesata.org\/br\/wp-content\/uploads\/2022\/11\/WhatsApp-Image-2022-11-09-at-15.18.51.jpeg","type":"image\/jpeg"}],"twitter_card":"summary_large_image","schema":{"@context":"https:\/\/schema.org","@graph":[{"@type":"WebPage","@id":"https:\/\/www.abesata.org\/br\/aviatrade-2022-aeroporto-de-jundiai-sp-09-e-10-de-nov-2022\/","url":"https:\/\/www.abesata.org\/br\/aviatrade-2022-aeroporto-de-jundiai-sp-09-e-10-de-nov-2022\/","name":"Aviatrade 2022 - Aeroporto de Jundia\u00ed , SP - 09 e 10 de Nov. 2022 - Abesata","isPartOf":{"@id":"https:\/\/www.abesata.org\/br\/#website"},"primaryImageOfPage":{"@id":"https:\/\/www.abesata.org\/br\/aviatrade-2022-aeroporto-de-jundiai-sp-09-e-10-de-nov-2022\/#primaryimage"},"image":{"@id":"https:\/\/www.abesata.org\/br\/aviatrade-2022-aeroporto-de-jundiai-sp-09-e-10-de-nov-2022\/#primaryimage"},"thumbnailUrl":"https:\/\/www.abesata.org\/br\/wp-content\/uploads\/2022\/11\/WhatsApp-Image-2022-11-09-at-15.18.51.jpeg","datePublished":"2022-11-11T19:24:54+00:00","dateModified":"2022-11-11T19:24:56+00:00","breadcrumb":{"@id":"https:\/\/www.abesata.org\/br\/aviatrade-2022-aeroporto-de-jundiai-sp-09-e-10-de-nov-2022\/#breadcrumb"},"inLanguage":"pt-BR","potentialAction":[{"@type":"ReadAction","target":["https:\/\/www.abesata.org\/br\/aviatrade-2022-aeroporto-de-jundiai-sp-09-e-10-de-nov-2022\/"]}]},{"@type":"ImageObject","inLanguage":"pt-BR","@id":"https:\/\/www.abesata.org\/br\/aviatrade-2022-aeroporto-de-jundiai-sp-09-e-10-de-nov-2022\/#primaryimage","url":"https:\/\/www.abesata.org\/br\/wp-content\/uploads\/2022\/11\/WhatsApp-Image-2022-11-09-at-15.18.51.jpeg","contentUrl":"https:\/\/www.abesata.org\/br\/wp-content\/uploads\/2022\/11\/WhatsApp-Image-2022-11-09-at-15.18.51.jpeg","width":1024,"height":768},{"@type":"BreadcrumbList","@id":"https:\/\/www.abesata.org\/br\/aviatrade-2022-aeroporto-de-jundiai-sp-09-e-10-de-nov-2022\/#breadcrumb","itemListElement":[{"@type":"ListItem","position":1,"name":"In\u00edcio","item":"https:\/\/www.abesata.org\/br\/"},{"@type":"ListItem","position":2,"name":"Aviatrade 2022 &#8211; Aeroporto de Jundia\u00ed , SP &#8211; 09 e 10 de Nov. 2022"}]},{"@type":"WebSite","@id":"https:\/\/www.abesata.org\/br\/#website","url":"https:\/\/www.abesata.org\/br\/","name":"Abesata","description":"Associa\u00e7\u00e3o Brasileira das Empresas de Servi\u00e7os Auxiliares de Transporte A\u00e9reo","publisher":{"@id":"https:\/\/www.abesata.org\/br\/#organization"},"potentialAction":[{"@type":"SearchAction","target":{"@type":"EntryPoint","urlTemplate":"https:\/\/www.abesata.org\/br\/?s={search_term_string}"},"query-input":{"@type":"PropertyValueSpecification","valueRequired":true,"valueName":"search_term_string"}}],"inLanguage":"pt-BR"},{"@type":"Organization","@id":"https:\/\/www.abesata.org\/br\/#organization","name":"Associa\u00e7\u00e3o Brasileira das Empresas de Servi\u00e7os Auxiliares de Transporte A\u00e9reo","alternateName":"Abesata","url":"https:\/\/www.abesata.org\/br\/","logo":{"@type":"ImageObject","inLanguage":"pt-BR","@id":"https:\/\/www.abesata.org\/br\/#\/schema\/logo\/image\/","url":"https:\/\/www.abesata.org\/br\/wp-content\/uploads\/2023\/10\/Abesata.png","contentUrl":"https:\/\/www.abesata.org\/br\/wp-content\/uploads\/2023\/10\/Abesata.png","width":1063,"height":591,"caption":"Associa\u00e7\u00e3o Brasileira das Empresas de Servi\u00e7os Auxiliares de Transporte A\u00e9reo"},"image":{"@id":"https:\/\/www.abesata.org\/br\/#\/schema\/logo\/image\/"},"sameAs":["https:\/\/www.facebook.com\/abesata.org\/","https:\/\/www.instagram.com\/abesata_gh\/","https:\/\/br.linkedin.com\/company\/abesata"]}]}},"_links":{"self":[{"href":"https:\/\/www.abesata.org\/br\/wp-json\/wp\/v2\/pages\/15519","targetHints":{"allow":["GET"]}}],"collection":[{"href":"https:\/\/www.abesata.org\/br\/wp-json\/wp\/v2\/pages"}],"about":[{"href":"https:\/\/www.abesata.org\/br\/wp-json\/wp\/v2\/types\/page"}],"author":[{"embeddable":true,"href":"https:\/\/www.abesata.org\/br\/wp-json\/wp\/v2\/users\/135"}],"replies":[{"embeddable":true,"href":"https:\/\/www.abesata.org\/br\/wp-json\/wp\/v2\/comments?post=15519"}],"version-history":[{"count":0,"href":"https:\/\/www.abesata.org\/br\/wp-json\/wp\/v2\/pages\/15519\/revisions"}],"wp:attachment":[{"href":"https:\/\/www.abesata.org\/br\/wp-json\/wp\/v2\/media?parent=15519"}],"curies":[{"name":"wp","href":"https:\/\/api.w.org\/{rel}","templated":true}]}}