{"id":17216,"date":"2024-06-13T16:00:54","date_gmt":"2024-06-13T19:00:54","guid":{"rendered":"https:\/\/www.abesata.org\/br\/?page_id=17216"},"modified":"2024-06-18T14:39:33","modified_gmt":"2024-06-18T17:39:33","slug":"catarina-aviation-show-sao-paulo-sp-13-jun-24","status":"publish","type":"page","link":"https:\/\/www.abesata.org\/br\/catarina-aviation-show-sao-paulo-sp-13-jun-24\/","title":{"rendered":"Catarina Aviation Show &#8211; S\u00e3o Paulo &#8211; SP &#8211; 13 jun.24"},"content":{"rendered":"\n<figure class=\"wp-block-gallery has-nested-images columns-default is-cropped wp-block-gallery-1 is-layout-flex wp-block-gallery-is-layout-flex\">\n<figure class=\"wp-block-image size-large\"><img fetchpriority=\"high\" decoding=\"async\" width=\"1024\" height=\"768\" data-id=\"17217\" src=\"https:\/\/www.abesata.org\/br\/wp-content\/uploads\/2024\/06\/Catarina01-1024x768.jpeg\" alt=\"\" class=\"wp-image-17217\" srcset=\"https:\/\/www.abesata.org\/br\/wp-content\/uploads\/2024\/06\/Catarina01-1024x768.jpeg 1024w, https:\/\/www.abesata.org\/br\/wp-content\/uploads\/2024\/06\/Catarina01-300x225.jpeg 300w, https:\/\/www.abesata.org\/br\/wp-content\/uploads\/2024\/06\/Catarina01-768x576.jpeg 768w, https:\/\/www.abesata.org\/br\/wp-content\/uploads\/2024\/06\/Catarina01-1536x1152.jpeg 1536w, https:\/\/www.abesata.org\/br\/wp-content\/uploads\/2024\/06\/Catarina01.jpeg 2048w\" sizes=\"(max-width: 1024px) 100vw, 1024px\" \/><\/figure>\n\n\n\n<figure class=\"wp-block-image size-large\"><img decoding=\"async\" width=\"1024\" height=\"822\" data-id=\"17223\" src=\"https:\/\/www.abesata.org\/br\/wp-content\/uploads\/2024\/06\/Catarina02-1024x822.jpeg\" alt=\"\" class=\"wp-image-17223\" srcset=\"https:\/\/www.abesata.org\/br\/wp-content\/uploads\/2024\/06\/Catarina02-1024x822.jpeg 1024w, https:\/\/www.abesata.org\/br\/wp-content\/uploads\/2024\/06\/Catarina02-300x241.jpeg 300w, https:\/\/www.abesata.org\/br\/wp-content\/uploads\/2024\/06\/Catarina02-768x617.jpeg 768w, https:\/\/www.abesata.org\/br\/wp-content\/uploads\/2024\/06\/Catarina02-1536x1233.jpeg 1536w, https:\/\/www.abesata.org\/br\/wp-content\/uploads\/2024\/06\/Catarina02.jpeg 1978w\" sizes=\"(max-width: 1024px) 100vw, 1024px\" \/><\/figure>\n\n\n\n<figure class=\"wp-block-image size-large\"><img decoding=\"async\" width=\"1024\" height=\"768\" data-id=\"17225\" src=\"https:\/\/www.abesata.org\/br\/wp-content\/uploads\/2024\/06\/Catarina03-1024x768.jpeg\" alt=\"\" class=\"wp-image-17225\" srcset=\"https:\/\/www.abesata.org\/br\/wp-content\/uploads\/2024\/06\/Catarina03-1024x768.jpeg 1024w, https:\/\/www.abesata.org\/br\/wp-content\/uploads\/2024\/06\/Catarina03-300x225.jpeg 300w, https:\/\/www.abesata.org\/br\/wp-content\/uploads\/2024\/06\/Catarina03-768x576.jpeg 768w, https:\/\/www.abesata.org\/br\/wp-content\/uploads\/2024\/06\/Catarina03-1536x1152.jpeg 1536w, https:\/\/www.abesata.org\/br\/wp-content\/uploads\/2024\/06\/Catarina03.jpeg 2048w\" sizes=\"(max-width: 1024px) 100vw, 1024px\" \/><\/figure>\n\n\n\n<figure class=\"wp-block-image size-large\"><img loading=\"lazy\" decoding=\"async\" width=\"1024\" height=\"768\" data-id=\"17219\" src=\"https:\/\/www.abesata.org\/br\/wp-content\/uploads\/2024\/06\/Catarina04-1024x768.jpeg\" alt=\"\" class=\"wp-image-17219\" srcset=\"https:\/\/www.abesata.org\/br\/wp-content\/uploads\/2024\/06\/Catarina04-1024x768.jpeg 1024w, https:\/\/www.abesata.org\/br\/wp-content\/uploads\/2024\/06\/Catarina04-300x225.jpeg 300w, https:\/\/www.abesata.org\/br\/wp-content\/uploads\/2024\/06\/Catarina04-768x576.jpeg 768w, https:\/\/www.abesata.org\/br\/wp-content\/uploads\/2024\/06\/Catarina04-1536x1152.jpeg 1536w, https:\/\/www.abesata.org\/br\/wp-content\/uploads\/2024\/06\/Catarina04.jpeg 2048w\" sizes=\"(max-width: 1024px) 100vw, 1024px\" \/><\/figure>\n\n\n\n<figure class=\"wp-block-image size-large\"><img loading=\"lazy\" decoding=\"async\" width=\"1024\" height=\"768\" data-id=\"17224\" src=\"https:\/\/www.abesata.org\/br\/wp-content\/uploads\/2024\/06\/Catarina05-1024x768.jpeg\" alt=\"\" class=\"wp-image-17224\" srcset=\"https:\/\/www.abesata.org\/br\/wp-content\/uploads\/2024\/06\/Catarina05-1024x768.jpeg 1024w, https:\/\/www.abesata.org\/br\/wp-content\/uploads\/2024\/06\/Catarina05-300x225.jpeg 300w, https:\/\/www.abesata.org\/br\/wp-content\/uploads\/2024\/06\/Catarina05-768x576.jpeg 768w, https:\/\/www.abesata.org\/br\/wp-content\/uploads\/2024\/06\/Catarina05-1536x1152.jpeg 1536w, https:\/\/www.abesata.org\/br\/wp-content\/uploads\/2024\/06\/Catarina05.jpeg 2048w\" sizes=\"(max-width: 1024px) 100vw, 1024px\" \/><\/figure>\n\n\n\n<figure class=\"wp-block-image size-large\"><img loading=\"lazy\" decoding=\"async\" width=\"768\" height=\"1024\" data-id=\"17220\" src=\"https:\/\/www.abesata.org\/br\/wp-content\/uploads\/2024\/06\/Catarina06-768x1024.jpeg\" alt=\"\" class=\"wp-image-17220\" srcset=\"https:\/\/www.abesata.org\/br\/wp-content\/uploads\/2024\/06\/Catarina06-768x1024.jpeg 768w, https:\/\/www.abesata.org\/br\/wp-content\/uploads\/2024\/06\/Catarina06-225x300.jpeg 225w, https:\/\/www.abesata.org\/br\/wp-content\/uploads\/2024\/06\/Catarina06-1152x1536.jpeg 1152w, https:\/\/www.abesata.org\/br\/wp-content\/uploads\/2024\/06\/Catarina06.jpeg 1536w\" sizes=\"(max-width: 768px) 100vw, 768px\" \/><\/figure>\n\n\n\n<figure class=\"wp-block-image size-large\"><img loading=\"lazy\" decoding=\"async\" width=\"768\" height=\"1024\" data-id=\"17221\" src=\"https:\/\/www.abesata.org\/br\/wp-content\/uploads\/2024\/06\/Catarina07-768x1024.jpeg\" alt=\"\" class=\"wp-image-17221\" srcset=\"https:\/\/www.abesata.org\/br\/wp-content\/uploads\/2024\/06\/Catarina07-768x1024.jpeg 768w, https:\/\/www.abesata.org\/br\/wp-content\/uploads\/2024\/06\/Catarina07-225x300.jpeg 225w, https:\/\/www.abesata.org\/br\/wp-content\/uploads\/2024\/06\/Catarina07-1152x1536.jpeg 1152w, https:\/\/www.abesata.org\/br\/wp-content\/uploads\/2024\/06\/Catarina07.jpeg 1536w\" sizes=\"(max-width: 768px) 100vw, 768px\" \/><\/figure>\n\n\n\n<figure class=\"wp-block-image size-large\"><img loading=\"lazy\" decoding=\"async\" width=\"768\" height=\"1024\" data-id=\"17218\" src=\"https:\/\/www.abesata.org\/br\/wp-content\/uploads\/2024\/06\/Catarina08-768x1024.jpeg\" alt=\"\" class=\"wp-image-17218\" srcset=\"https:\/\/www.abesata.org\/br\/wp-content\/uploads\/2024\/06\/Catarina08-768x1024.jpeg 768w, https:\/\/www.abesata.org\/br\/wp-content\/uploads\/2024\/06\/Catarina08-225x300.jpeg 225w, https:\/\/www.abesata.org\/br\/wp-content\/uploads\/2024\/06\/Catarina08-1152x1536.jpeg 1152w, https:\/\/www.abesata.org\/br\/wp-content\/uploads\/2024\/06\/Catarina08.jpeg 1536w\" sizes=\"(max-width: 768px) 100vw, 768px\" \/><\/figure>\n\n\n\n<figure class=\"wp-block-image size-large\"><img loading=\"lazy\" decoding=\"async\" width=\"1024\" height=\"819\" data-id=\"17222\" src=\"https:\/\/www.abesata.org\/br\/wp-content\/uploads\/2024\/06\/Catarina09-1024x819.jpeg\" alt=\"\" class=\"wp-image-17222\" srcset=\"https:\/\/www.abesata.org\/br\/wp-content\/uploads\/2024\/06\/Catarina09-1024x819.jpeg 1024w, https:\/\/www.abesata.org\/br\/wp-content\/uploads\/2024\/06\/Catarina09-300x240.jpeg 300w, https:\/\/www.abesata.org\/br\/wp-content\/uploads\/2024\/06\/Catarina09-768x615.jpeg 768w, https:\/\/www.abesata.org\/br\/wp-content\/uploads\/2024\/06\/Catarina09-1536x1229.jpeg 1536w, https:\/\/www.abesata.org\/br\/wp-content\/uploads\/2024\/06\/Catarina09.jpeg 1982w\" sizes=\"(max-width: 1024px) 100vw, 1024px\" \/><\/figure>\n<\/figure>\n","protected":false},"excerpt":{"rendered":"","protected":false},"author":135,"featured_media":0,"parent":0,"menu_order":0,"comment_status":"closed","ping_status":"closed","template":"","meta":{"footnotes":""},"class_list":["post-17216","page","type-page","status-publish","hentry"],"yoast_head":"<!-- This site is optimized with the Yoast SEO plugin v26.5 - https:\/\/yoast.com\/wordpress\/plugins\/seo\/ -->\n<title>Catarina Aviation Show - S\u00e3o Paulo - SP - 13 jun.24 - Abesata<\/title>\n<meta name=\"robots\" content=\"index, follow, max-snippet:-1, max-image-preview:large, max-video-preview:-1\" \/>\n<link rel=\"canonical\" href=\"https:\/\/www.abesata.org\/br\/catarina-aviation-show-sao-paulo-sp-13-jun-24\/\" \/>\n<meta property=\"og:locale\" content=\"pt_BR\" \/>\n<meta property=\"og:type\" content=\"article\" \/>\n<meta property=\"og:title\" content=\"Catarina Aviation Show - S\u00e3o Paulo - SP - 13 jun.24 - Abesata\" \/>\n<meta property=\"og:url\" content=\"https:\/\/www.abesata.org\/br\/catarina-aviation-show-sao-paulo-sp-13-jun-24\/\" \/>\n<meta property=\"og:site_name\" content=\"Abesata\" \/>\n<meta property=\"article:publisher\" content=\"https:\/\/www.facebook.com\/abesata.org\/\" \/>\n<meta property=\"article:modified_time\" content=\"2024-06-18T17:39:33+00:00\" \/>\n<meta property=\"og:image\" content=\"https:\/\/www.abesata.org\/br\/wp-content\/uploads\/2024\/06\/Catarina01-1024x768.jpeg\" \/>\n<meta name=\"twitter:card\" content=\"summary_large_image\" \/>\n<meta name=\"twitter:label1\" content=\"Est. tempo de leitura\" \/>\n\t<meta name=\"twitter:data1\" content=\"2 minutos\" \/>\n<script type=\"application\/ld+json\" class=\"yoast-schema-graph\">{\"@context\":\"https:\/\/schema.org\",\"@graph\":[{\"@type\":\"WebPage\",\"@id\":\"https:\/\/www.abesata.org\/br\/catarina-aviation-show-sao-paulo-sp-13-jun-24\/\",\"url\":\"https:\/\/www.abesata.org\/br\/catarina-aviation-show-sao-paulo-sp-13-jun-24\/\",\"name\":\"Catarina Aviation Show - S\u00e3o Paulo - SP - 13 jun.24 - Abesata\",\"isPartOf\":{\"@id\":\"https:\/\/www.abesata.org\/br\/#website\"},\"primaryImageOfPage\":{\"@id\":\"https:\/\/www.abesata.org\/br\/catarina-aviation-show-sao-paulo-sp-13-jun-24\/#primaryimage\"},\"image\":{\"@id\":\"https:\/\/www.abesata.org\/br\/catarina-aviation-show-sao-paulo-sp-13-jun-24\/#primaryimage\"},\"thumbnailUrl\":\"https:\/\/www.abesata.org\/br\/wp-content\/uploads\/2024\/06\/Catarina01-1024x768.jpeg\",\"datePublished\":\"2024-06-13T19:00:54+00:00\",\"dateModified\":\"2024-06-18T17:39:33+00:00\",\"breadcrumb\":{\"@id\":\"https:\/\/www.abesata.org\/br\/catarina-aviation-show-sao-paulo-sp-13-jun-24\/#breadcrumb\"},\"inLanguage\":\"pt-BR\",\"potentialAction\":[{\"@type\":\"ReadAction\",\"target\":[\"https:\/\/www.abesata.org\/br\/catarina-aviation-show-sao-paulo-sp-13-jun-24\/\"]}]},{\"@type\":\"ImageObject\",\"inLanguage\":\"pt-BR\",\"@id\":\"https:\/\/www.abesata.org\/br\/catarina-aviation-show-sao-paulo-sp-13-jun-24\/#primaryimage\",\"url\":\"https:\/\/www.abesata.org\/br\/wp-content\/uploads\/2024\/06\/Catarina01.jpeg\",\"contentUrl\":\"https:\/\/www.abesata.org\/br\/wp-content\/uploads\/2024\/06\/Catarina01.jpeg\",\"width\":2048,\"height\":1536},{\"@type\":\"BreadcrumbList\",\"@id\":\"https:\/\/www.abesata.org\/br\/catarina-aviation-show-sao-paulo-sp-13-jun-24\/#breadcrumb\",\"itemListElement\":[{\"@type\":\"ListItem\",\"position\":1,\"name\":\"In\u00edcio\",\"item\":\"https:\/\/www.abesata.org\/br\/\"},{\"@type\":\"ListItem\",\"position\":2,\"name\":\"Catarina Aviation Show &#8211; S\u00e3o Paulo &#8211; SP &#8211; 13 jun.24\"}]},{\"@type\":\"WebSite\",\"@id\":\"https:\/\/www.abesata.org\/br\/#website\",\"url\":\"https:\/\/www.abesata.org\/br\/\",\"name\":\"Abesata\",\"description\":\"Associa\u00e7\u00e3o Brasileira das Empresas de Servi\u00e7os Auxiliares de Transporte A\u00e9reo\",\"publisher\":{\"@id\":\"https:\/\/www.abesata.org\/br\/#organization\"},\"potentialAction\":[{\"@type\":\"SearchAction\",\"target\":{\"@type\":\"EntryPoint\",\"urlTemplate\":\"https:\/\/www.abesata.org\/br\/?s={search_term_string}\"},\"query-input\":{\"@type\":\"PropertyValueSpecification\",\"valueRequired\":true,\"valueName\":\"search_term_string\"}}],\"inLanguage\":\"pt-BR\"},{\"@type\":\"Organization\",\"@id\":\"https:\/\/www.abesata.org\/br\/#organization\",\"name\":\"Associa\u00e7\u00e3o Brasileira das Empresas de Servi\u00e7os Auxiliares de Transporte A\u00e9reo\",\"alternateName\":\"Abesata\",\"url\":\"https:\/\/www.abesata.org\/br\/\",\"logo\":{\"@type\":\"ImageObject\",\"inLanguage\":\"pt-BR\",\"@id\":\"https:\/\/www.abesata.org\/br\/#\/schema\/logo\/image\/\",\"url\":\"https:\/\/www.abesata.org\/br\/wp-content\/uploads\/2023\/10\/Abesata.png\",\"contentUrl\":\"https:\/\/www.abesata.org\/br\/wp-content\/uploads\/2023\/10\/Abesata.png\",\"width\":1063,\"height\":591,\"caption\":\"Associa\u00e7\u00e3o Brasileira das Empresas de Servi\u00e7os Auxiliares de Transporte A\u00e9reo\"},\"image\":{\"@id\":\"https:\/\/www.abesata.org\/br\/#\/schema\/logo\/image\/\"},\"sameAs\":[\"https:\/\/www.facebook.com\/abesata.org\/\",\"https:\/\/www.instagram.com\/abesata_gh\/\",\"https:\/\/br.linkedin.com\/company\/abesata\"]}]}<\/script>\n<!-- \/ Yoast SEO plugin. -->","yoast_head_json":{"title":"Catarina Aviation Show - S\u00e3o Paulo - SP - 13 jun.24 - Abesata","robots":{"index":"index","follow":"follow","max-snippet":"max-snippet:-1","max-image-preview":"max-image-preview:large","max-video-preview":"max-video-preview:-1"},"canonical":"https:\/\/www.abesata.org\/br\/catarina-aviation-show-sao-paulo-sp-13-jun-24\/","og_locale":"pt_BR","og_type":"article","og_title":"Catarina Aviation Show - S\u00e3o Paulo - SP - 13 jun.24 - Abesata","og_url":"https:\/\/www.abesata.org\/br\/catarina-aviation-show-sao-paulo-sp-13-jun-24\/","og_site_name":"Abesata","article_publisher":"https:\/\/www.facebook.com\/abesata.org\/","article_modified_time":"2024-06-18T17:39:33+00:00","og_image":[{"url":"https:\/\/www.abesata.org\/br\/wp-content\/uploads\/2024\/06\/Catarina01-1024x768.jpeg","type":"","width":"","height":""}],"twitter_card":"summary_large_image","twitter_misc":{"Est. tempo de leitura":"2 minutos"},"schema":{"@context":"https:\/\/schema.org","@graph":[{"@type":"WebPage","@id":"https:\/\/www.abesata.org\/br\/catarina-aviation-show-sao-paulo-sp-13-jun-24\/","url":"https:\/\/www.abesata.org\/br\/catarina-aviation-show-sao-paulo-sp-13-jun-24\/","name":"Catarina Aviation Show - S\u00e3o Paulo - SP - 13 jun.24 - Abesata","isPartOf":{"@id":"https:\/\/www.abesata.org\/br\/#website"},"primaryImageOfPage":{"@id":"https:\/\/www.abesata.org\/br\/catarina-aviation-show-sao-paulo-sp-13-jun-24\/#primaryimage"},"image":{"@id":"https:\/\/www.abesata.org\/br\/catarina-aviation-show-sao-paulo-sp-13-jun-24\/#primaryimage"},"thumbnailUrl":"https:\/\/www.abesata.org\/br\/wp-content\/uploads\/2024\/06\/Catarina01-1024x768.jpeg","datePublished":"2024-06-13T19:00:54+00:00","dateModified":"2024-06-18T17:39:33+00:00","breadcrumb":{"@id":"https:\/\/www.abesata.org\/br\/catarina-aviation-show-sao-paulo-sp-13-jun-24\/#breadcrumb"},"inLanguage":"pt-BR","potentialAction":[{"@type":"ReadAction","target":["https:\/\/www.abesata.org\/br\/catarina-aviation-show-sao-paulo-sp-13-jun-24\/"]}]},{"@type":"ImageObject","inLanguage":"pt-BR","@id":"https:\/\/www.abesata.org\/br\/catarina-aviation-show-sao-paulo-sp-13-jun-24\/#primaryimage","url":"https:\/\/www.abesata.org\/br\/wp-content\/uploads\/2024\/06\/Catarina01.jpeg","contentUrl":"https:\/\/www.abesata.org\/br\/wp-content\/uploads\/2024\/06\/Catarina01.jpeg","width":2048,"height":1536},{"@type":"BreadcrumbList","@id":"https:\/\/www.abesata.org\/br\/catarina-aviation-show-sao-paulo-sp-13-jun-24\/#breadcrumb","itemListElement":[{"@type":"ListItem","position":1,"name":"In\u00edcio","item":"https:\/\/www.abesata.org\/br\/"},{"@type":"ListItem","position":2,"name":"Catarina Aviation Show &#8211; S\u00e3o Paulo &#8211; SP &#8211; 13 jun.24"}]},{"@type":"WebSite","@id":"https:\/\/www.abesata.org\/br\/#website","url":"https:\/\/www.abesata.org\/br\/","name":"Abesata","description":"Associa\u00e7\u00e3o Brasileira das Empresas de Servi\u00e7os Auxiliares de Transporte A\u00e9reo","publisher":{"@id":"https:\/\/www.abesata.org\/br\/#organization"},"potentialAction":[{"@type":"SearchAction","target":{"@type":"EntryPoint","urlTemplate":"https:\/\/www.abesata.org\/br\/?s={search_term_string}"},"query-input":{"@type":"PropertyValueSpecification","valueRequired":true,"valueName":"search_term_string"}}],"inLanguage":"pt-BR"},{"@type":"Organization","@id":"https:\/\/www.abesata.org\/br\/#organization","name":"Associa\u00e7\u00e3o Brasileira das Empresas de Servi\u00e7os Auxiliares de Transporte A\u00e9reo","alternateName":"Abesata","url":"https:\/\/www.abesata.org\/br\/","logo":{"@type":"ImageObject","inLanguage":"pt-BR","@id":"https:\/\/www.abesata.org\/br\/#\/schema\/logo\/image\/","url":"https:\/\/www.abesata.org\/br\/wp-content\/uploads\/2023\/10\/Abesata.png","contentUrl":"https:\/\/www.abesata.org\/br\/wp-content\/uploads\/2023\/10\/Abesata.png","width":1063,"height":591,"caption":"Associa\u00e7\u00e3o Brasileira das Empresas de Servi\u00e7os Auxiliares de Transporte A\u00e9reo"},"image":{"@id":"https:\/\/www.abesata.org\/br\/#\/schema\/logo\/image\/"},"sameAs":["https:\/\/www.facebook.com\/abesata.org\/","https:\/\/www.instagram.com\/abesata_gh\/","https:\/\/br.linkedin.com\/company\/abesata"]}]}},"_links":{"self":[{"href":"https:\/\/www.abesata.org\/br\/wp-json\/wp\/v2\/pages\/17216","targetHints":{"allow":["GET"]}}],"collection":[{"href":"https:\/\/www.abesata.org\/br\/wp-json\/wp\/v2\/pages"}],"about":[{"href":"https:\/\/www.abesata.org\/br\/wp-json\/wp\/v2\/types\/page"}],"author":[{"embeddable":true,"href":"https:\/\/www.abesata.org\/br\/wp-json\/wp\/v2\/users\/135"}],"replies":[{"embeddable":true,"href":"https:\/\/www.abesata.org\/br\/wp-json\/wp\/v2\/comments?post=17216"}],"version-history":[{"count":2,"href":"https:\/\/www.abesata.org\/br\/wp-json\/wp\/v2\/pages\/17216\/revisions"}],"predecessor-version":[{"id":17236,"href":"https:\/\/www.abesata.org\/br\/wp-json\/wp\/v2\/pages\/17216\/revisions\/17236"}],"wp:attachment":[{"href":"https:\/\/www.abesata.org\/br\/wp-json\/wp\/v2\/media?parent=17216"}],"curies":[{"name":"wp","href":"https:\/\/api.w.org\/{rel}","templated":true}]}}