{"id":18410,"date":"2025-09-23T19:02:36","date_gmt":"2025-09-23T22:02:36","guid":{"rendered":"https:\/\/www.abesata.org\/br\/?page_id=18410"},"modified":"2025-09-23T19:05:18","modified_gmt":"2025-09-23T22:05:18","slug":"visita-da-anac-a-sede-da-abesata","status":"publish","type":"page","link":"https:\/\/www.abesata.org\/br\/visita-da-anac-a-sede-da-abesata\/","title":{"rendered":"Visita da Anac \u00e0 sede da Abesata"},"content":{"rendered":"\n<figure class=\"wp-block-image size-large\"><img fetchpriority=\"high\" decoding=\"async\" width=\"768\" height=\"1024\" src=\"https:\/\/www.abesata.org\/br\/wp-content\/uploads\/2025\/09\/IMG_8898-768x1024.jpg\" alt=\"\" class=\"wp-image-18411\" srcset=\"https:\/\/www.abesata.org\/br\/wp-content\/uploads\/2025\/09\/IMG_8898-768x1024.jpg 768w, https:\/\/www.abesata.org\/br\/wp-content\/uploads\/2025\/09\/IMG_8898-225x300.jpg 225w, https:\/\/www.abesata.org\/br\/wp-content\/uploads\/2025\/09\/IMG_8898-1152x1536.jpg 1152w, https:\/\/www.abesata.org\/br\/wp-content\/uploads\/2025\/09\/IMG_8898-1536x2048.jpg 1536w, https:\/\/www.abesata.org\/br\/wp-content\/uploads\/2025\/09\/IMG_8898-scaled.jpg 1920w\" sizes=\"(max-width: 768px) 100vw, 768px\" \/><\/figure>\n\n\n\n<figure class=\"wp-block-image size-large\"><img decoding=\"async\" width=\"1024\" height=\"768\" src=\"https:\/\/www.abesata.org\/br\/wp-content\/uploads\/2025\/09\/IMG_8881-1024x768.jpg\" alt=\"\" class=\"wp-image-18412\" srcset=\"https:\/\/www.abesata.org\/br\/wp-content\/uploads\/2025\/09\/IMG_8881-1024x768.jpg 1024w, https:\/\/www.abesata.org\/br\/wp-content\/uploads\/2025\/09\/IMG_8881-300x225.jpg 300w, https:\/\/www.abesata.org\/br\/wp-content\/uploads\/2025\/09\/IMG_8881-768x576.jpg 768w, https:\/\/www.abesata.org\/br\/wp-content\/uploads\/2025\/09\/IMG_8881-1536x1152.jpg 1536w, https:\/\/www.abesata.org\/br\/wp-content\/uploads\/2025\/09\/IMG_8881-2048x1536.jpg 2048w\" sizes=\"(max-width: 1024px) 100vw, 1024px\" \/><\/figure>\n\n\n\n<figure class=\"wp-block-image size-large\"><img decoding=\"async\" width=\"1024\" height=\"768\" src=\"https:\/\/www.abesata.org\/br\/wp-content\/uploads\/2025\/09\/IMG_8882-1024x768.jpg\" alt=\"\" class=\"wp-image-18413\" srcset=\"https:\/\/www.abesata.org\/br\/wp-content\/uploads\/2025\/09\/IMG_8882-1024x768.jpg 1024w, https:\/\/www.abesata.org\/br\/wp-content\/uploads\/2025\/09\/IMG_8882-300x225.jpg 300w, https:\/\/www.abesata.org\/br\/wp-content\/uploads\/2025\/09\/IMG_8882-768x576.jpg 768w, https:\/\/www.abesata.org\/br\/wp-content\/uploads\/2025\/09\/IMG_8882-1536x1152.jpg 1536w, https:\/\/www.abesata.org\/br\/wp-content\/uploads\/2025\/09\/IMG_8882-2048x1536.jpg 2048w\" sizes=\"(max-width: 1024px) 100vw, 1024px\" \/><\/figure>\n\n\n\n<figure class=\"wp-block-image size-large\"><img loading=\"lazy\" decoding=\"async\" width=\"1024\" height=\"699\" src=\"https:\/\/www.abesata.org\/br\/wp-content\/uploads\/2025\/09\/IMG_8887-1024x699.jpg\" alt=\"\" class=\"wp-image-18414\" srcset=\"https:\/\/www.abesata.org\/br\/wp-content\/uploads\/2025\/09\/IMG_8887-1024x699.jpg 1024w, https:\/\/www.abesata.org\/br\/wp-content\/uploads\/2025\/09\/IMG_8887-300x205.jpg 300w, https:\/\/www.abesata.org\/br\/wp-content\/uploads\/2025\/09\/IMG_8887-768x524.jpg 768w, https:\/\/www.abesata.org\/br\/wp-content\/uploads\/2025\/09\/IMG_8887-1536x1048.jpg 1536w, https:\/\/www.abesata.org\/br\/wp-content\/uploads\/2025\/09\/IMG_8887-2048x1398.jpg 2048w\" sizes=\"(max-width: 1024px) 100vw, 1024px\" \/><\/figure>\n\n\n\n<figure class=\"wp-block-image size-large\"><img loading=\"lazy\" decoding=\"async\" width=\"732\" height=\"1024\" src=\"https:\/\/www.abesata.org\/br\/wp-content\/uploads\/2025\/09\/IMG_8893-732x1024.jpg\" alt=\"\" class=\"wp-image-18415\" srcset=\"https:\/\/www.abesata.org\/br\/wp-content\/uploads\/2025\/09\/IMG_8893-732x1024.jpg 732w, https:\/\/www.abesata.org\/br\/wp-content\/uploads\/2025\/09\/IMG_8893-215x300.jpg 215w, https:\/\/www.abesata.org\/br\/wp-content\/uploads\/2025\/09\/IMG_8893-768x1074.jpg 768w, https:\/\/www.abesata.org\/br\/wp-content\/uploads\/2025\/09\/IMG_8893-1099x1536.jpg 1099w, https:\/\/www.abesata.org\/br\/wp-content\/uploads\/2025\/09\/IMG_8893-1465x2048.jpg 1465w, https:\/\/www.abesata.org\/br\/wp-content\/uploads\/2025\/09\/IMG_8893-scaled.jpg 1831w\" sizes=\"(max-width: 732px) 100vw, 732px\" \/><\/figure>\n\n\n\n<figure class=\"wp-block-image size-large\"><img loading=\"lazy\" decoding=\"async\" width=\"762\" height=\"1024\" src=\"https:\/\/www.abesata.org\/br\/wp-content\/uploads\/2025\/09\/IMG_8897-762x1024.jpg\" alt=\"\" class=\"wp-image-18416\" srcset=\"https:\/\/www.abesata.org\/br\/wp-content\/uploads\/2025\/09\/IMG_8897-762x1024.jpg 762w, https:\/\/www.abesata.org\/br\/wp-content\/uploads\/2025\/09\/IMG_8897-223x300.jpg 223w, https:\/\/www.abesata.org\/br\/wp-content\/uploads\/2025\/09\/IMG_8897-768x1032.jpg 768w, https:\/\/www.abesata.org\/br\/wp-content\/uploads\/2025\/09\/IMG_8897-1143x1536.jpg 1143w, https:\/\/www.abesata.org\/br\/wp-content\/uploads\/2025\/09\/IMG_8897-1524x2048.jpg 1524w, https:\/\/www.abesata.org\/br\/wp-content\/uploads\/2025\/09\/IMG_8897-scaled.jpg 1905w\" sizes=\"(max-width: 762px) 100vw, 762px\" \/><\/figure>\n\n\n\n<p><\/p>\n","protected":false},"excerpt":{"rendered":"","protected":false},"author":135,"featured_media":0,"parent":0,"menu_order":0,"comment_status":"closed","ping_status":"closed","template":"","meta":{"footnotes":""},"class_list":["post-18410","page","type-page","status-publish","hentry"],"yoast_head":"<!-- This site is optimized with the Yoast SEO plugin v26.5 - https:\/\/yoast.com\/wordpress\/plugins\/seo\/ -->\n<title>Visita da Anac \u00e0 sede da Abesata - Abesata<\/title>\n<meta name=\"robots\" content=\"index, follow, max-snippet:-1, max-image-preview:large, max-video-preview:-1\" \/>\n<link rel=\"canonical\" href=\"https:\/\/www.abesata.org\/br\/visita-da-anac-a-sede-da-abesata\/\" \/>\n<meta property=\"og:locale\" content=\"pt_BR\" \/>\n<meta property=\"og:type\" content=\"article\" \/>\n<meta property=\"og:title\" content=\"Visita da Anac \u00e0 sede da Abesata - Abesata\" \/>\n<meta property=\"og:url\" content=\"https:\/\/www.abesata.org\/br\/visita-da-anac-a-sede-da-abesata\/\" \/>\n<meta property=\"og:site_name\" content=\"Abesata\" \/>\n<meta property=\"article:publisher\" content=\"https:\/\/www.facebook.com\/abesata.org\/\" \/>\n<meta property=\"article:modified_time\" content=\"2025-09-23T22:05:18+00:00\" \/>\n<meta property=\"og:image\" content=\"https:\/\/www.abesata.org\/br\/wp-content\/uploads\/2025\/09\/IMG_8898-scaled.jpg\" \/>\n\t<meta property=\"og:image:width\" content=\"1920\" \/>\n\t<meta property=\"og:image:height\" content=\"2560\" \/>\n\t<meta property=\"og:image:type\" content=\"image\/jpeg\" \/>\n<meta name=\"twitter:card\" content=\"summary_large_image\" \/>\n<meta name=\"twitter:label1\" content=\"Est. tempo de leitura\" \/>\n\t<meta name=\"twitter:data1\" content=\"2 minutos\" \/>\n<script type=\"application\/ld+json\" class=\"yoast-schema-graph\">{\"@context\":\"https:\/\/schema.org\",\"@graph\":[{\"@type\":\"WebPage\",\"@id\":\"https:\/\/www.abesata.org\/br\/visita-da-anac-a-sede-da-abesata\/\",\"url\":\"https:\/\/www.abesata.org\/br\/visita-da-anac-a-sede-da-abesata\/\",\"name\":\"Visita da Anac \u00e0 sede da Abesata - Abesata\",\"isPartOf\":{\"@id\":\"https:\/\/www.abesata.org\/br\/#website\"},\"primaryImageOfPage\":{\"@id\":\"https:\/\/www.abesata.org\/br\/visita-da-anac-a-sede-da-abesata\/#primaryimage\"},\"image\":{\"@id\":\"https:\/\/www.abesata.org\/br\/visita-da-anac-a-sede-da-abesata\/#primaryimage\"},\"thumbnailUrl\":\"https:\/\/www.abesata.org\/br\/wp-content\/uploads\/2025\/09\/IMG_8898-768x1024.jpg\",\"datePublished\":\"2025-09-23T22:02:36+00:00\",\"dateModified\":\"2025-09-23T22:05:18+00:00\",\"breadcrumb\":{\"@id\":\"https:\/\/www.abesata.org\/br\/visita-da-anac-a-sede-da-abesata\/#breadcrumb\"},\"inLanguage\":\"pt-BR\",\"potentialAction\":[{\"@type\":\"ReadAction\",\"target\":[\"https:\/\/www.abesata.org\/br\/visita-da-anac-a-sede-da-abesata\/\"]}]},{\"@type\":\"ImageObject\",\"inLanguage\":\"pt-BR\",\"@id\":\"https:\/\/www.abesata.org\/br\/visita-da-anac-a-sede-da-abesata\/#primaryimage\",\"url\":\"https:\/\/www.abesata.org\/br\/wp-content\/uploads\/2025\/09\/IMG_8898-scaled.jpg\",\"contentUrl\":\"https:\/\/www.abesata.org\/br\/wp-content\/uploads\/2025\/09\/IMG_8898-scaled.jpg\",\"width\":1920,\"height\":2560},{\"@type\":\"BreadcrumbList\",\"@id\":\"https:\/\/www.abesata.org\/br\/visita-da-anac-a-sede-da-abesata\/#breadcrumb\",\"itemListElement\":[{\"@type\":\"ListItem\",\"position\":1,\"name\":\"In\u00edcio\",\"item\":\"https:\/\/www.abesata.org\/br\/\"},{\"@type\":\"ListItem\",\"position\":2,\"name\":\"Visita da Anac \u00e0 sede da Abesata\"}]},{\"@type\":\"WebSite\",\"@id\":\"https:\/\/www.abesata.org\/br\/#website\",\"url\":\"https:\/\/www.abesata.org\/br\/\",\"name\":\"Abesata\",\"description\":\"Associa\u00e7\u00e3o Brasileira das Empresas de Servi\u00e7os Auxiliares de Transporte A\u00e9reo\",\"publisher\":{\"@id\":\"https:\/\/www.abesata.org\/br\/#organization\"},\"potentialAction\":[{\"@type\":\"SearchAction\",\"target\":{\"@type\":\"EntryPoint\",\"urlTemplate\":\"https:\/\/www.abesata.org\/br\/?s={search_term_string}\"},\"query-input\":{\"@type\":\"PropertyValueSpecification\",\"valueRequired\":true,\"valueName\":\"search_term_string\"}}],\"inLanguage\":\"pt-BR\"},{\"@type\":\"Organization\",\"@id\":\"https:\/\/www.abesata.org\/br\/#organization\",\"name\":\"Associa\u00e7\u00e3o Brasileira das Empresas de Servi\u00e7os Auxiliares de Transporte A\u00e9reo\",\"alternateName\":\"Abesata\",\"url\":\"https:\/\/www.abesata.org\/br\/\",\"logo\":{\"@type\":\"ImageObject\",\"inLanguage\":\"pt-BR\",\"@id\":\"https:\/\/www.abesata.org\/br\/#\/schema\/logo\/image\/\",\"url\":\"https:\/\/www.abesata.org\/br\/wp-content\/uploads\/2023\/10\/Abesata.png\",\"contentUrl\":\"https:\/\/www.abesata.org\/br\/wp-content\/uploads\/2023\/10\/Abesata.png\",\"width\":1063,\"height\":591,\"caption\":\"Associa\u00e7\u00e3o Brasileira das Empresas de Servi\u00e7os Auxiliares de Transporte A\u00e9reo\"},\"image\":{\"@id\":\"https:\/\/www.abesata.org\/br\/#\/schema\/logo\/image\/\"},\"sameAs\":[\"https:\/\/www.facebook.com\/abesata.org\/\",\"https:\/\/www.instagram.com\/abesata_gh\/\",\"https:\/\/br.linkedin.com\/company\/abesata\"]}]}<\/script>\n<!-- \/ Yoast SEO plugin. -->","yoast_head_json":{"title":"Visita da Anac \u00e0 sede da Abesata - Abesata","robots":{"index":"index","follow":"follow","max-snippet":"max-snippet:-1","max-image-preview":"max-image-preview:large","max-video-preview":"max-video-preview:-1"},"canonical":"https:\/\/www.abesata.org\/br\/visita-da-anac-a-sede-da-abesata\/","og_locale":"pt_BR","og_type":"article","og_title":"Visita da Anac \u00e0 sede da Abesata - Abesata","og_url":"https:\/\/www.abesata.org\/br\/visita-da-anac-a-sede-da-abesata\/","og_site_name":"Abesata","article_publisher":"https:\/\/www.facebook.com\/abesata.org\/","article_modified_time":"2025-09-23T22:05:18+00:00","og_image":[{"width":1920,"height":2560,"url":"https:\/\/www.abesata.org\/br\/wp-content\/uploads\/2025\/09\/IMG_8898-scaled.jpg","type":"image\/jpeg"}],"twitter_card":"summary_large_image","twitter_misc":{"Est. tempo de leitura":"2 minutos"},"schema":{"@context":"https:\/\/schema.org","@graph":[{"@type":"WebPage","@id":"https:\/\/www.abesata.org\/br\/visita-da-anac-a-sede-da-abesata\/","url":"https:\/\/www.abesata.org\/br\/visita-da-anac-a-sede-da-abesata\/","name":"Visita da Anac \u00e0 sede da Abesata - Abesata","isPartOf":{"@id":"https:\/\/www.abesata.org\/br\/#website"},"primaryImageOfPage":{"@id":"https:\/\/www.abesata.org\/br\/visita-da-anac-a-sede-da-abesata\/#primaryimage"},"image":{"@id":"https:\/\/www.abesata.org\/br\/visita-da-anac-a-sede-da-abesata\/#primaryimage"},"thumbnailUrl":"https:\/\/www.abesata.org\/br\/wp-content\/uploads\/2025\/09\/IMG_8898-768x1024.jpg","datePublished":"2025-09-23T22:02:36+00:00","dateModified":"2025-09-23T22:05:18+00:00","breadcrumb":{"@id":"https:\/\/www.abesata.org\/br\/visita-da-anac-a-sede-da-abesata\/#breadcrumb"},"inLanguage":"pt-BR","potentialAction":[{"@type":"ReadAction","target":["https:\/\/www.abesata.org\/br\/visita-da-anac-a-sede-da-abesata\/"]}]},{"@type":"ImageObject","inLanguage":"pt-BR","@id":"https:\/\/www.abesata.org\/br\/visita-da-anac-a-sede-da-abesata\/#primaryimage","url":"https:\/\/www.abesata.org\/br\/wp-content\/uploads\/2025\/09\/IMG_8898-scaled.jpg","contentUrl":"https:\/\/www.abesata.org\/br\/wp-content\/uploads\/2025\/09\/IMG_8898-scaled.jpg","width":1920,"height":2560},{"@type":"BreadcrumbList","@id":"https:\/\/www.abesata.org\/br\/visita-da-anac-a-sede-da-abesata\/#breadcrumb","itemListElement":[{"@type":"ListItem","position":1,"name":"In\u00edcio","item":"https:\/\/www.abesata.org\/br\/"},{"@type":"ListItem","position":2,"name":"Visita da Anac \u00e0 sede da Abesata"}]},{"@type":"WebSite","@id":"https:\/\/www.abesata.org\/br\/#website","url":"https:\/\/www.abesata.org\/br\/","name":"Abesata","description":"Associa\u00e7\u00e3o Brasileira das Empresas de Servi\u00e7os Auxiliares de Transporte A\u00e9reo","publisher":{"@id":"https:\/\/www.abesata.org\/br\/#organization"},"potentialAction":[{"@type":"SearchAction","target":{"@type":"EntryPoint","urlTemplate":"https:\/\/www.abesata.org\/br\/?s={search_term_string}"},"query-input":{"@type":"PropertyValueSpecification","valueRequired":true,"valueName":"search_term_string"}}],"inLanguage":"pt-BR"},{"@type":"Organization","@id":"https:\/\/www.abesata.org\/br\/#organization","name":"Associa\u00e7\u00e3o Brasileira das Empresas de Servi\u00e7os Auxiliares de Transporte A\u00e9reo","alternateName":"Abesata","url":"https:\/\/www.abesata.org\/br\/","logo":{"@type":"ImageObject","inLanguage":"pt-BR","@id":"https:\/\/www.abesata.org\/br\/#\/schema\/logo\/image\/","url":"https:\/\/www.abesata.org\/br\/wp-content\/uploads\/2023\/10\/Abesata.png","contentUrl":"https:\/\/www.abesata.org\/br\/wp-content\/uploads\/2023\/10\/Abesata.png","width":1063,"height":591,"caption":"Associa\u00e7\u00e3o Brasileira das Empresas de Servi\u00e7os Auxiliares de Transporte A\u00e9reo"},"image":{"@id":"https:\/\/www.abesata.org\/br\/#\/schema\/logo\/image\/"},"sameAs":["https:\/\/www.facebook.com\/abesata.org\/","https:\/\/www.instagram.com\/abesata_gh\/","https:\/\/br.linkedin.com\/company\/abesata"]}]}},"_links":{"self":[{"href":"https:\/\/www.abesata.org\/br\/wp-json\/wp\/v2\/pages\/18410","targetHints":{"allow":["GET"]}}],"collection":[{"href":"https:\/\/www.abesata.org\/br\/wp-json\/wp\/v2\/pages"}],"about":[{"href":"https:\/\/www.abesata.org\/br\/wp-json\/wp\/v2\/types\/page"}],"author":[{"embeddable":true,"href":"https:\/\/www.abesata.org\/br\/wp-json\/wp\/v2\/users\/135"}],"replies":[{"embeddable":true,"href":"https:\/\/www.abesata.org\/br\/wp-json\/wp\/v2\/comments?post=18410"}],"version-history":[{"count":1,"href":"https:\/\/www.abesata.org\/br\/wp-json\/wp\/v2\/pages\/18410\/revisions"}],"predecessor-version":[{"id":18418,"href":"https:\/\/www.abesata.org\/br\/wp-json\/wp\/v2\/pages\/18410\/revisions\/18418"}],"wp:attachment":[{"href":"https:\/\/www.abesata.org\/br\/wp-json\/wp\/v2\/media?parent=18410"}],"curies":[{"name":"wp","href":"https:\/\/api.w.org\/{rel}","templated":true}]}}