{"id":1921,"date":"2014-11-26T16:37:36","date_gmt":"2014-11-26T18:37:36","guid":{"rendered":"http:\/\/www.abesata.org\/?page_id=1921"},"modified":"2016-01-17T19:10:09","modified_gmt":"2016-01-17T19:10:09","slug":"premio-abear-de-jornalismo-19-11-14","status":"publish","type":"page","link":"https:\/\/www.abesata.org\/br\/galeria-de-fotos\/premio-abear-de-jornalismo-19-11-14\/","title":{"rendered":"Pr\u00eamio ABEAR de Jornalismo \u2013 19.11.14"},"content":{"rendered":"<p><a href=\"https:\/\/www.abesata.org\/br\/wp-content\/uploads\/2014\/11\/OGT4617b.jpg\" rel=\"attachment wp-att-4452\"><img fetchpriority=\"high\" decoding=\"async\" class=\"alignnone size-full wp-image-4452\" src=\"https:\/\/www.abesata.org\/br\/wp-content\/uploads\/2014\/11\/OGT4617b.jpg\" alt=\"_OGT4617b\" width=\"4786\" height=\"3303\" srcset=\"https:\/\/www.abesata.org\/br\/wp-content\/uploads\/2014\/11\/OGT4617b.jpg 4786w, https:\/\/www.abesata.org\/br\/wp-content\/uploads\/2014\/11\/OGT4617b-300x207.jpg 300w, https:\/\/www.abesata.org\/br\/wp-content\/uploads\/2014\/11\/OGT4617b-768x530.jpg 768w, https:\/\/www.abesata.org\/br\/wp-content\/uploads\/2014\/11\/OGT4617b-1024x707.jpg 1024w, https:\/\/www.abesata.org\/br\/wp-content\/uploads\/2014\/11\/OGT4617b-217x150.jpg 217w, https:\/\/www.abesata.org\/br\/wp-content\/uploads\/2014\/11\/OGT4617b-150x104.jpg 150w\" sizes=\"(max-width: 4786px) 100vw, 4786px\" \/><\/a> <a href=\"https:\/\/www.abesata.org\/br\/wp-content\/uploads\/2014\/11\/OGT4673b.jpg\" rel=\"attachment wp-att-4453\"><img decoding=\"async\" class=\"alignnone size-full wp-image-4453\" src=\"https:\/\/www.abesata.org\/br\/wp-content\/uploads\/2014\/11\/OGT4673b.jpg\" alt=\"_OGT4673b\" width=\"3608\" height=\"5112\" srcset=\"https:\/\/www.abesata.org\/br\/wp-content\/uploads\/2014\/11\/OGT4673b.jpg 3608w, https:\/\/www.abesata.org\/br\/wp-content\/uploads\/2014\/11\/OGT4673b-212x300.jpg 212w, https:\/\/www.abesata.org\/br\/wp-content\/uploads\/2014\/11\/OGT4673b-768x1088.jpg 768w, https:\/\/www.abesata.org\/br\/wp-content\/uploads\/2014\/11\/OGT4673b-723x1024.jpg 723w, https:\/\/www.abesata.org\/br\/wp-content\/uploads\/2014\/11\/OGT4673b-106x150.jpg 106w\" sizes=\"(max-width: 3608px) 100vw, 3608px\" \/><\/a> <a href=\"https:\/\/www.abesata.org\/br\/wp-content\/uploads\/2014\/11\/OGT4682b.jpg\" rel=\"attachment wp-att-4454\"><img decoding=\"async\" class=\"alignnone size-full wp-image-4454\" src=\"https:\/\/www.abesata.org\/br\/wp-content\/uploads\/2014\/11\/OGT4682b.jpg\" alt=\"_OGT4682b\" width=\"5448\" height=\"3680\" srcset=\"https:\/\/www.abesata.org\/br\/wp-content\/uploads\/2014\/11\/OGT4682b.jpg 5448w, https:\/\/www.abesata.org\/br\/wp-content\/uploads\/2014\/11\/OGT4682b-300x203.jpg 300w, https:\/\/www.abesata.org\/br\/wp-content\/uploads\/2014\/11\/OGT4682b-768x519.jpg 768w, https:\/\/www.abesata.org\/br\/wp-content\/uploads\/2014\/11\/OGT4682b-1024x692.jpg 1024w, https:\/\/www.abesata.org\/br\/wp-content\/uploads\/2014\/11\/OGT4682b-222x150.jpg 222w, https:\/\/www.abesata.org\/br\/wp-content\/uploads\/2014\/11\/OGT4682b-150x101.jpg 150w\" sizes=\"(max-width: 5448px) 100vw, 5448px\" \/><\/a> <a href=\"https:\/\/www.abesata.org\/br\/wp-content\/uploads\/2014\/11\/OGT4845b.jpg\" rel=\"attachment wp-att-4455\"><img loading=\"lazy\" decoding=\"async\" class=\"alignnone size-full wp-image-4455\" src=\"https:\/\/www.abesata.org\/br\/wp-content\/uploads\/2014\/11\/OGT4845b.jpg\" alt=\"_OGT4845b\" width=\"5520\" height=\"3680\" srcset=\"https:\/\/www.abesata.org\/br\/wp-content\/uploads\/2014\/11\/OGT4845b.jpg 5520w, https:\/\/www.abesata.org\/br\/wp-content\/uploads\/2014\/11\/OGT4845b-300x200.jpg 300w, https:\/\/www.abesata.org\/br\/wp-content\/uploads\/2014\/11\/OGT4845b-768x512.jpg 768w, https:\/\/www.abesata.org\/br\/wp-content\/uploads\/2014\/11\/OGT4845b-1024x683.jpg 1024w, https:\/\/www.abesata.org\/br\/wp-content\/uploads\/2014\/11\/OGT4845b-225x150.jpg 225w, https:\/\/www.abesata.org\/br\/wp-content\/uploads\/2014\/11\/OGT4845b-150x100.jpg 150w\" sizes=\"(max-width: 5520px) 100vw, 5520px\" \/><\/a> <a href=\"https:\/\/www.abesata.org\/br\/wp-content\/uploads\/2014\/11\/OGT4947b.jpg\" rel=\"attachment wp-att-4457\"><img loading=\"lazy\" decoding=\"async\" class=\"alignnone size-full wp-image-4457\" src=\"https:\/\/www.abesata.org\/br\/wp-content\/uploads\/2014\/11\/OGT4947b.jpg\" alt=\"_OGT4947b\" width=\"4985\" height=\"3323\" srcset=\"https:\/\/www.abesata.org\/br\/wp-content\/uploads\/2014\/11\/OGT4947b.jpg 4985w, https:\/\/www.abesata.org\/br\/wp-content\/uploads\/2014\/11\/OGT4947b-300x200.jpg 300w, https:\/\/www.abesata.org\/br\/wp-content\/uploads\/2014\/11\/OGT4947b-768x512.jpg 768w, https:\/\/www.abesata.org\/br\/wp-content\/uploads\/2014\/11\/OGT4947b-1024x683.jpg 1024w, https:\/\/www.abesata.org\/br\/wp-content\/uploads\/2014\/11\/OGT4947b-225x150.jpg 225w, https:\/\/www.abesata.org\/br\/wp-content\/uploads\/2014\/11\/OGT4947b-150x100.jpg 150w\" sizes=\"(max-width: 4985px) 100vw, 4985px\" \/><\/a> <a href=\"https:\/\/www.abesata.org\/br\/wp-content\/uploads\/2014\/11\/OGT4953b.jpg\" rel=\"attachment wp-att-4458\"><img loading=\"lazy\" decoding=\"async\" class=\"alignnone size-full wp-image-4458\" src=\"https:\/\/www.abesata.org\/br\/wp-content\/uploads\/2014\/11\/OGT4953b.jpg\" alt=\"_OGT4953b\" width=\"4724\" height=\"3065\" srcset=\"https:\/\/www.abesata.org\/br\/wp-content\/uploads\/2014\/11\/OGT4953b.jpg 4724w, https:\/\/www.abesata.org\/br\/wp-content\/uploads\/2014\/11\/OGT4953b-300x195.jpg 300w, https:\/\/www.abesata.org\/br\/wp-content\/uploads\/2014\/11\/OGT4953b-768x498.jpg 768w, https:\/\/www.abesata.org\/br\/wp-content\/uploads\/2014\/11\/OGT4953b-1024x664.jpg 1024w, https:\/\/www.abesata.org\/br\/wp-content\/uploads\/2014\/11\/OGT4953b-231x150.jpg 231w, https:\/\/www.abesata.org\/br\/wp-content\/uploads\/2014\/11\/OGT4953b-150x97.jpg 150w\" sizes=\"(max-width: 4724px) 100vw, 4724px\" \/><\/a> <a href=\"https:\/\/www.abesata.org\/br\/wp-content\/uploads\/2014\/11\/OGT5027b.jpg\" rel=\"attachment wp-att-4459\"><img loading=\"lazy\" decoding=\"async\" class=\"alignnone size-full wp-image-4459\" src=\"https:\/\/www.abesata.org\/br\/wp-content\/uploads\/2014\/11\/OGT5027b.jpg\" alt=\"_OGT5027b\" width=\"4974\" height=\"3339\" srcset=\"https:\/\/www.abesata.org\/br\/wp-content\/uploads\/2014\/11\/OGT5027b.jpg 4974w, https:\/\/www.abesata.org\/br\/wp-content\/uploads\/2014\/11\/OGT5027b-300x201.jpg 300w, https:\/\/www.abesata.org\/br\/wp-content\/uploads\/2014\/11\/OGT5027b-768x516.jpg 768w, https:\/\/www.abesata.org\/br\/wp-content\/uploads\/2014\/11\/OGT5027b-1024x687.jpg 1024w, https:\/\/www.abesata.org\/br\/wp-content\/uploads\/2014\/11\/OGT5027b-223x150.jpg 223w, https:\/\/www.abesata.org\/br\/wp-content\/uploads\/2014\/11\/OGT5027b-150x101.jpg 150w\" sizes=\"(max-width: 4974px) 100vw, 4974px\" \/><\/a> <a href=\"https:\/\/www.abesata.org\/br\/wp-content\/uploads\/2014\/11\/OGT5032b.jpg\" rel=\"attachment wp-att-4460\"><img loading=\"lazy\" decoding=\"async\" class=\"alignnone size-full wp-image-4460\" src=\"https:\/\/www.abesata.org\/br\/wp-content\/uploads\/2014\/11\/OGT5032b.jpg\" alt=\"_OGT5032b\" width=\"5424\" height=\"3600\" srcset=\"https:\/\/www.abesata.org\/br\/wp-content\/uploads\/2014\/11\/OGT5032b.jpg 5424w, https:\/\/www.abesata.org\/br\/wp-content\/uploads\/2014\/11\/OGT5032b-300x199.jpg 300w, https:\/\/www.abesata.org\/br\/wp-content\/uploads\/2014\/11\/OGT5032b-768x510.jpg 768w, https:\/\/www.abesata.org\/br\/wp-content\/uploads\/2014\/11\/OGT5032b-1024x680.jpg 1024w, https:\/\/www.abesata.org\/br\/wp-content\/uploads\/2014\/11\/OGT5032b-226x150.jpg 226w, https:\/\/www.abesata.org\/br\/wp-content\/uploads\/2014\/11\/OGT5032b-150x100.jpg 150w\" sizes=\"(max-width: 5424px) 100vw, 5424px\" \/><\/a> <a href=\"https:\/\/www.abesata.org\/br\/wp-content\/uploads\/2014\/11\/DSC00664.jpg\" rel=\"attachment wp-att-4461\"><img loading=\"lazy\" decoding=\"async\" class=\"alignnone size-full wp-image-4461\" src=\"https:\/\/www.abesata.org\/br\/wp-content\/uploads\/2014\/11\/DSC00664.jpg\" alt=\"DSC00664\" width=\"4608\" height=\"3234\" srcset=\"https:\/\/www.abesata.org\/br\/wp-content\/uploads\/2014\/11\/DSC00664.jpg 4608w, https:\/\/www.abesata.org\/br\/wp-content\/uploads\/2014\/11\/DSC00664-300x211.jpg 300w, https:\/\/www.abesata.org\/br\/wp-content\/uploads\/2014\/11\/DSC00664-768x539.jpg 768w, https:\/\/www.abesata.org\/br\/wp-content\/uploads\/2014\/11\/DSC00664-1024x719.jpg 1024w, https:\/\/www.abesata.org\/br\/wp-content\/uploads\/2014\/11\/DSC00664-214x150.jpg 214w, https:\/\/www.abesata.org\/br\/wp-content\/uploads\/2014\/11\/DSC00664-150x105.jpg 150w\" sizes=\"(max-width: 4608px) 100vw, 4608px\" \/><\/a><\/p>\n","protected":false},"excerpt":{"rendered":"","protected":false},"author":18,"featured_media":0,"parent":1092,"menu_order":0,"comment_status":"closed","ping_status":"closed","template":"","meta":{"footnotes":""},"class_list":["post-1921","page","type-page","status-publish","hentry"],"yoast_head":"<!-- This site is optimized with the Yoast SEO plugin v26.5 - https:\/\/yoast.com\/wordpress\/plugins\/seo\/ -->\n<title>Pr\u00eamio ABEAR de Jornalismo \u2013 19.11.14 - Abesata<\/title>\n<meta name=\"robots\" content=\"index, follow, max-snippet:-1, max-image-preview:large, max-video-preview:-1\" \/>\n<link rel=\"canonical\" href=\"https:\/\/www.abesata.org\/br\/galeria-de-fotos\/premio-abear-de-jornalismo-19-11-14\/\" \/>\n<meta property=\"og:locale\" content=\"pt_BR\" \/>\n<meta property=\"og:type\" content=\"article\" \/>\n<meta property=\"og:title\" content=\"Pr\u00eamio ABEAR de Jornalismo \u2013 19.11.14 - Abesata\" \/>\n<meta property=\"og:url\" content=\"https:\/\/www.abesata.org\/br\/galeria-de-fotos\/premio-abear-de-jornalismo-19-11-14\/\" \/>\n<meta property=\"og:site_name\" content=\"Abesata\" \/>\n<meta property=\"article:publisher\" content=\"https:\/\/www.facebook.com\/abesata.org\/\" \/>\n<meta property=\"article:modified_time\" content=\"2016-01-17T19:10:09+00:00\" \/>\n<meta property=\"og:image\" content=\"http:\/\/www.abesata.org\/br\/wp-content\/uploads\/2014\/11\/OGT4617b.jpg\" \/>\n<meta name=\"twitter:card\" content=\"summary_large_image\" \/>\n<script type=\"application\/ld+json\" class=\"yoast-schema-graph\">{\"@context\":\"https:\/\/schema.org\",\"@graph\":[{\"@type\":\"WebPage\",\"@id\":\"https:\/\/www.abesata.org\/br\/galeria-de-fotos\/premio-abear-de-jornalismo-19-11-14\/\",\"url\":\"https:\/\/www.abesata.org\/br\/galeria-de-fotos\/premio-abear-de-jornalismo-19-11-14\/\",\"name\":\"Pr\u00eamio ABEAR de Jornalismo \u2013 19.11.14 - Abesata\",\"isPartOf\":{\"@id\":\"https:\/\/www.abesata.org\/br\/#website\"},\"primaryImageOfPage\":{\"@id\":\"https:\/\/www.abesata.org\/br\/galeria-de-fotos\/premio-abear-de-jornalismo-19-11-14\/#primaryimage\"},\"image\":{\"@id\":\"https:\/\/www.abesata.org\/br\/galeria-de-fotos\/premio-abear-de-jornalismo-19-11-14\/#primaryimage\"},\"thumbnailUrl\":\"http:\/\/www.abesata.org\/br\/wp-content\/uploads\/2014\/11\/OGT4617b.jpg\",\"datePublished\":\"2014-11-26T18:37:36+00:00\",\"dateModified\":\"2016-01-17T19:10:09+00:00\",\"breadcrumb\":{\"@id\":\"https:\/\/www.abesata.org\/br\/galeria-de-fotos\/premio-abear-de-jornalismo-19-11-14\/#breadcrumb\"},\"inLanguage\":\"pt-BR\",\"potentialAction\":[{\"@type\":\"ReadAction\",\"target\":[\"https:\/\/www.abesata.org\/br\/galeria-de-fotos\/premio-abear-de-jornalismo-19-11-14\/\"]}]},{\"@type\":\"ImageObject\",\"inLanguage\":\"pt-BR\",\"@id\":\"https:\/\/www.abesata.org\/br\/galeria-de-fotos\/premio-abear-de-jornalismo-19-11-14\/#primaryimage\",\"url\":\"http:\/\/www.abesata.org\/br\/wp-content\/uploads\/2014\/11\/OGT4617b.jpg\",\"contentUrl\":\"http:\/\/www.abesata.org\/br\/wp-content\/uploads\/2014\/11\/OGT4617b.jpg\"},{\"@type\":\"BreadcrumbList\",\"@id\":\"https:\/\/www.abesata.org\/br\/galeria-de-fotos\/premio-abear-de-jornalismo-19-11-14\/#breadcrumb\",\"itemListElement\":[{\"@type\":\"ListItem\",\"position\":1,\"name\":\"In\u00edcio\",\"item\":\"https:\/\/www.abesata.org\/br\/\"},{\"@type\":\"ListItem\",\"position\":2,\"name\":\"Galeria de Fotos\",\"item\":\"https:\/\/www.abesata.org\/br\/galeria-de-fotos\/\"},{\"@type\":\"ListItem\",\"position\":3,\"name\":\"Pr\u00eamio ABEAR de Jornalismo \u2013 19.11.14\"}]},{\"@type\":\"WebSite\",\"@id\":\"https:\/\/www.abesata.org\/br\/#website\",\"url\":\"https:\/\/www.abesata.org\/br\/\",\"name\":\"Abesata\",\"description\":\"Associa\u00e7\u00e3o Brasileira das Empresas de Servi\u00e7os Auxiliares de Transporte A\u00e9reo\",\"publisher\":{\"@id\":\"https:\/\/www.abesata.org\/br\/#organization\"},\"potentialAction\":[{\"@type\":\"SearchAction\",\"target\":{\"@type\":\"EntryPoint\",\"urlTemplate\":\"https:\/\/www.abesata.org\/br\/?s={search_term_string}\"},\"query-input\":{\"@type\":\"PropertyValueSpecification\",\"valueRequired\":true,\"valueName\":\"search_term_string\"}}],\"inLanguage\":\"pt-BR\"},{\"@type\":\"Organization\",\"@id\":\"https:\/\/www.abesata.org\/br\/#organization\",\"name\":\"Associa\u00e7\u00e3o Brasileira das Empresas de Servi\u00e7os Auxiliares de Transporte A\u00e9reo\",\"alternateName\":\"Abesata\",\"url\":\"https:\/\/www.abesata.org\/br\/\",\"logo\":{\"@type\":\"ImageObject\",\"inLanguage\":\"pt-BR\",\"@id\":\"https:\/\/www.abesata.org\/br\/#\/schema\/logo\/image\/\",\"url\":\"https:\/\/www.abesata.org\/br\/wp-content\/uploads\/2023\/10\/Abesata.png\",\"contentUrl\":\"https:\/\/www.abesata.org\/br\/wp-content\/uploads\/2023\/10\/Abesata.png\",\"width\":1063,\"height\":591,\"caption\":\"Associa\u00e7\u00e3o Brasileira das Empresas de Servi\u00e7os Auxiliares de Transporte A\u00e9reo\"},\"image\":{\"@id\":\"https:\/\/www.abesata.org\/br\/#\/schema\/logo\/image\/\"},\"sameAs\":[\"https:\/\/www.facebook.com\/abesata.org\/\",\"https:\/\/www.instagram.com\/abesata_gh\/\",\"https:\/\/br.linkedin.com\/company\/abesata\"]}]}<\/script>\n<!-- \/ Yoast SEO plugin. -->","yoast_head_json":{"title":"Pr\u00eamio ABEAR de Jornalismo \u2013 19.11.14 - Abesata","robots":{"index":"index","follow":"follow","max-snippet":"max-snippet:-1","max-image-preview":"max-image-preview:large","max-video-preview":"max-video-preview:-1"},"canonical":"https:\/\/www.abesata.org\/br\/galeria-de-fotos\/premio-abear-de-jornalismo-19-11-14\/","og_locale":"pt_BR","og_type":"article","og_title":"Pr\u00eamio ABEAR de Jornalismo \u2013 19.11.14 - Abesata","og_url":"https:\/\/www.abesata.org\/br\/galeria-de-fotos\/premio-abear-de-jornalismo-19-11-14\/","og_site_name":"Abesata","article_publisher":"https:\/\/www.facebook.com\/abesata.org\/","article_modified_time":"2016-01-17T19:10:09+00:00","og_image":[{"url":"http:\/\/www.abesata.org\/br\/wp-content\/uploads\/2014\/11\/OGT4617b.jpg","type":"","width":"","height":""}],"twitter_card":"summary_large_image","schema":{"@context":"https:\/\/schema.org","@graph":[{"@type":"WebPage","@id":"https:\/\/www.abesata.org\/br\/galeria-de-fotos\/premio-abear-de-jornalismo-19-11-14\/","url":"https:\/\/www.abesata.org\/br\/galeria-de-fotos\/premio-abear-de-jornalismo-19-11-14\/","name":"Pr\u00eamio ABEAR de Jornalismo \u2013 19.11.14 - Abesata","isPartOf":{"@id":"https:\/\/www.abesata.org\/br\/#website"},"primaryImageOfPage":{"@id":"https:\/\/www.abesata.org\/br\/galeria-de-fotos\/premio-abear-de-jornalismo-19-11-14\/#primaryimage"},"image":{"@id":"https:\/\/www.abesata.org\/br\/galeria-de-fotos\/premio-abear-de-jornalismo-19-11-14\/#primaryimage"},"thumbnailUrl":"http:\/\/www.abesata.org\/br\/wp-content\/uploads\/2014\/11\/OGT4617b.jpg","datePublished":"2014-11-26T18:37:36+00:00","dateModified":"2016-01-17T19:10:09+00:00","breadcrumb":{"@id":"https:\/\/www.abesata.org\/br\/galeria-de-fotos\/premio-abear-de-jornalismo-19-11-14\/#breadcrumb"},"inLanguage":"pt-BR","potentialAction":[{"@type":"ReadAction","target":["https:\/\/www.abesata.org\/br\/galeria-de-fotos\/premio-abear-de-jornalismo-19-11-14\/"]}]},{"@type":"ImageObject","inLanguage":"pt-BR","@id":"https:\/\/www.abesata.org\/br\/galeria-de-fotos\/premio-abear-de-jornalismo-19-11-14\/#primaryimage","url":"http:\/\/www.abesata.org\/br\/wp-content\/uploads\/2014\/11\/OGT4617b.jpg","contentUrl":"http:\/\/www.abesata.org\/br\/wp-content\/uploads\/2014\/11\/OGT4617b.jpg"},{"@type":"BreadcrumbList","@id":"https:\/\/www.abesata.org\/br\/galeria-de-fotos\/premio-abear-de-jornalismo-19-11-14\/#breadcrumb","itemListElement":[{"@type":"ListItem","position":1,"name":"In\u00edcio","item":"https:\/\/www.abesata.org\/br\/"},{"@type":"ListItem","position":2,"name":"Galeria de Fotos","item":"https:\/\/www.abesata.org\/br\/galeria-de-fotos\/"},{"@type":"ListItem","position":3,"name":"Pr\u00eamio ABEAR de Jornalismo \u2013 19.11.14"}]},{"@type":"WebSite","@id":"https:\/\/www.abesata.org\/br\/#website","url":"https:\/\/www.abesata.org\/br\/","name":"Abesata","description":"Associa\u00e7\u00e3o Brasileira das Empresas de Servi\u00e7os Auxiliares de Transporte A\u00e9reo","publisher":{"@id":"https:\/\/www.abesata.org\/br\/#organization"},"potentialAction":[{"@type":"SearchAction","target":{"@type":"EntryPoint","urlTemplate":"https:\/\/www.abesata.org\/br\/?s={search_term_string}"},"query-input":{"@type":"PropertyValueSpecification","valueRequired":true,"valueName":"search_term_string"}}],"inLanguage":"pt-BR"},{"@type":"Organization","@id":"https:\/\/www.abesata.org\/br\/#organization","name":"Associa\u00e7\u00e3o Brasileira das Empresas de Servi\u00e7os Auxiliares de Transporte A\u00e9reo","alternateName":"Abesata","url":"https:\/\/www.abesata.org\/br\/","logo":{"@type":"ImageObject","inLanguage":"pt-BR","@id":"https:\/\/www.abesata.org\/br\/#\/schema\/logo\/image\/","url":"https:\/\/www.abesata.org\/br\/wp-content\/uploads\/2023\/10\/Abesata.png","contentUrl":"https:\/\/www.abesata.org\/br\/wp-content\/uploads\/2023\/10\/Abesata.png","width":1063,"height":591,"caption":"Associa\u00e7\u00e3o Brasileira das Empresas de Servi\u00e7os Auxiliares de Transporte A\u00e9reo"},"image":{"@id":"https:\/\/www.abesata.org\/br\/#\/schema\/logo\/image\/"},"sameAs":["https:\/\/www.facebook.com\/abesata.org\/","https:\/\/www.instagram.com\/abesata_gh\/","https:\/\/br.linkedin.com\/company\/abesata"]}]}},"_links":{"self":[{"href":"https:\/\/www.abesata.org\/br\/wp-json\/wp\/v2\/pages\/1921","targetHints":{"allow":["GET"]}}],"collection":[{"href":"https:\/\/www.abesata.org\/br\/wp-json\/wp\/v2\/pages"}],"about":[{"href":"https:\/\/www.abesata.org\/br\/wp-json\/wp\/v2\/types\/page"}],"author":[{"embeddable":true,"href":"https:\/\/www.abesata.org\/br\/wp-json\/wp\/v2\/users\/18"}],"replies":[{"embeddable":true,"href":"https:\/\/www.abesata.org\/br\/wp-json\/wp\/v2\/comments?post=1921"}],"version-history":[{"count":0,"href":"https:\/\/www.abesata.org\/br\/wp-json\/wp\/v2\/pages\/1921\/revisions"}],"up":[{"embeddable":true,"href":"https:\/\/www.abesata.org\/br\/wp-json\/wp\/v2\/pages\/1092"}],"wp:attachment":[{"href":"https:\/\/www.abesata.org\/br\/wp-json\/wp\/v2\/media?parent=1921"}],"curies":[{"name":"wp","href":"https:\/\/api.w.org\/{rel}","templated":true}]}}