{"id":5597,"date":"2016-09-17T18:27:09","date_gmt":"2016-09-17T18:27:09","guid":{"rendered":"http:\/\/www.abesata.org\/br\/?page_id=5597"},"modified":"2016-09-21T14:13:10","modified_gmt":"2016-09-21T14:13:10","slug":"ministro-dos-transportes-no-conselho-consultivo-da-anac-14-09-16","status":"publish","type":"page","link":"https:\/\/www.abesata.org\/br\/ministro-dos-transportes-no-conselho-consultivo-da-anac-14-09-16\/","title":{"rendered":"Ministro dos Transportes no Conselho Consultivo da Anac &#8211; 14.09.16"},"content":{"rendered":"<p><a href=\"https:\/\/www.abesata.org\/br\/wp-content\/uploads\/2016\/09\/Conselho-Consultiva-Anac-1.jpg\" rel=\"attachment wp-att-5598\"><img fetchpriority=\"high\" decoding=\"async\" class=\"alignnone size-full wp-image-5598\" src=\"https:\/\/www.abesata.org\/br\/wp-content\/uploads\/2016\/09\/Conselho-Consultiva-Anac-1.jpg\" alt=\"Conselho Consultiva Anac (1)\" width=\"5344\" height=\"3006\" srcset=\"https:\/\/www.abesata.org\/br\/wp-content\/uploads\/2016\/09\/Conselho-Consultiva-Anac-1.jpg 5344w, https:\/\/www.abesata.org\/br\/wp-content\/uploads\/2016\/09\/Conselho-Consultiva-Anac-1-300x169.jpg 300w, https:\/\/www.abesata.org\/br\/wp-content\/uploads\/2016\/09\/Conselho-Consultiva-Anac-1-768x432.jpg 768w, https:\/\/www.abesata.org\/br\/wp-content\/uploads\/2016\/09\/Conselho-Consultiva-Anac-1-1024x576.jpg 1024w, https:\/\/www.abesata.org\/br\/wp-content\/uploads\/2016\/09\/Conselho-Consultiva-Anac-1-250x141.jpg 250w, https:\/\/www.abesata.org\/br\/wp-content\/uploads\/2016\/09\/Conselho-Consultiva-Anac-1-150x84.jpg 150w\" sizes=\"(max-width: 5344px) 100vw, 5344px\" \/><\/a> <a href=\"https:\/\/www.abesata.org\/br\/wp-content\/uploads\/2016\/09\/Conselho-Consultiva-Anac-2.jpg\" rel=\"attachment wp-att-5599\"><img decoding=\"async\" class=\"alignnone size-full wp-image-5599\" src=\"https:\/\/www.abesata.org\/br\/wp-content\/uploads\/2016\/09\/Conselho-Consultiva-Anac-2.jpg\" alt=\"Conselho Consultiva Anac (2)\" width=\"5344\" height=\"3006\" srcset=\"https:\/\/www.abesata.org\/br\/wp-content\/uploads\/2016\/09\/Conselho-Consultiva-Anac-2.jpg 5344w, https:\/\/www.abesata.org\/br\/wp-content\/uploads\/2016\/09\/Conselho-Consultiva-Anac-2-300x169.jpg 300w, https:\/\/www.abesata.org\/br\/wp-content\/uploads\/2016\/09\/Conselho-Consultiva-Anac-2-768x432.jpg 768w, https:\/\/www.abesata.org\/br\/wp-content\/uploads\/2016\/09\/Conselho-Consultiva-Anac-2-1024x576.jpg 1024w, https:\/\/www.abesata.org\/br\/wp-content\/uploads\/2016\/09\/Conselho-Consultiva-Anac-2-250x141.jpg 250w, https:\/\/www.abesata.org\/br\/wp-content\/uploads\/2016\/09\/Conselho-Consultiva-Anac-2-150x84.jpg 150w\" sizes=\"(max-width: 5344px) 100vw, 5344px\" \/><\/a> <a href=\"https:\/\/www.abesata.org\/br\/wp-content\/uploads\/2016\/09\/Conselho-Consultiva-Anac-3.jpg\" rel=\"attachment wp-att-5600\"><img decoding=\"async\" class=\"alignnone size-full wp-image-5600\" src=\"https:\/\/www.abesata.org\/br\/wp-content\/uploads\/2016\/09\/Conselho-Consultiva-Anac-3.jpg\" alt=\"Conselho Consultiva Anac (3)\" width=\"3991\" height=\"2418\" srcset=\"https:\/\/www.abesata.org\/br\/wp-content\/uploads\/2016\/09\/Conselho-Consultiva-Anac-3.jpg 3991w, https:\/\/www.abesata.org\/br\/wp-content\/uploads\/2016\/09\/Conselho-Consultiva-Anac-3-300x182.jpg 300w, https:\/\/www.abesata.org\/br\/wp-content\/uploads\/2016\/09\/Conselho-Consultiva-Anac-3-768x465.jpg 768w, https:\/\/www.abesata.org\/br\/wp-content\/uploads\/2016\/09\/Conselho-Consultiva-Anac-3-1024x620.jpg 1024w, https:\/\/www.abesata.org\/br\/wp-content\/uploads\/2016\/09\/Conselho-Consultiva-Anac-3-248x150.jpg 248w, https:\/\/www.abesata.org\/br\/wp-content\/uploads\/2016\/09\/Conselho-Consultiva-Anac-3-150x91.jpg 150w\" sizes=\"(max-width: 3991px) 100vw, 3991px\" \/><\/a> <a href=\"https:\/\/www.abesata.org\/br\/wp-content\/uploads\/2016\/09\/Conselho-Consultiva-Anac-4.jpg\" rel=\"attachment wp-att-5601\"><img loading=\"lazy\" decoding=\"async\" class=\"alignnone size-full wp-image-5601\" src=\"https:\/\/www.abesata.org\/br\/wp-content\/uploads\/2016\/09\/Conselho-Consultiva-Anac-4.jpg\" alt=\"Conselho Consultiva Anac (4)\" width=\"5344\" height=\"3006\" srcset=\"https:\/\/www.abesata.org\/br\/wp-content\/uploads\/2016\/09\/Conselho-Consultiva-Anac-4.jpg 5344w, https:\/\/www.abesata.org\/br\/wp-content\/uploads\/2016\/09\/Conselho-Consultiva-Anac-4-300x169.jpg 300w, https:\/\/www.abesata.org\/br\/wp-content\/uploads\/2016\/09\/Conselho-Consultiva-Anac-4-768x432.jpg 768w, https:\/\/www.abesata.org\/br\/wp-content\/uploads\/2016\/09\/Conselho-Consultiva-Anac-4-1024x576.jpg 1024w, https:\/\/www.abesata.org\/br\/wp-content\/uploads\/2016\/09\/Conselho-Consultiva-Anac-4-250x141.jpg 250w, https:\/\/www.abesata.org\/br\/wp-content\/uploads\/2016\/09\/Conselho-Consultiva-Anac-4-150x84.jpg 150w\" sizes=\"(max-width: 5344px) 100vw, 5344px\" \/><\/a> <a href=\"https:\/\/www.abesata.org\/br\/wp-content\/uploads\/2016\/09\/Conselho-Consultiva-Anac-5.jpg\" rel=\"attachment wp-att-5602\"><img loading=\"lazy\" decoding=\"async\" class=\"alignnone size-full wp-image-5602\" src=\"https:\/\/www.abesata.org\/br\/wp-content\/uploads\/2016\/09\/Conselho-Consultiva-Anac-5.jpg\" alt=\"Conselho Consultiva Anac (5)\" width=\"5344\" height=\"3006\" srcset=\"https:\/\/www.abesata.org\/br\/wp-content\/uploads\/2016\/09\/Conselho-Consultiva-Anac-5.jpg 5344w, https:\/\/www.abesata.org\/br\/wp-content\/uploads\/2016\/09\/Conselho-Consultiva-Anac-5-300x169.jpg 300w, https:\/\/www.abesata.org\/br\/wp-content\/uploads\/2016\/09\/Conselho-Consultiva-Anac-5-768x432.jpg 768w, https:\/\/www.abesata.org\/br\/wp-content\/uploads\/2016\/09\/Conselho-Consultiva-Anac-5-1024x576.jpg 1024w, https:\/\/www.abesata.org\/br\/wp-content\/uploads\/2016\/09\/Conselho-Consultiva-Anac-5-250x141.jpg 250w, https:\/\/www.abesata.org\/br\/wp-content\/uploads\/2016\/09\/Conselho-Consultiva-Anac-5-150x84.jpg 150w\" sizes=\"(max-width: 5344px) 100vw, 5344px\" \/><\/a> <a href=\"https:\/\/www.abesata.org\/br\/wp-content\/uploads\/2016\/09\/Conselho-Consultiva-Anac-6.jpg\" rel=\"attachment wp-att-5603\"><img loading=\"lazy\" decoding=\"async\" class=\"alignnone size-full wp-image-5603\" src=\"https:\/\/www.abesata.org\/br\/wp-content\/uploads\/2016\/09\/Conselho-Consultiva-Anac-6.jpg\" alt=\"Conselho Consultiva Anac (6)\" width=\"5344\" height=\"3006\" srcset=\"https:\/\/www.abesata.org\/br\/wp-content\/uploads\/2016\/09\/Conselho-Consultiva-Anac-6.jpg 5344w, https:\/\/www.abesata.org\/br\/wp-content\/uploads\/2016\/09\/Conselho-Consultiva-Anac-6-300x169.jpg 300w, https:\/\/www.abesata.org\/br\/wp-content\/uploads\/2016\/09\/Conselho-Consultiva-Anac-6-768x432.jpg 768w, https:\/\/www.abesata.org\/br\/wp-content\/uploads\/2016\/09\/Conselho-Consultiva-Anac-6-1024x576.jpg 1024w, https:\/\/www.abesata.org\/br\/wp-content\/uploads\/2016\/09\/Conselho-Consultiva-Anac-6-250x141.jpg 250w, https:\/\/www.abesata.org\/br\/wp-content\/uploads\/2016\/09\/Conselho-Consultiva-Anac-6-150x84.jpg 150w\" sizes=\"(max-width: 5344px) 100vw, 5344px\" \/><\/a> <a href=\"https:\/\/www.abesata.org\/br\/wp-content\/uploads\/2016\/09\/Conselho-Consultiva-Anac-7.jpg\" rel=\"attachment wp-att-5604\"><img loading=\"lazy\" decoding=\"async\" class=\"alignnone size-full wp-image-5604\" src=\"https:\/\/www.abesata.org\/br\/wp-content\/uploads\/2016\/09\/Conselho-Consultiva-Anac-7.jpg\" alt=\"Conselho Consultiva Anac (7)\" width=\"1280\" height=\"720\" srcset=\"https:\/\/www.abesata.org\/br\/wp-content\/uploads\/2016\/09\/Conselho-Consultiva-Anac-7.jpg 1280w, https:\/\/www.abesata.org\/br\/wp-content\/uploads\/2016\/09\/Conselho-Consultiva-Anac-7-300x169.jpg 300w, https:\/\/www.abesata.org\/br\/wp-content\/uploads\/2016\/09\/Conselho-Consultiva-Anac-7-768x432.jpg 768w, https:\/\/www.abesata.org\/br\/wp-content\/uploads\/2016\/09\/Conselho-Consultiva-Anac-7-1024x576.jpg 1024w, https:\/\/www.abesata.org\/br\/wp-content\/uploads\/2016\/09\/Conselho-Consultiva-Anac-7-250x141.jpg 250w, https:\/\/www.abesata.org\/br\/wp-content\/uploads\/2016\/09\/Conselho-Consultiva-Anac-7-150x84.jpg 150w\" sizes=\"(max-width: 1280px) 100vw, 1280px\" \/><\/a> <a href=\"https:\/\/www.abesata.org\/br\/wp-content\/uploads\/2016\/09\/Conselho-Consultiva-Anac-8.jpg\" rel=\"attachment wp-att-5605\"><img loading=\"lazy\" decoding=\"async\" class=\"alignnone size-full wp-image-5605\" src=\"https:\/\/www.abesata.org\/br\/wp-content\/uploads\/2016\/09\/Conselho-Consultiva-Anac-8.jpg\" alt=\"Conselho Consultiva Anac (8)\" width=\"1280\" height=\"960\" srcset=\"https:\/\/www.abesata.org\/br\/wp-content\/uploads\/2016\/09\/Conselho-Consultiva-Anac-8.jpg 1280w, https:\/\/www.abesata.org\/br\/wp-content\/uploads\/2016\/09\/Conselho-Consultiva-Anac-8-300x225.jpg 300w, https:\/\/www.abesata.org\/br\/wp-content\/uploads\/2016\/09\/Conselho-Consultiva-Anac-8-768x576.jpg 768w, https:\/\/www.abesata.org\/br\/wp-content\/uploads\/2016\/09\/Conselho-Consultiva-Anac-8-1024x768.jpg 1024w, https:\/\/www.abesata.org\/br\/wp-content\/uploads\/2016\/09\/Conselho-Consultiva-Anac-8-200x150.jpg 200w, https:\/\/www.abesata.org\/br\/wp-content\/uploads\/2016\/09\/Conselho-Consultiva-Anac-8-150x113.jpg 150w\" sizes=\"(max-width: 1280px) 100vw, 1280px\" \/><\/a> <a href=\"https:\/\/www.abesata.org\/br\/wp-content\/uploads\/2016\/09\/Conselho-Consultiva-Anac-9.jpg\" rel=\"attachment wp-att-5606\"><img loading=\"lazy\" decoding=\"async\" class=\"alignnone size-full wp-image-5606\" src=\"https:\/\/www.abesata.org\/br\/wp-content\/uploads\/2016\/09\/Conselho-Consultiva-Anac-9.jpg\" alt=\"Conselho Consultiva Anac (9)\" width=\"1280\" height=\"959\" srcset=\"https:\/\/www.abesata.org\/br\/wp-content\/uploads\/2016\/09\/Conselho-Consultiva-Anac-9.jpg 1280w, https:\/\/www.abesata.org\/br\/wp-content\/uploads\/2016\/09\/Conselho-Consultiva-Anac-9-300x225.jpg 300w, https:\/\/www.abesata.org\/br\/wp-content\/uploads\/2016\/09\/Conselho-Consultiva-Anac-9-768x575.jpg 768w, https:\/\/www.abesata.org\/br\/wp-content\/uploads\/2016\/09\/Conselho-Consultiva-Anac-9-1024x767.jpg 1024w, https:\/\/www.abesata.org\/br\/wp-content\/uploads\/2016\/09\/Conselho-Consultiva-Anac-9-200x150.jpg 200w, https:\/\/www.abesata.org\/br\/wp-content\/uploads\/2016\/09\/Conselho-Consultiva-Anac-9-150x112.jpg 150w\" sizes=\"(max-width: 1280px) 100vw, 1280px\" \/><\/a> <a href=\"https:\/\/www.abesata.org\/br\/wp-content\/uploads\/2016\/09\/Conselho-Consultiva-Anac-10.jpg\" rel=\"attachment wp-att-5607\"><img loading=\"lazy\" decoding=\"async\" class=\"alignnone size-full wp-image-5607\" src=\"https:\/\/www.abesata.org\/br\/wp-content\/uploads\/2016\/09\/Conselho-Consultiva-Anac-10.jpg\" alt=\"Conselho Consultiva Anac (10)\" width=\"1280\" height=\"960\" srcset=\"https:\/\/www.abesata.org\/br\/wp-content\/uploads\/2016\/09\/Conselho-Consultiva-Anac-10.jpg 1280w, https:\/\/www.abesata.org\/br\/wp-content\/uploads\/2016\/09\/Conselho-Consultiva-Anac-10-300x225.jpg 300w, https:\/\/www.abesata.org\/br\/wp-content\/uploads\/2016\/09\/Conselho-Consultiva-Anac-10-768x576.jpg 768w, https:\/\/www.abesata.org\/br\/wp-content\/uploads\/2016\/09\/Conselho-Consultiva-Anac-10-1024x768.jpg 1024w, https:\/\/www.abesata.org\/br\/wp-content\/uploads\/2016\/09\/Conselho-Consultiva-Anac-10-200x150.jpg 200w, https:\/\/www.abesata.org\/br\/wp-content\/uploads\/2016\/09\/Conselho-Consultiva-Anac-10-150x113.jpg 150w\" sizes=\"(max-width: 1280px) 100vw, 1280px\" \/><\/a> <a href=\"https:\/\/www.abesata.org\/br\/wp-content\/uploads\/2016\/09\/Conselho-Consultiva-Anac-11.jpg\" rel=\"attachment wp-att-5608\"><img loading=\"lazy\" decoding=\"async\" class=\"alignnone size-full wp-image-5608\" src=\"https:\/\/www.abesata.org\/br\/wp-content\/uploads\/2016\/09\/Conselho-Consultiva-Anac-11.jpg\" alt=\"Conselho Consultiva Anac (11)\" width=\"1280\" height=\"960\" srcset=\"https:\/\/www.abesata.org\/br\/wp-content\/uploads\/2016\/09\/Conselho-Consultiva-Anac-11.jpg 1280w, https:\/\/www.abesata.org\/br\/wp-content\/uploads\/2016\/09\/Conselho-Consultiva-Anac-11-300x225.jpg 300w, https:\/\/www.abesata.org\/br\/wp-content\/uploads\/2016\/09\/Conselho-Consultiva-Anac-11-768x576.jpg 768w, https:\/\/www.abesata.org\/br\/wp-content\/uploads\/2016\/09\/Conselho-Consultiva-Anac-11-1024x768.jpg 1024w, https:\/\/www.abesata.org\/br\/wp-content\/uploads\/2016\/09\/Conselho-Consultiva-Anac-11-200x150.jpg 200w, https:\/\/www.abesata.org\/br\/wp-content\/uploads\/2016\/09\/Conselho-Consultiva-Anac-11-150x113.jpg 150w\" sizes=\"(max-width: 1280px) 100vw, 1280px\" \/><\/a> <a href=\"https:\/\/www.abesata.org\/br\/wp-content\/uploads\/2016\/09\/Conselho-Consultiva-Anac-12.jpg\" rel=\"attachment wp-att-5609\"><img loading=\"lazy\" decoding=\"async\" class=\"alignnone size-full wp-image-5609\" src=\"https:\/\/www.abesata.org\/br\/wp-content\/uploads\/2016\/09\/Conselho-Consultiva-Anac-12.jpg\" alt=\"Conselho Consultiva Anac (12)\" width=\"3006\" height=\"3295\" srcset=\"https:\/\/www.abesata.org\/br\/wp-content\/uploads\/2016\/09\/Conselho-Consultiva-Anac-12.jpg 3006w, https:\/\/www.abesata.org\/br\/wp-content\/uploads\/2016\/09\/Conselho-Consultiva-Anac-12-274x300.jpg 274w, https:\/\/www.abesata.org\/br\/wp-content\/uploads\/2016\/09\/Conselho-Consultiva-Anac-12-768x842.jpg 768w, https:\/\/www.abesata.org\/br\/wp-content\/uploads\/2016\/09\/Conselho-Consultiva-Anac-12-934x1024.jpg 934w, https:\/\/www.abesata.org\/br\/wp-content\/uploads\/2016\/09\/Conselho-Consultiva-Anac-12-137x150.jpg 137w\" sizes=\"(max-width: 3006px) 100vw, 3006px\" \/><\/a><\/p>\n<p><img loading=\"lazy\" decoding=\"async\" class=\"alignnone  wp-image-5641\" src=\"https:\/\/www.abesata.org\/br\/wp-content\/uploads\/2016\/09\/5dd2d077-5e52-4c93-ae93-2403ace97bb5.jpeg\" alt=\"5dd2d077-5e52-4c93-ae93-2403ace97bb5\" width=\"821\" height=\"546\" srcset=\"https:\/\/www.abesata.org\/br\/wp-content\/uploads\/2016\/09\/5dd2d077-5e52-4c93-ae93-2403ace97bb5.jpeg 768w, https:\/\/www.abesata.org\/br\/wp-content\/uploads\/2016\/09\/5dd2d077-5e52-4c93-ae93-2403ace97bb5-300x200.jpeg 300w, https:\/\/www.abesata.org\/br\/wp-content\/uploads\/2016\/09\/5dd2d077-5e52-4c93-ae93-2403ace97bb5-225x150.jpeg 225w, https:\/\/www.abesata.org\/br\/wp-content\/uploads\/2016\/09\/5dd2d077-5e52-4c93-ae93-2403ace97bb5-150x100.jpeg 150w\" sizes=\"(max-width: 821px) 100vw, 821px\" \/><\/p>\n","protected":false},"excerpt":{"rendered":"","protected":false},"author":1,"featured_media":0,"parent":0,"menu_order":0,"comment_status":"closed","ping_status":"closed","template":"templates\/template-onecolumn.php","meta":{"footnotes":""},"class_list":["post-5597","page","type-page","status-publish","hentry"],"yoast_head":"<!-- This site is optimized with the Yoast SEO plugin v26.5 - https:\/\/yoast.com\/wordpress\/plugins\/seo\/ -->\n<title>Ministro dos Transportes no Conselho Consultivo da Anac - 14.09.16 - Abesata<\/title>\n<meta name=\"robots\" content=\"index, follow, max-snippet:-1, max-image-preview:large, max-video-preview:-1\" \/>\n<link rel=\"canonical\" href=\"https:\/\/www.abesata.org\/br\/ministro-dos-transportes-no-conselho-consultivo-da-anac-14-09-16\/\" \/>\n<meta property=\"og:locale\" content=\"pt_BR\" \/>\n<meta property=\"og:type\" content=\"article\" \/>\n<meta property=\"og:title\" content=\"Ministro dos Transportes no Conselho Consultivo da Anac - 14.09.16 - Abesata\" \/>\n<meta property=\"og:url\" content=\"https:\/\/www.abesata.org\/br\/ministro-dos-transportes-no-conselho-consultivo-da-anac-14-09-16\/\" \/>\n<meta property=\"og:site_name\" content=\"Abesata\" \/>\n<meta property=\"article:publisher\" content=\"https:\/\/www.facebook.com\/abesata.org\/\" \/>\n<meta property=\"article:modified_time\" content=\"2016-09-21T14:13:10+00:00\" \/>\n<meta property=\"og:image\" content=\"http:\/\/www.abesata.org\/br\/wp-content\/uploads\/2016\/09\/Conselho-Consultiva-Anac-1.jpg\" \/>\n<meta name=\"twitter:card\" content=\"summary_large_image\" \/>\n<script type=\"application\/ld+json\" class=\"yoast-schema-graph\">{\"@context\":\"https:\/\/schema.org\",\"@graph\":[{\"@type\":\"WebPage\",\"@id\":\"https:\/\/www.abesata.org\/br\/ministro-dos-transportes-no-conselho-consultivo-da-anac-14-09-16\/\",\"url\":\"https:\/\/www.abesata.org\/br\/ministro-dos-transportes-no-conselho-consultivo-da-anac-14-09-16\/\",\"name\":\"Ministro dos Transportes no Conselho Consultivo da Anac - 14.09.16 - Abesata\",\"isPartOf\":{\"@id\":\"https:\/\/www.abesata.org\/br\/#website\"},\"primaryImageOfPage\":{\"@id\":\"https:\/\/www.abesata.org\/br\/ministro-dos-transportes-no-conselho-consultivo-da-anac-14-09-16\/#primaryimage\"},\"image\":{\"@id\":\"https:\/\/www.abesata.org\/br\/ministro-dos-transportes-no-conselho-consultivo-da-anac-14-09-16\/#primaryimage\"},\"thumbnailUrl\":\"http:\/\/www.abesata.org\/br\/wp-content\/uploads\/2016\/09\/Conselho-Consultiva-Anac-1.jpg\",\"datePublished\":\"2016-09-17T18:27:09+00:00\",\"dateModified\":\"2016-09-21T14:13:10+00:00\",\"breadcrumb\":{\"@id\":\"https:\/\/www.abesata.org\/br\/ministro-dos-transportes-no-conselho-consultivo-da-anac-14-09-16\/#breadcrumb\"},\"inLanguage\":\"pt-BR\",\"potentialAction\":[{\"@type\":\"ReadAction\",\"target\":[\"https:\/\/www.abesata.org\/br\/ministro-dos-transportes-no-conselho-consultivo-da-anac-14-09-16\/\"]}]},{\"@type\":\"ImageObject\",\"inLanguage\":\"pt-BR\",\"@id\":\"https:\/\/www.abesata.org\/br\/ministro-dos-transportes-no-conselho-consultivo-da-anac-14-09-16\/#primaryimage\",\"url\":\"http:\/\/www.abesata.org\/br\/wp-content\/uploads\/2016\/09\/Conselho-Consultiva-Anac-1.jpg\",\"contentUrl\":\"http:\/\/www.abesata.org\/br\/wp-content\/uploads\/2016\/09\/Conselho-Consultiva-Anac-1.jpg\"},{\"@type\":\"BreadcrumbList\",\"@id\":\"https:\/\/www.abesata.org\/br\/ministro-dos-transportes-no-conselho-consultivo-da-anac-14-09-16\/#breadcrumb\",\"itemListElement\":[{\"@type\":\"ListItem\",\"position\":1,\"name\":\"In\u00edcio\",\"item\":\"https:\/\/www.abesata.org\/br\/\"},{\"@type\":\"ListItem\",\"position\":2,\"name\":\"Ministro dos Transportes no Conselho Consultivo da Anac &#8211; 14.09.16\"}]},{\"@type\":\"WebSite\",\"@id\":\"https:\/\/www.abesata.org\/br\/#website\",\"url\":\"https:\/\/www.abesata.org\/br\/\",\"name\":\"Abesata\",\"description\":\"Associa\u00e7\u00e3o Brasileira das Empresas de Servi\u00e7os Auxiliares de Transporte A\u00e9reo\",\"publisher\":{\"@id\":\"https:\/\/www.abesata.org\/br\/#organization\"},\"potentialAction\":[{\"@type\":\"SearchAction\",\"target\":{\"@type\":\"EntryPoint\",\"urlTemplate\":\"https:\/\/www.abesata.org\/br\/?s={search_term_string}\"},\"query-input\":{\"@type\":\"PropertyValueSpecification\",\"valueRequired\":true,\"valueName\":\"search_term_string\"}}],\"inLanguage\":\"pt-BR\"},{\"@type\":\"Organization\",\"@id\":\"https:\/\/www.abesata.org\/br\/#organization\",\"name\":\"Associa\u00e7\u00e3o Brasileira das Empresas de Servi\u00e7os Auxiliares de Transporte A\u00e9reo\",\"alternateName\":\"Abesata\",\"url\":\"https:\/\/www.abesata.org\/br\/\",\"logo\":{\"@type\":\"ImageObject\",\"inLanguage\":\"pt-BR\",\"@id\":\"https:\/\/www.abesata.org\/br\/#\/schema\/logo\/image\/\",\"url\":\"https:\/\/www.abesata.org\/br\/wp-content\/uploads\/2023\/10\/Abesata.png\",\"contentUrl\":\"https:\/\/www.abesata.org\/br\/wp-content\/uploads\/2023\/10\/Abesata.png\",\"width\":1063,\"height\":591,\"caption\":\"Associa\u00e7\u00e3o Brasileira das Empresas de Servi\u00e7os Auxiliares de Transporte A\u00e9reo\"},\"image\":{\"@id\":\"https:\/\/www.abesata.org\/br\/#\/schema\/logo\/image\/\"},\"sameAs\":[\"https:\/\/www.facebook.com\/abesata.org\/\",\"https:\/\/www.instagram.com\/abesata_gh\/\",\"https:\/\/br.linkedin.com\/company\/abesata\"]}]}<\/script>\n<!-- \/ Yoast SEO plugin. -->","yoast_head_json":{"title":"Ministro dos Transportes no Conselho Consultivo da Anac - 14.09.16 - Abesata","robots":{"index":"index","follow":"follow","max-snippet":"max-snippet:-1","max-image-preview":"max-image-preview:large","max-video-preview":"max-video-preview:-1"},"canonical":"https:\/\/www.abesata.org\/br\/ministro-dos-transportes-no-conselho-consultivo-da-anac-14-09-16\/","og_locale":"pt_BR","og_type":"article","og_title":"Ministro dos Transportes no Conselho Consultivo da Anac - 14.09.16 - Abesata","og_url":"https:\/\/www.abesata.org\/br\/ministro-dos-transportes-no-conselho-consultivo-da-anac-14-09-16\/","og_site_name":"Abesata","article_publisher":"https:\/\/www.facebook.com\/abesata.org\/","article_modified_time":"2016-09-21T14:13:10+00:00","og_image":[{"url":"http:\/\/www.abesata.org\/br\/wp-content\/uploads\/2016\/09\/Conselho-Consultiva-Anac-1.jpg","type":"","width":"","height":""}],"twitter_card":"summary_large_image","schema":{"@context":"https:\/\/schema.org","@graph":[{"@type":"WebPage","@id":"https:\/\/www.abesata.org\/br\/ministro-dos-transportes-no-conselho-consultivo-da-anac-14-09-16\/","url":"https:\/\/www.abesata.org\/br\/ministro-dos-transportes-no-conselho-consultivo-da-anac-14-09-16\/","name":"Ministro dos Transportes no Conselho Consultivo da Anac - 14.09.16 - Abesata","isPartOf":{"@id":"https:\/\/www.abesata.org\/br\/#website"},"primaryImageOfPage":{"@id":"https:\/\/www.abesata.org\/br\/ministro-dos-transportes-no-conselho-consultivo-da-anac-14-09-16\/#primaryimage"},"image":{"@id":"https:\/\/www.abesata.org\/br\/ministro-dos-transportes-no-conselho-consultivo-da-anac-14-09-16\/#primaryimage"},"thumbnailUrl":"http:\/\/www.abesata.org\/br\/wp-content\/uploads\/2016\/09\/Conselho-Consultiva-Anac-1.jpg","datePublished":"2016-09-17T18:27:09+00:00","dateModified":"2016-09-21T14:13:10+00:00","breadcrumb":{"@id":"https:\/\/www.abesata.org\/br\/ministro-dos-transportes-no-conselho-consultivo-da-anac-14-09-16\/#breadcrumb"},"inLanguage":"pt-BR","potentialAction":[{"@type":"ReadAction","target":["https:\/\/www.abesata.org\/br\/ministro-dos-transportes-no-conselho-consultivo-da-anac-14-09-16\/"]}]},{"@type":"ImageObject","inLanguage":"pt-BR","@id":"https:\/\/www.abesata.org\/br\/ministro-dos-transportes-no-conselho-consultivo-da-anac-14-09-16\/#primaryimage","url":"http:\/\/www.abesata.org\/br\/wp-content\/uploads\/2016\/09\/Conselho-Consultiva-Anac-1.jpg","contentUrl":"http:\/\/www.abesata.org\/br\/wp-content\/uploads\/2016\/09\/Conselho-Consultiva-Anac-1.jpg"},{"@type":"BreadcrumbList","@id":"https:\/\/www.abesata.org\/br\/ministro-dos-transportes-no-conselho-consultivo-da-anac-14-09-16\/#breadcrumb","itemListElement":[{"@type":"ListItem","position":1,"name":"In\u00edcio","item":"https:\/\/www.abesata.org\/br\/"},{"@type":"ListItem","position":2,"name":"Ministro dos Transportes no Conselho Consultivo da Anac &#8211; 14.09.16"}]},{"@type":"WebSite","@id":"https:\/\/www.abesata.org\/br\/#website","url":"https:\/\/www.abesata.org\/br\/","name":"Abesata","description":"Associa\u00e7\u00e3o Brasileira das Empresas de Servi\u00e7os Auxiliares de Transporte A\u00e9reo","publisher":{"@id":"https:\/\/www.abesata.org\/br\/#organization"},"potentialAction":[{"@type":"SearchAction","target":{"@type":"EntryPoint","urlTemplate":"https:\/\/www.abesata.org\/br\/?s={search_term_string}"},"query-input":{"@type":"PropertyValueSpecification","valueRequired":true,"valueName":"search_term_string"}}],"inLanguage":"pt-BR"},{"@type":"Organization","@id":"https:\/\/www.abesata.org\/br\/#organization","name":"Associa\u00e7\u00e3o Brasileira das Empresas de Servi\u00e7os Auxiliares de Transporte A\u00e9reo","alternateName":"Abesata","url":"https:\/\/www.abesata.org\/br\/","logo":{"@type":"ImageObject","inLanguage":"pt-BR","@id":"https:\/\/www.abesata.org\/br\/#\/schema\/logo\/image\/","url":"https:\/\/www.abesata.org\/br\/wp-content\/uploads\/2023\/10\/Abesata.png","contentUrl":"https:\/\/www.abesata.org\/br\/wp-content\/uploads\/2023\/10\/Abesata.png","width":1063,"height":591,"caption":"Associa\u00e7\u00e3o Brasileira das Empresas de Servi\u00e7os Auxiliares de Transporte A\u00e9reo"},"image":{"@id":"https:\/\/www.abesata.org\/br\/#\/schema\/logo\/image\/"},"sameAs":["https:\/\/www.facebook.com\/abesata.org\/","https:\/\/www.instagram.com\/abesata_gh\/","https:\/\/br.linkedin.com\/company\/abesata"]}]}},"_links":{"self":[{"href":"https:\/\/www.abesata.org\/br\/wp-json\/wp\/v2\/pages\/5597","targetHints":{"allow":["GET"]}}],"collection":[{"href":"https:\/\/www.abesata.org\/br\/wp-json\/wp\/v2\/pages"}],"about":[{"href":"https:\/\/www.abesata.org\/br\/wp-json\/wp\/v2\/types\/page"}],"author":[{"embeddable":true,"href":"https:\/\/www.abesata.org\/br\/wp-json\/wp\/v2\/users\/1"}],"replies":[{"embeddable":true,"href":"https:\/\/www.abesata.org\/br\/wp-json\/wp\/v2\/comments?post=5597"}],"version-history":[{"count":0,"href":"https:\/\/www.abesata.org\/br\/wp-json\/wp\/v2\/pages\/5597\/revisions"}],"wp:attachment":[{"href":"https:\/\/www.abesata.org\/br\/wp-json\/wp\/v2\/media?parent=5597"}],"curies":[{"name":"wp","href":"https:\/\/api.w.org\/{rel}","templated":true}]}}