{"id":7627,"date":"2018-03-03T11:13:33","date_gmt":"2018-03-03T11:13:33","guid":{"rendered":"http:\/\/www.abesata.org\/br\/?page_id=7627"},"modified":"2018-03-04T18:13:15","modified_gmt":"2018-03-04T18:13:15","slug":"7627-2","status":"publish","type":"page","link":"https:\/\/www.abesata.org\/br\/7627-2\/","title":{"rendered":"Segundo F\u00f3rum de Direito Tribut\u00e1rio &#8211; 02 mar\u00e7o 2018"},"content":{"rendered":"<p>&nbsp;<img decoding=\"async\" class=\"alignnone size-full wp-image-7628\" src=\"https:\/\/www.abesata.org\/br\/wp-content\/uploads\/2018\/03\/1.jpg\" alt=\"\"><\/p>\n<p><img fetchpriority=\"high\" decoding=\"async\" class=\"alignnone size-full wp-image-7629\" src=\"https:\/\/www.abesata.org\/br\/wp-content\/uploads\/2018\/03\/2.jpg\" alt=\"\" width=\"4032\" height=\"3024\" srcset=\"https:\/\/www.abesata.org\/br\/wp-content\/uploads\/2018\/03\/2.jpg 4032w, https:\/\/www.abesata.org\/br\/wp-content\/uploads\/2018\/03\/2-300x225.jpg 300w, https:\/\/www.abesata.org\/br\/wp-content\/uploads\/2018\/03\/2-768x576.jpg 768w, https:\/\/www.abesata.org\/br\/wp-content\/uploads\/2018\/03\/2-1024x768.jpg 1024w, https:\/\/www.abesata.org\/br\/wp-content\/uploads\/2018\/03\/2-200x150.jpg 200w, https:\/\/www.abesata.org\/br\/wp-content\/uploads\/2018\/03\/2-150x113.jpg 150w\" sizes=\"(max-width: 4032px) 100vw, 4032px\" \/><\/p>\n<p><img decoding=\"async\" class=\"alignnone size-full wp-image-7630\" src=\"https:\/\/www.abesata.org\/br\/wp-content\/uploads\/2018\/03\/3.jpg\" alt=\"\"><\/p>\n<p><img decoding=\"async\" class=\"alignnone size-full wp-image-7631\" src=\"https:\/\/www.abesata.org\/br\/wp-content\/uploads\/2018\/03\/4.jpg\" alt=\"\" width=\"4009\" height=\"1902\" srcset=\"https:\/\/www.abesata.org\/br\/wp-content\/uploads\/2018\/03\/4.jpg 4009w, https:\/\/www.abesata.org\/br\/wp-content\/uploads\/2018\/03\/4-300x142.jpg 300w, https:\/\/www.abesata.org\/br\/wp-content\/uploads\/2018\/03\/4-768x364.jpg 768w, https:\/\/www.abesata.org\/br\/wp-content\/uploads\/2018\/03\/4-1024x486.jpg 1024w, https:\/\/www.abesata.org\/br\/wp-content\/uploads\/2018\/03\/4-250x119.jpg 250w, https:\/\/www.abesata.org\/br\/wp-content\/uploads\/2018\/03\/4-150x71.jpg 150w\" sizes=\"(max-width: 4009px) 100vw, 4009px\" \/><\/p>\n<p><img decoding=\"async\" class=\"alignnone size-full wp-image-7632\" src=\"https:\/\/www.abesata.org\/br\/wp-content\/uploads\/2018\/03\/5.jpg\" alt=\"\" width=\"3916\" height=\"2272\" srcset=\"https:\/\/www.abesata.org\/br\/wp-content\/uploads\/2018\/03\/5.jpg 3916w, https:\/\/www.abesata.org\/br\/wp-content\/uploads\/2018\/03\/5-300x174.jpg 300w, https:\/\/www.abesata.org\/br\/wp-content\/uploads\/2018\/03\/5-768x446.jpg 768w, https:\/\/www.abesata.org\/br\/wp-content\/uploads\/2018\/03\/5-1024x594.jpg 1024w, https:\/\/www.abesata.org\/br\/wp-content\/uploads\/2018\/03\/5-250x145.jpg 250w, https:\/\/www.abesata.org\/br\/wp-content\/uploads\/2018\/03\/5-150x87.jpg 150w\" sizes=\"(max-width: 3916px) 100vw, 3916px\" \/><\/p>\n<p><img loading=\"lazy\" decoding=\"async\" class=\"alignnone size-full wp-image-7633\" src=\"https:\/\/www.abesata.org\/br\/wp-content\/uploads\/2018\/03\/6.jpg\" alt=\"\" width=\"4032\" height=\"2371\" srcset=\"https:\/\/www.abesata.org\/br\/wp-content\/uploads\/2018\/03\/6.jpg 4032w, https:\/\/www.abesata.org\/br\/wp-content\/uploads\/2018\/03\/6-300x176.jpg 300w, https:\/\/www.abesata.org\/br\/wp-content\/uploads\/2018\/03\/6-768x452.jpg 768w, https:\/\/www.abesata.org\/br\/wp-content\/uploads\/2018\/03\/6-1024x602.jpg 1024w, https:\/\/www.abesata.org\/br\/wp-content\/uploads\/2018\/03\/6-250x147.jpg 250w, https:\/\/www.abesata.org\/br\/wp-content\/uploads\/2018\/03\/6-150x88.jpg 150w\" sizes=\"(max-width: 4032px) 100vw, 4032px\" \/><\/p>\n<p><img loading=\"lazy\" decoding=\"async\" class=\"alignnone size-full wp-image-7644\" src=\"https:\/\/www.abesata.org\/br\/wp-content\/uploads\/2018\/03\/IMG_0198.jpg\" alt=\"\" width=\"3746\" height=\"2657\" srcset=\"https:\/\/www.abesata.org\/br\/wp-content\/uploads\/2018\/03\/IMG_0198.jpg 3746w, https:\/\/www.abesata.org\/br\/wp-content\/uploads\/2018\/03\/IMG_0198-300x213.jpg 300w, https:\/\/www.abesata.org\/br\/wp-content\/uploads\/2018\/03\/IMG_0198-768x545.jpg 768w, https:\/\/www.abesata.org\/br\/wp-content\/uploads\/2018\/03\/IMG_0198-1024x726.jpg 1024w, https:\/\/www.abesata.org\/br\/wp-content\/uploads\/2018\/03\/IMG_0198-211x150.jpg 211w, https:\/\/www.abesata.org\/br\/wp-content\/uploads\/2018\/03\/IMG_0198-150x106.jpg 150w\" sizes=\"(max-width: 3746px) 100vw, 3746px\" \/><\/p>\n<p>&nbsp;<\/p>\n","protected":false},"excerpt":{"rendered":"<p>&nbsp; &nbsp;<\/p>\n","protected":false},"author":18,"featured_media":0,"parent":0,"menu_order":0,"comment_status":"closed","ping_status":"closed","template":"","meta":{"footnotes":""},"class_list":["post-7627","page","type-page","status-publish","hentry"],"yoast_head":"<!-- This site is optimized with the Yoast SEO plugin v26.5 - https:\/\/yoast.com\/wordpress\/plugins\/seo\/ -->\n<title>Segundo F\u00f3rum de Direito Tribut\u00e1rio - 02 mar\u00e7o 2018 - Abesata<\/title>\n<meta name=\"robots\" content=\"index, follow, max-snippet:-1, max-image-preview:large, max-video-preview:-1\" \/>\n<link rel=\"canonical\" href=\"https:\/\/www.abesata.org\/br\/7627-2\/\" \/>\n<meta property=\"og:locale\" content=\"pt_BR\" \/>\n<meta property=\"og:type\" content=\"article\" \/>\n<meta property=\"og:title\" content=\"Segundo F\u00f3rum de Direito Tribut\u00e1rio - 02 mar\u00e7o 2018 - Abesata\" \/>\n<meta property=\"og:description\" content=\"&nbsp; &nbsp;\" \/>\n<meta property=\"og:url\" content=\"https:\/\/www.abesata.org\/br\/7627-2\/\" \/>\n<meta property=\"og:site_name\" content=\"Abesata\" \/>\n<meta property=\"article:publisher\" content=\"https:\/\/www.facebook.com\/abesata.org\/\" \/>\n<meta property=\"article:modified_time\" content=\"2018-03-04T18:13:15+00:00\" \/>\n<meta property=\"og:image\" content=\"http:\/\/www.abesata.org\/br\/wp-content\/uploads\/2018\/03\/1.jpg\" \/>\n<meta name=\"twitter:card\" content=\"summary_large_image\" \/>\n<script type=\"application\/ld+json\" class=\"yoast-schema-graph\">{\"@context\":\"https:\/\/schema.org\",\"@graph\":[{\"@type\":\"WebPage\",\"@id\":\"https:\/\/www.abesata.org\/br\/7627-2\/\",\"url\":\"https:\/\/www.abesata.org\/br\/7627-2\/\",\"name\":\"Segundo F\u00f3rum de Direito Tribut\u00e1rio - 02 mar\u00e7o 2018 - Abesata\",\"isPartOf\":{\"@id\":\"https:\/\/www.abesata.org\/br\/#website\"},\"primaryImageOfPage\":{\"@id\":\"https:\/\/www.abesata.org\/br\/7627-2\/#primaryimage\"},\"image\":{\"@id\":\"https:\/\/www.abesata.org\/br\/7627-2\/#primaryimage\"},\"thumbnailUrl\":\"http:\/\/www.abesata.org\/br\/wp-content\/uploads\/2018\/03\/1.jpg\",\"datePublished\":\"2018-03-03T11:13:33+00:00\",\"dateModified\":\"2018-03-04T18:13:15+00:00\",\"breadcrumb\":{\"@id\":\"https:\/\/www.abesata.org\/br\/7627-2\/#breadcrumb\"},\"inLanguage\":\"pt-BR\",\"potentialAction\":[{\"@type\":\"ReadAction\",\"target\":[\"https:\/\/www.abesata.org\/br\/7627-2\/\"]}]},{\"@type\":\"ImageObject\",\"inLanguage\":\"pt-BR\",\"@id\":\"https:\/\/www.abesata.org\/br\/7627-2\/#primaryimage\",\"url\":\"http:\/\/www.abesata.org\/br\/wp-content\/uploads\/2018\/03\/1.jpg\",\"contentUrl\":\"http:\/\/www.abesata.org\/br\/wp-content\/uploads\/2018\/03\/1.jpg\"},{\"@type\":\"BreadcrumbList\",\"@id\":\"https:\/\/www.abesata.org\/br\/7627-2\/#breadcrumb\",\"itemListElement\":[{\"@type\":\"ListItem\",\"position\":1,\"name\":\"In\u00edcio\",\"item\":\"https:\/\/www.abesata.org\/br\/\"},{\"@type\":\"ListItem\",\"position\":2,\"name\":\"Segundo F\u00f3rum de Direito Tribut\u00e1rio &#8211; 02 mar\u00e7o 2018\"}]},{\"@type\":\"WebSite\",\"@id\":\"https:\/\/www.abesata.org\/br\/#website\",\"url\":\"https:\/\/www.abesata.org\/br\/\",\"name\":\"Abesata\",\"description\":\"Associa\u00e7\u00e3o Brasileira das Empresas de Servi\u00e7os Auxiliares de Transporte A\u00e9reo\",\"publisher\":{\"@id\":\"https:\/\/www.abesata.org\/br\/#organization\"},\"potentialAction\":[{\"@type\":\"SearchAction\",\"target\":{\"@type\":\"EntryPoint\",\"urlTemplate\":\"https:\/\/www.abesata.org\/br\/?s={search_term_string}\"},\"query-input\":{\"@type\":\"PropertyValueSpecification\",\"valueRequired\":true,\"valueName\":\"search_term_string\"}}],\"inLanguage\":\"pt-BR\"},{\"@type\":\"Organization\",\"@id\":\"https:\/\/www.abesata.org\/br\/#organization\",\"name\":\"Associa\u00e7\u00e3o Brasileira das Empresas de Servi\u00e7os Auxiliares de Transporte A\u00e9reo\",\"alternateName\":\"Abesata\",\"url\":\"https:\/\/www.abesata.org\/br\/\",\"logo\":{\"@type\":\"ImageObject\",\"inLanguage\":\"pt-BR\",\"@id\":\"https:\/\/www.abesata.org\/br\/#\/schema\/logo\/image\/\",\"url\":\"https:\/\/www.abesata.org\/br\/wp-content\/uploads\/2023\/10\/Abesata.png\",\"contentUrl\":\"https:\/\/www.abesata.org\/br\/wp-content\/uploads\/2023\/10\/Abesata.png\",\"width\":1063,\"height\":591,\"caption\":\"Associa\u00e7\u00e3o Brasileira das Empresas de Servi\u00e7os Auxiliares de Transporte A\u00e9reo\"},\"image\":{\"@id\":\"https:\/\/www.abesata.org\/br\/#\/schema\/logo\/image\/\"},\"sameAs\":[\"https:\/\/www.facebook.com\/abesata.org\/\",\"https:\/\/www.instagram.com\/abesata_gh\/\",\"https:\/\/br.linkedin.com\/company\/abesata\"]}]}<\/script>\n<!-- \/ Yoast SEO plugin. -->","yoast_head_json":{"title":"Segundo F\u00f3rum de Direito Tribut\u00e1rio - 02 mar\u00e7o 2018 - Abesata","robots":{"index":"index","follow":"follow","max-snippet":"max-snippet:-1","max-image-preview":"max-image-preview:large","max-video-preview":"max-video-preview:-1"},"canonical":"https:\/\/www.abesata.org\/br\/7627-2\/","og_locale":"pt_BR","og_type":"article","og_title":"Segundo F\u00f3rum de Direito Tribut\u00e1rio - 02 mar\u00e7o 2018 - Abesata","og_description":"&nbsp; &nbsp;","og_url":"https:\/\/www.abesata.org\/br\/7627-2\/","og_site_name":"Abesata","article_publisher":"https:\/\/www.facebook.com\/abesata.org\/","article_modified_time":"2018-03-04T18:13:15+00:00","og_image":[{"url":"http:\/\/www.abesata.org\/br\/wp-content\/uploads\/2018\/03\/1.jpg","type":"","width":"","height":""}],"twitter_card":"summary_large_image","schema":{"@context":"https:\/\/schema.org","@graph":[{"@type":"WebPage","@id":"https:\/\/www.abesata.org\/br\/7627-2\/","url":"https:\/\/www.abesata.org\/br\/7627-2\/","name":"Segundo F\u00f3rum de Direito Tribut\u00e1rio - 02 mar\u00e7o 2018 - Abesata","isPartOf":{"@id":"https:\/\/www.abesata.org\/br\/#website"},"primaryImageOfPage":{"@id":"https:\/\/www.abesata.org\/br\/7627-2\/#primaryimage"},"image":{"@id":"https:\/\/www.abesata.org\/br\/7627-2\/#primaryimage"},"thumbnailUrl":"http:\/\/www.abesata.org\/br\/wp-content\/uploads\/2018\/03\/1.jpg","datePublished":"2018-03-03T11:13:33+00:00","dateModified":"2018-03-04T18:13:15+00:00","breadcrumb":{"@id":"https:\/\/www.abesata.org\/br\/7627-2\/#breadcrumb"},"inLanguage":"pt-BR","potentialAction":[{"@type":"ReadAction","target":["https:\/\/www.abesata.org\/br\/7627-2\/"]}]},{"@type":"ImageObject","inLanguage":"pt-BR","@id":"https:\/\/www.abesata.org\/br\/7627-2\/#primaryimage","url":"http:\/\/www.abesata.org\/br\/wp-content\/uploads\/2018\/03\/1.jpg","contentUrl":"http:\/\/www.abesata.org\/br\/wp-content\/uploads\/2018\/03\/1.jpg"},{"@type":"BreadcrumbList","@id":"https:\/\/www.abesata.org\/br\/7627-2\/#breadcrumb","itemListElement":[{"@type":"ListItem","position":1,"name":"In\u00edcio","item":"https:\/\/www.abesata.org\/br\/"},{"@type":"ListItem","position":2,"name":"Segundo F\u00f3rum de Direito Tribut\u00e1rio &#8211; 02 mar\u00e7o 2018"}]},{"@type":"WebSite","@id":"https:\/\/www.abesata.org\/br\/#website","url":"https:\/\/www.abesata.org\/br\/","name":"Abesata","description":"Associa\u00e7\u00e3o Brasileira das Empresas de Servi\u00e7os Auxiliares de Transporte A\u00e9reo","publisher":{"@id":"https:\/\/www.abesata.org\/br\/#organization"},"potentialAction":[{"@type":"SearchAction","target":{"@type":"EntryPoint","urlTemplate":"https:\/\/www.abesata.org\/br\/?s={search_term_string}"},"query-input":{"@type":"PropertyValueSpecification","valueRequired":true,"valueName":"search_term_string"}}],"inLanguage":"pt-BR"},{"@type":"Organization","@id":"https:\/\/www.abesata.org\/br\/#organization","name":"Associa\u00e7\u00e3o Brasileira das Empresas de Servi\u00e7os Auxiliares de Transporte A\u00e9reo","alternateName":"Abesata","url":"https:\/\/www.abesata.org\/br\/","logo":{"@type":"ImageObject","inLanguage":"pt-BR","@id":"https:\/\/www.abesata.org\/br\/#\/schema\/logo\/image\/","url":"https:\/\/www.abesata.org\/br\/wp-content\/uploads\/2023\/10\/Abesata.png","contentUrl":"https:\/\/www.abesata.org\/br\/wp-content\/uploads\/2023\/10\/Abesata.png","width":1063,"height":591,"caption":"Associa\u00e7\u00e3o Brasileira das Empresas de Servi\u00e7os Auxiliares de Transporte A\u00e9reo"},"image":{"@id":"https:\/\/www.abesata.org\/br\/#\/schema\/logo\/image\/"},"sameAs":["https:\/\/www.facebook.com\/abesata.org\/","https:\/\/www.instagram.com\/abesata_gh\/","https:\/\/br.linkedin.com\/company\/abesata"]}]}},"_links":{"self":[{"href":"https:\/\/www.abesata.org\/br\/wp-json\/wp\/v2\/pages\/7627","targetHints":{"allow":["GET"]}}],"collection":[{"href":"https:\/\/www.abesata.org\/br\/wp-json\/wp\/v2\/pages"}],"about":[{"href":"https:\/\/www.abesata.org\/br\/wp-json\/wp\/v2\/types\/page"}],"author":[{"embeddable":true,"href":"https:\/\/www.abesata.org\/br\/wp-json\/wp\/v2\/users\/18"}],"replies":[{"embeddable":true,"href":"https:\/\/www.abesata.org\/br\/wp-json\/wp\/v2\/comments?post=7627"}],"version-history":[{"count":0,"href":"https:\/\/www.abesata.org\/br\/wp-json\/wp\/v2\/pages\/7627\/revisions"}],"wp:attachment":[{"href":"https:\/\/www.abesata.org\/br\/wp-json\/wp\/v2\/media?parent=7627"}],"curies":[{"name":"wp","href":"https:\/\/api.w.org\/{rel}","templated":true}]}}