{"id":9463,"date":"2019-06-03T15:45:47","date_gmt":"2019-06-03T15:45:47","guid":{"rendered":"http:\/\/www.abesata.org\/br\/?page_id=9463"},"modified":"2019-06-03T15:57:16","modified_gmt":"2019-06-03T15:57:16","slug":"titulo-iata-ground-handling-conference-27-e-28-maio-2019-madrid","status":"publish","type":"page","link":"https:\/\/www.abesata.org\/br\/titulo-iata-ground-handling-conference-27-e-28-maio-2019-madrid\/","title":{"rendered":"IATA Ground Handling Conference &#8211; 27 e 28 maio.2019 &#8211; Madrid"},"content":{"rendered":"<p><img fetchpriority=\"high\" decoding=\"async\" class=\"aligncenter size-large wp-image-9467\" src=\"https:\/\/www.abesata.org\/br\/wp-content\/uploads\/2019\/06\/foto-1-1024x757.jpg\" alt=\"\" width=\"800\" height=\"591\" srcset=\"https:\/\/www.abesata.org\/br\/wp-content\/uploads\/2019\/06\/foto-1-1024x757.jpg 1024w, https:\/\/www.abesata.org\/br\/wp-content\/uploads\/2019\/06\/foto-1-300x222.jpg 300w, https:\/\/www.abesata.org\/br\/wp-content\/uploads\/2019\/06\/foto-1-768x568.jpg 768w, https:\/\/www.abesata.org\/br\/wp-content\/uploads\/2019\/06\/foto-1-203x150.jpg 203w, https:\/\/www.abesata.org\/br\/wp-content\/uploads\/2019\/06\/foto-1-150x111.jpg 150w, https:\/\/www.abesata.org\/br\/wp-content\/uploads\/2019\/06\/foto-1.jpg 1280w\" sizes=\"(max-width: 800px) 100vw, 800px\" \/> <img decoding=\"async\" class=\"aligncenter size-large wp-image-9468\" src=\"https:\/\/www.abesata.org\/br\/wp-content\/uploads\/2019\/06\/foto-2-1024x730.jpg\" alt=\"\" width=\"800\" height=\"570\" srcset=\"https:\/\/www.abesata.org\/br\/wp-content\/uploads\/2019\/06\/foto-2-1024x730.jpg 1024w, https:\/\/www.abesata.org\/br\/wp-content\/uploads\/2019\/06\/foto-2-300x214.jpg 300w, https:\/\/www.abesata.org\/br\/wp-content\/uploads\/2019\/06\/foto-2-768x547.jpg 768w, https:\/\/www.abesata.org\/br\/wp-content\/uploads\/2019\/06\/foto-2-211x150.jpg 211w, https:\/\/www.abesata.org\/br\/wp-content\/uploads\/2019\/06\/foto-2-150x107.jpg 150w, https:\/\/www.abesata.org\/br\/wp-content\/uploads\/2019\/06\/foto-2.jpg 1280w\" sizes=\"(max-width: 800px) 100vw, 800px\" \/> <img decoding=\"async\" class=\"aligncenter size-large wp-image-9469\" src=\"https:\/\/www.abesata.org\/br\/wp-content\/uploads\/2019\/06\/foto-3-768x1024.jpg\" alt=\"\" width=\"768\" height=\"1024\" srcset=\"https:\/\/www.abesata.org\/br\/wp-content\/uploads\/2019\/06\/foto-3-768x1024.jpg 768w, https:\/\/www.abesata.org\/br\/wp-content\/uploads\/2019\/06\/foto-3-225x300.jpg 225w, https:\/\/www.abesata.org\/br\/wp-content\/uploads\/2019\/06\/foto-3-113x150.jpg 113w, https:\/\/www.abesata.org\/br\/wp-content\/uploads\/2019\/06\/foto-3.jpg 960w\" sizes=\"(max-width: 768px) 100vw, 768px\" \/> <img loading=\"lazy\" decoding=\"async\" class=\"aligncenter size-large wp-image-9470\" src=\"https:\/\/www.abesata.org\/br\/wp-content\/uploads\/2019\/06\/foto-4-892x1024.jpg\" alt=\"\" width=\"800\" height=\"918\" srcset=\"https:\/\/www.abesata.org\/br\/wp-content\/uploads\/2019\/06\/foto-4-892x1024.jpg 892w, https:\/\/www.abesata.org\/br\/wp-content\/uploads\/2019\/06\/foto-4-261x300.jpg 261w, https:\/\/www.abesata.org\/br\/wp-content\/uploads\/2019\/06\/foto-4-768x882.jpg 768w, https:\/\/www.abesata.org\/br\/wp-content\/uploads\/2019\/06\/foto-4-131x150.jpg 131w, https:\/\/www.abesata.org\/br\/wp-content\/uploads\/2019\/06\/foto-4.jpg 1115w\" sizes=\"(max-width: 800px) 100vw, 800px\" \/> <img loading=\"lazy\" decoding=\"async\" class=\"aligncenter size-large wp-image-9471\" src=\"https:\/\/www.abesata.org\/br\/wp-content\/uploads\/2019\/06\/foto-5-884x1024.jpg\" alt=\"\" width=\"800\" height=\"927\" srcset=\"https:\/\/www.abesata.org\/br\/wp-content\/uploads\/2019\/06\/foto-5-884x1024.jpg 884w, https:\/\/www.abesata.org\/br\/wp-content\/uploads\/2019\/06\/foto-5-259x300.jpg 259w, https:\/\/www.abesata.org\/br\/wp-content\/uploads\/2019\/06\/foto-5-768x890.jpg 768w, https:\/\/www.abesata.org\/br\/wp-content\/uploads\/2019\/06\/foto-5-129x150.jpg 129w, https:\/\/www.abesata.org\/br\/wp-content\/uploads\/2019\/06\/foto-5.jpg 1105w\" sizes=\"(max-width: 800px) 100vw, 800px\" \/> <img loading=\"lazy\" decoding=\"async\" class=\"aligncenter size-large wp-image-9472\" src=\"https:\/\/www.abesata.org\/br\/wp-content\/uploads\/2019\/06\/foto-6-768x1024.jpg\" alt=\"\" width=\"768\" height=\"1024\" srcset=\"https:\/\/www.abesata.org\/br\/wp-content\/uploads\/2019\/06\/foto-6-768x1024.jpg 768w, https:\/\/www.abesata.org\/br\/wp-content\/uploads\/2019\/06\/foto-6-225x300.jpg 225w, https:\/\/www.abesata.org\/br\/wp-content\/uploads\/2019\/06\/foto-6-113x150.jpg 113w, https:\/\/www.abesata.org\/br\/wp-content\/uploads\/2019\/06\/foto-6.jpg 960w\" sizes=\"(max-width: 768px) 100vw, 768px\" \/> <img loading=\"lazy\" decoding=\"async\" class=\"aligncenter size-large wp-image-9473\" src=\"https:\/\/www.abesata.org\/br\/wp-content\/uploads\/2019\/06\/foto-7-768x1024.jpg\" alt=\"\" width=\"768\" height=\"1024\" srcset=\"https:\/\/www.abesata.org\/br\/wp-content\/uploads\/2019\/06\/foto-7-768x1024.jpg 768w, https:\/\/www.abesata.org\/br\/wp-content\/uploads\/2019\/06\/foto-7-225x300.jpg 225w, https:\/\/www.abesata.org\/br\/wp-content\/uploads\/2019\/06\/foto-7-113x150.jpg 113w, https:\/\/www.abesata.org\/br\/wp-content\/uploads\/2019\/06\/foto-7.jpg 960w\" sizes=\"(max-width: 768px) 100vw, 768px\" \/> <img loading=\"lazy\" decoding=\"async\" class=\"aligncenter size-large wp-image-9474\" src=\"https:\/\/www.abesata.org\/br\/wp-content\/uploads\/2019\/06\/foto-8-1024x768.jpg\" alt=\"\" width=\"800\" height=\"600\" srcset=\"https:\/\/www.abesata.org\/br\/wp-content\/uploads\/2019\/06\/foto-8-1024x768.jpg 1024w, https:\/\/www.abesata.org\/br\/wp-content\/uploads\/2019\/06\/foto-8-300x225.jpg 300w, https:\/\/www.abesata.org\/br\/wp-content\/uploads\/2019\/06\/foto-8-768x576.jpg 768w, https:\/\/www.abesata.org\/br\/wp-content\/uploads\/2019\/06\/foto-8-200x150.jpg 200w, https:\/\/www.abesata.org\/br\/wp-content\/uploads\/2019\/06\/foto-8-150x113.jpg 150w, https:\/\/www.abesata.org\/br\/wp-content\/uploads\/2019\/06\/foto-8.jpg 1280w\" sizes=\"(max-width: 800px) 100vw, 800px\" \/> <img loading=\"lazy\" decoding=\"async\" class=\"aligncenter size-large wp-image-9475\" src=\"https:\/\/www.abesata.org\/br\/wp-content\/uploads\/2019\/06\/foto-9-745x1024.jpg\" alt=\"\" width=\"745\" height=\"1024\" srcset=\"https:\/\/www.abesata.org\/br\/wp-content\/uploads\/2019\/06\/foto-9-745x1024.jpg 745w, https:\/\/www.abesata.org\/br\/wp-content\/uploads\/2019\/06\/foto-9-218x300.jpg 218w, https:\/\/www.abesata.org\/br\/wp-content\/uploads\/2019\/06\/foto-9-768x1056.jpg 768w, https:\/\/www.abesata.org\/br\/wp-content\/uploads\/2019\/06\/foto-9-109x150.jpg 109w, https:\/\/www.abesata.org\/br\/wp-content\/uploads\/2019\/06\/foto-9.jpg 931w\" sizes=\"(max-width: 745px) 100vw, 745px\" \/> <img loading=\"lazy\" decoding=\"async\" class=\"aligncenter size-large wp-image-9476\" src=\"https:\/\/www.abesata.org\/br\/wp-content\/uploads\/2019\/06\/foto-10-1024x768.jpg\" alt=\"\" width=\"800\" height=\"600\" srcset=\"https:\/\/www.abesata.org\/br\/wp-content\/uploads\/2019\/06\/foto-10-1024x768.jpg 1024w, https:\/\/www.abesata.org\/br\/wp-content\/uploads\/2019\/06\/foto-10-300x225.jpg 300w, https:\/\/www.abesata.org\/br\/wp-content\/uploads\/2019\/06\/foto-10-768x576.jpg 768w, https:\/\/www.abesata.org\/br\/wp-content\/uploads\/2019\/06\/foto-10-200x150.jpg 200w, https:\/\/www.abesata.org\/br\/wp-content\/uploads\/2019\/06\/foto-10-150x113.jpg 150w, https:\/\/www.abesata.org\/br\/wp-content\/uploads\/2019\/06\/foto-10.jpg 1280w\" sizes=\"(max-width: 800px) 100vw, 800px\" \/> <img loading=\"lazy\" decoding=\"async\" class=\"aligncenter size-large wp-image-9478\" src=\"https:\/\/www.abesata.org\/br\/wp-content\/uploads\/2019\/06\/foto-11-1024x768.jpg\" alt=\"\" width=\"800\" height=\"600\" srcset=\"https:\/\/www.abesata.org\/br\/wp-content\/uploads\/2019\/06\/foto-11-1024x768.jpg 1024w, https:\/\/www.abesata.org\/br\/wp-content\/uploads\/2019\/06\/foto-11-300x225.jpg 300w, https:\/\/www.abesata.org\/br\/wp-content\/uploads\/2019\/06\/foto-11-768x576.jpg 768w, https:\/\/www.abesata.org\/br\/wp-content\/uploads\/2019\/06\/foto-11-200x150.jpg 200w, https:\/\/www.abesata.org\/br\/wp-content\/uploads\/2019\/06\/foto-11-150x113.jpg 150w, https:\/\/www.abesata.org\/br\/wp-content\/uploads\/2019\/06\/foto-11.jpg 1280w\" sizes=\"(max-width: 800px) 100vw, 800px\" \/> <img loading=\"lazy\" decoding=\"async\" class=\"aligncenter size-large wp-image-9479\" src=\"https:\/\/www.abesata.org\/br\/wp-content\/uploads\/2019\/06\/foto-12-1024x721.jpg\" alt=\"\" width=\"800\" height=\"563\" srcset=\"https:\/\/www.abesata.org\/br\/wp-content\/uploads\/2019\/06\/foto-12-1024x721.jpg 1024w, https:\/\/www.abesata.org\/br\/wp-content\/uploads\/2019\/06\/foto-12-300x211.jpg 300w, https:\/\/www.abesata.org\/br\/wp-content\/uploads\/2019\/06\/foto-12-768x541.jpg 768w, https:\/\/www.abesata.org\/br\/wp-content\/uploads\/2019\/06\/foto-12-213x150.jpg 213w, https:\/\/www.abesata.org\/br\/wp-content\/uploads\/2019\/06\/foto-12-150x106.jpg 150w, https:\/\/www.abesata.org\/br\/wp-content\/uploads\/2019\/06\/foto-12.jpg 1280w\" sizes=\"(max-width: 800px) 100vw, 800px\" \/> <img loading=\"lazy\" decoding=\"async\" class=\"aligncenter size-large wp-image-9480\" src=\"https:\/\/www.abesata.org\/br\/wp-content\/uploads\/2019\/06\/foto-13-1024x768.jpg\" alt=\"\" width=\"800\" height=\"600\" srcset=\"https:\/\/www.abesata.org\/br\/wp-content\/uploads\/2019\/06\/foto-13-1024x768.jpg 1024w, https:\/\/www.abesata.org\/br\/wp-content\/uploads\/2019\/06\/foto-13-300x225.jpg 300w, https:\/\/www.abesata.org\/br\/wp-content\/uploads\/2019\/06\/foto-13-768x576.jpg 768w, https:\/\/www.abesata.org\/br\/wp-content\/uploads\/2019\/06\/foto-13-200x150.jpg 200w, https:\/\/www.abesata.org\/br\/wp-content\/uploads\/2019\/06\/foto-13-150x113.jpg 150w, https:\/\/www.abesata.org\/br\/wp-content\/uploads\/2019\/06\/foto-13.jpg 1280w\" sizes=\"(max-width: 800px) 100vw, 800px\" \/><\/p>\n","protected":false},"excerpt":{"rendered":"","protected":false},"author":18,"featured_media":0,"parent":0,"menu_order":0,"comment_status":"closed","ping_status":"closed","template":"","meta":{"footnotes":""},"class_list":["post-9463","page","type-page","status-publish","hentry"],"yoast_head":"<!-- This site is optimized with the Yoast SEO plugin v26.5 - https:\/\/yoast.com\/wordpress\/plugins\/seo\/ -->\n<title>IATA Ground Handling Conference - 27 e 28 maio.2019 - Madrid - Abesata<\/title>\n<meta name=\"robots\" content=\"index, follow, max-snippet:-1, max-image-preview:large, max-video-preview:-1\" \/>\n<link rel=\"canonical\" href=\"https:\/\/www.abesata.org\/br\/titulo-iata-ground-handling-conference-27-e-28-maio-2019-madrid\/\" \/>\n<meta property=\"og:locale\" content=\"pt_BR\" \/>\n<meta property=\"og:type\" content=\"article\" \/>\n<meta property=\"og:title\" content=\"IATA Ground Handling Conference - 27 e 28 maio.2019 - Madrid - Abesata\" \/>\n<meta property=\"og:url\" content=\"https:\/\/www.abesata.org\/br\/titulo-iata-ground-handling-conference-27-e-28-maio-2019-madrid\/\" \/>\n<meta property=\"og:site_name\" content=\"Abesata\" \/>\n<meta property=\"article:publisher\" content=\"https:\/\/www.facebook.com\/abesata.org\/\" \/>\n<meta property=\"article:modified_time\" content=\"2019-06-03T15:57:16+00:00\" \/>\n<meta property=\"og:image\" content=\"http:\/\/www.abesata.org\/br\/wp-content\/uploads\/2019\/06\/foto-1-1024x757.jpg\" \/>\n<meta name=\"twitter:card\" content=\"summary_large_image\" \/>\n<script type=\"application\/ld+json\" class=\"yoast-schema-graph\">{\"@context\":\"https:\/\/schema.org\",\"@graph\":[{\"@type\":\"WebPage\",\"@id\":\"https:\/\/www.abesata.org\/br\/titulo-iata-ground-handling-conference-27-e-28-maio-2019-madrid\/\",\"url\":\"https:\/\/www.abesata.org\/br\/titulo-iata-ground-handling-conference-27-e-28-maio-2019-madrid\/\",\"name\":\"IATA Ground Handling Conference - 27 e 28 maio.2019 - Madrid - Abesata\",\"isPartOf\":{\"@id\":\"https:\/\/www.abesata.org\/br\/#website\"},\"primaryImageOfPage\":{\"@id\":\"https:\/\/www.abesata.org\/br\/titulo-iata-ground-handling-conference-27-e-28-maio-2019-madrid\/#primaryimage\"},\"image\":{\"@id\":\"https:\/\/www.abesata.org\/br\/titulo-iata-ground-handling-conference-27-e-28-maio-2019-madrid\/#primaryimage\"},\"thumbnailUrl\":\"http:\/\/www.abesata.org\/br\/wp-content\/uploads\/2019\/06\/foto-1-1024x757.jpg\",\"datePublished\":\"2019-06-03T15:45:47+00:00\",\"dateModified\":\"2019-06-03T15:57:16+00:00\",\"breadcrumb\":{\"@id\":\"https:\/\/www.abesata.org\/br\/titulo-iata-ground-handling-conference-27-e-28-maio-2019-madrid\/#breadcrumb\"},\"inLanguage\":\"pt-BR\",\"potentialAction\":[{\"@type\":\"ReadAction\",\"target\":[\"https:\/\/www.abesata.org\/br\/titulo-iata-ground-handling-conference-27-e-28-maio-2019-madrid\/\"]}]},{\"@type\":\"ImageObject\",\"inLanguage\":\"pt-BR\",\"@id\":\"https:\/\/www.abesata.org\/br\/titulo-iata-ground-handling-conference-27-e-28-maio-2019-madrid\/#primaryimage\",\"url\":\"http:\/\/www.abesata.org\/br\/wp-content\/uploads\/2019\/06\/foto-1-1024x757.jpg\",\"contentUrl\":\"http:\/\/www.abesata.org\/br\/wp-content\/uploads\/2019\/06\/foto-1-1024x757.jpg\"},{\"@type\":\"BreadcrumbList\",\"@id\":\"https:\/\/www.abesata.org\/br\/titulo-iata-ground-handling-conference-27-e-28-maio-2019-madrid\/#breadcrumb\",\"itemListElement\":[{\"@type\":\"ListItem\",\"position\":1,\"name\":\"In\u00edcio\",\"item\":\"https:\/\/www.abesata.org\/br\/\"},{\"@type\":\"ListItem\",\"position\":2,\"name\":\"IATA Ground Handling Conference &#8211; 27 e 28 maio.2019 &#8211; Madrid\"}]},{\"@type\":\"WebSite\",\"@id\":\"https:\/\/www.abesata.org\/br\/#website\",\"url\":\"https:\/\/www.abesata.org\/br\/\",\"name\":\"Abesata\",\"description\":\"Associa\u00e7\u00e3o Brasileira das Empresas de Servi\u00e7os Auxiliares de Transporte A\u00e9reo\",\"publisher\":{\"@id\":\"https:\/\/www.abesata.org\/br\/#organization\"},\"potentialAction\":[{\"@type\":\"SearchAction\",\"target\":{\"@type\":\"EntryPoint\",\"urlTemplate\":\"https:\/\/www.abesata.org\/br\/?s={search_term_string}\"},\"query-input\":{\"@type\":\"PropertyValueSpecification\",\"valueRequired\":true,\"valueName\":\"search_term_string\"}}],\"inLanguage\":\"pt-BR\"},{\"@type\":\"Organization\",\"@id\":\"https:\/\/www.abesata.org\/br\/#organization\",\"name\":\"Associa\u00e7\u00e3o Brasileira das Empresas de Servi\u00e7os Auxiliares de Transporte A\u00e9reo\",\"alternateName\":\"Abesata\",\"url\":\"https:\/\/www.abesata.org\/br\/\",\"logo\":{\"@type\":\"ImageObject\",\"inLanguage\":\"pt-BR\",\"@id\":\"https:\/\/www.abesata.org\/br\/#\/schema\/logo\/image\/\",\"url\":\"https:\/\/www.abesata.org\/br\/wp-content\/uploads\/2023\/10\/Abesata.png\",\"contentUrl\":\"https:\/\/www.abesata.org\/br\/wp-content\/uploads\/2023\/10\/Abesata.png\",\"width\":1063,\"height\":591,\"caption\":\"Associa\u00e7\u00e3o Brasileira das Empresas de Servi\u00e7os Auxiliares de Transporte A\u00e9reo\"},\"image\":{\"@id\":\"https:\/\/www.abesata.org\/br\/#\/schema\/logo\/image\/\"},\"sameAs\":[\"https:\/\/www.facebook.com\/abesata.org\/\",\"https:\/\/www.instagram.com\/abesata_gh\/\",\"https:\/\/br.linkedin.com\/company\/abesata\"]}]}<\/script>\n<!-- \/ Yoast SEO plugin. -->","yoast_head_json":{"title":"IATA Ground Handling Conference - 27 e 28 maio.2019 - Madrid - Abesata","robots":{"index":"index","follow":"follow","max-snippet":"max-snippet:-1","max-image-preview":"max-image-preview:large","max-video-preview":"max-video-preview:-1"},"canonical":"https:\/\/www.abesata.org\/br\/titulo-iata-ground-handling-conference-27-e-28-maio-2019-madrid\/","og_locale":"pt_BR","og_type":"article","og_title":"IATA Ground Handling Conference - 27 e 28 maio.2019 - Madrid - Abesata","og_url":"https:\/\/www.abesata.org\/br\/titulo-iata-ground-handling-conference-27-e-28-maio-2019-madrid\/","og_site_name":"Abesata","article_publisher":"https:\/\/www.facebook.com\/abesata.org\/","article_modified_time":"2019-06-03T15:57:16+00:00","og_image":[{"url":"http:\/\/www.abesata.org\/br\/wp-content\/uploads\/2019\/06\/foto-1-1024x757.jpg","type":"","width":"","height":""}],"twitter_card":"summary_large_image","schema":{"@context":"https:\/\/schema.org","@graph":[{"@type":"WebPage","@id":"https:\/\/www.abesata.org\/br\/titulo-iata-ground-handling-conference-27-e-28-maio-2019-madrid\/","url":"https:\/\/www.abesata.org\/br\/titulo-iata-ground-handling-conference-27-e-28-maio-2019-madrid\/","name":"IATA Ground Handling Conference - 27 e 28 maio.2019 - Madrid - Abesata","isPartOf":{"@id":"https:\/\/www.abesata.org\/br\/#website"},"primaryImageOfPage":{"@id":"https:\/\/www.abesata.org\/br\/titulo-iata-ground-handling-conference-27-e-28-maio-2019-madrid\/#primaryimage"},"image":{"@id":"https:\/\/www.abesata.org\/br\/titulo-iata-ground-handling-conference-27-e-28-maio-2019-madrid\/#primaryimage"},"thumbnailUrl":"http:\/\/www.abesata.org\/br\/wp-content\/uploads\/2019\/06\/foto-1-1024x757.jpg","datePublished":"2019-06-03T15:45:47+00:00","dateModified":"2019-06-03T15:57:16+00:00","breadcrumb":{"@id":"https:\/\/www.abesata.org\/br\/titulo-iata-ground-handling-conference-27-e-28-maio-2019-madrid\/#breadcrumb"},"inLanguage":"pt-BR","potentialAction":[{"@type":"ReadAction","target":["https:\/\/www.abesata.org\/br\/titulo-iata-ground-handling-conference-27-e-28-maio-2019-madrid\/"]}]},{"@type":"ImageObject","inLanguage":"pt-BR","@id":"https:\/\/www.abesata.org\/br\/titulo-iata-ground-handling-conference-27-e-28-maio-2019-madrid\/#primaryimage","url":"http:\/\/www.abesata.org\/br\/wp-content\/uploads\/2019\/06\/foto-1-1024x757.jpg","contentUrl":"http:\/\/www.abesata.org\/br\/wp-content\/uploads\/2019\/06\/foto-1-1024x757.jpg"},{"@type":"BreadcrumbList","@id":"https:\/\/www.abesata.org\/br\/titulo-iata-ground-handling-conference-27-e-28-maio-2019-madrid\/#breadcrumb","itemListElement":[{"@type":"ListItem","position":1,"name":"In\u00edcio","item":"https:\/\/www.abesata.org\/br\/"},{"@type":"ListItem","position":2,"name":"IATA Ground Handling Conference &#8211; 27 e 28 maio.2019 &#8211; Madrid"}]},{"@type":"WebSite","@id":"https:\/\/www.abesata.org\/br\/#website","url":"https:\/\/www.abesata.org\/br\/","name":"Abesata","description":"Associa\u00e7\u00e3o Brasileira das Empresas de Servi\u00e7os Auxiliares de Transporte A\u00e9reo","publisher":{"@id":"https:\/\/www.abesata.org\/br\/#organization"},"potentialAction":[{"@type":"SearchAction","target":{"@type":"EntryPoint","urlTemplate":"https:\/\/www.abesata.org\/br\/?s={search_term_string}"},"query-input":{"@type":"PropertyValueSpecification","valueRequired":true,"valueName":"search_term_string"}}],"inLanguage":"pt-BR"},{"@type":"Organization","@id":"https:\/\/www.abesata.org\/br\/#organization","name":"Associa\u00e7\u00e3o Brasileira das Empresas de Servi\u00e7os Auxiliares de Transporte A\u00e9reo","alternateName":"Abesata","url":"https:\/\/www.abesata.org\/br\/","logo":{"@type":"ImageObject","inLanguage":"pt-BR","@id":"https:\/\/www.abesata.org\/br\/#\/schema\/logo\/image\/","url":"https:\/\/www.abesata.org\/br\/wp-content\/uploads\/2023\/10\/Abesata.png","contentUrl":"https:\/\/www.abesata.org\/br\/wp-content\/uploads\/2023\/10\/Abesata.png","width":1063,"height":591,"caption":"Associa\u00e7\u00e3o Brasileira das Empresas de Servi\u00e7os Auxiliares de Transporte A\u00e9reo"},"image":{"@id":"https:\/\/www.abesata.org\/br\/#\/schema\/logo\/image\/"},"sameAs":["https:\/\/www.facebook.com\/abesata.org\/","https:\/\/www.instagram.com\/abesata_gh\/","https:\/\/br.linkedin.com\/company\/abesata"]}]}},"_links":{"self":[{"href":"https:\/\/www.abesata.org\/br\/wp-json\/wp\/v2\/pages\/9463","targetHints":{"allow":["GET"]}}],"collection":[{"href":"https:\/\/www.abesata.org\/br\/wp-json\/wp\/v2\/pages"}],"about":[{"href":"https:\/\/www.abesata.org\/br\/wp-json\/wp\/v2\/types\/page"}],"author":[{"embeddable":true,"href":"https:\/\/www.abesata.org\/br\/wp-json\/wp\/v2\/users\/18"}],"replies":[{"embeddable":true,"href":"https:\/\/www.abesata.org\/br\/wp-json\/wp\/v2\/comments?post=9463"}],"version-history":[{"count":0,"href":"https:\/\/www.abesata.org\/br\/wp-json\/wp\/v2\/pages\/9463\/revisions"}],"wp:attachment":[{"href":"https:\/\/www.abesata.org\/br\/wp-json\/wp\/v2\/media?parent=9463"}],"curies":[{"name":"wp","href":"https:\/\/api.w.org\/{rel}","templated":true}]}}