{"id":9602,"date":"2019-06-28T20:48:15","date_gmt":"2019-06-28T20:48:15","guid":{"rendered":"http:\/\/www.abesata.org\/br\/?page_id=9602"},"modified":"2019-06-28T20:48:15","modified_gmt":"2019-06-28T20:48:15","slug":"seminario-sobre-responsabilidade-civil-no-transporte-aereo-sede-da-associacao-dos-advogados-de-sao-paulo-27-jun-2019","status":"publish","type":"page","link":"https:\/\/www.abesata.org\/br\/seminario-sobre-responsabilidade-civil-no-transporte-aereo-sede-da-associacao-dos-advogados-de-sao-paulo-27-jun-2019\/","title":{"rendered":"Semin\u00e1rio sobre Responsabilidade Civil no Transporte A\u00e9reo &#8211; Sede da Associa\u00e7\u00e3o dos Advogados de S\u00e3o Paulo &#8211; 27 jun.2019."},"content":{"rendered":"<p><img fetchpriority=\"high\" decoding=\"async\" class=\"aligncenter size-large wp-image-9603\" src=\"https:\/\/www.abesata.org\/br\/wp-content\/uploads\/2019\/06\/thumbnail_IMG_5720-1024x768.jpg\" alt=\"\" width=\"800\" height=\"600\" srcset=\"https:\/\/www.abesata.org\/br\/wp-content\/uploads\/2019\/06\/thumbnail_IMG_5720-1024x768.jpg 1024w, https:\/\/www.abesata.org\/br\/wp-content\/uploads\/2019\/06\/thumbnail_IMG_5720-300x225.jpg 300w, https:\/\/www.abesata.org\/br\/wp-content\/uploads\/2019\/06\/thumbnail_IMG_5720-768x576.jpg 768w, https:\/\/www.abesata.org\/br\/wp-content\/uploads\/2019\/06\/thumbnail_IMG_5720-200x150.jpg 200w, https:\/\/www.abesata.org\/br\/wp-content\/uploads\/2019\/06\/thumbnail_IMG_5720-150x113.jpg 150w, https:\/\/www.abesata.org\/br\/wp-content\/uploads\/2019\/06\/thumbnail_IMG_5720.jpg 1280w\" sizes=\"(max-width: 800px) 100vw, 800px\" \/> <img decoding=\"async\" class=\"aligncenter size-large wp-image-9604\" src=\"https:\/\/www.abesata.org\/br\/wp-content\/uploads\/2019\/06\/thumbnail_IMG_5722-1024x768.jpg\" alt=\"\" width=\"800\" height=\"600\" srcset=\"https:\/\/www.abesata.org\/br\/wp-content\/uploads\/2019\/06\/thumbnail_IMG_5722-1024x768.jpg 1024w, https:\/\/www.abesata.org\/br\/wp-content\/uploads\/2019\/06\/thumbnail_IMG_5722-300x225.jpg 300w, https:\/\/www.abesata.org\/br\/wp-content\/uploads\/2019\/06\/thumbnail_IMG_5722-768x576.jpg 768w, https:\/\/www.abesata.org\/br\/wp-content\/uploads\/2019\/06\/thumbnail_IMG_5722-200x150.jpg 200w, https:\/\/www.abesata.org\/br\/wp-content\/uploads\/2019\/06\/thumbnail_IMG_5722-150x113.jpg 150w, https:\/\/www.abesata.org\/br\/wp-content\/uploads\/2019\/06\/thumbnail_IMG_5722.jpg 1280w\" sizes=\"(max-width: 800px) 100vw, 800px\" \/> <img decoding=\"async\" class=\"aligncenter size-large wp-image-9605\" src=\"https:\/\/www.abesata.org\/br\/wp-content\/uploads\/2019\/06\/thumbnail_IMG_5725-768x1024.jpg\" alt=\"\" width=\"768\" height=\"1024\" srcset=\"https:\/\/www.abesata.org\/br\/wp-content\/uploads\/2019\/06\/thumbnail_IMG_5725-768x1024.jpg 768w, https:\/\/www.abesata.org\/br\/wp-content\/uploads\/2019\/06\/thumbnail_IMG_5725-225x300.jpg 225w, https:\/\/www.abesata.org\/br\/wp-content\/uploads\/2019\/06\/thumbnail_IMG_5725-113x150.jpg 113w, https:\/\/www.abesata.org\/br\/wp-content\/uploads\/2019\/06\/thumbnail_IMG_5725.jpg 960w\" sizes=\"(max-width: 768px) 100vw, 768px\" \/> <img loading=\"lazy\" decoding=\"async\" class=\"aligncenter size-large wp-image-9606\" src=\"https:\/\/www.abesata.org\/br\/wp-content\/uploads\/2019\/06\/thumbnail_IMG_5726-1024x768.jpg\" alt=\"\" width=\"800\" height=\"600\" srcset=\"https:\/\/www.abesata.org\/br\/wp-content\/uploads\/2019\/06\/thumbnail_IMG_5726-1024x768.jpg 1024w, https:\/\/www.abesata.org\/br\/wp-content\/uploads\/2019\/06\/thumbnail_IMG_5726-300x225.jpg 300w, https:\/\/www.abesata.org\/br\/wp-content\/uploads\/2019\/06\/thumbnail_IMG_5726-768x576.jpg 768w, https:\/\/www.abesata.org\/br\/wp-content\/uploads\/2019\/06\/thumbnail_IMG_5726-200x150.jpg 200w, https:\/\/www.abesata.org\/br\/wp-content\/uploads\/2019\/06\/thumbnail_IMG_5726-150x113.jpg 150w, https:\/\/www.abesata.org\/br\/wp-content\/uploads\/2019\/06\/thumbnail_IMG_5726.jpg 1280w\" sizes=\"(max-width: 800px) 100vw, 800px\" \/><\/p>\n","protected":false},"excerpt":{"rendered":"","protected":false},"author":18,"featured_media":0,"parent":0,"menu_order":0,"comment_status":"closed","ping_status":"closed","template":"","meta":{"footnotes":""},"class_list":["post-9602","page","type-page","status-publish","hentry"],"yoast_head":"<!-- This site is optimized with the Yoast SEO plugin v26.5 - https:\/\/yoast.com\/wordpress\/plugins\/seo\/ -->\n<title>Semin\u00e1rio sobre Responsabilidade Civil no Transporte A\u00e9reo - Sede da Associa\u00e7\u00e3o dos Advogados de S\u00e3o Paulo - 27 jun.2019. - Abesata<\/title>\n<meta name=\"robots\" content=\"index, follow, max-snippet:-1, max-image-preview:large, max-video-preview:-1\" \/>\n<link rel=\"canonical\" href=\"https:\/\/www.abesata.org\/br\/seminario-sobre-responsabilidade-civil-no-transporte-aereo-sede-da-associacao-dos-advogados-de-sao-paulo-27-jun-2019\/\" \/>\n<meta property=\"og:locale\" content=\"pt_BR\" \/>\n<meta property=\"og:type\" content=\"article\" \/>\n<meta property=\"og:title\" content=\"Semin\u00e1rio sobre Responsabilidade Civil no Transporte A\u00e9reo - Sede da Associa\u00e7\u00e3o dos Advogados de S\u00e3o Paulo - 27 jun.2019. - Abesata\" \/>\n<meta property=\"og:url\" content=\"https:\/\/www.abesata.org\/br\/seminario-sobre-responsabilidade-civil-no-transporte-aereo-sede-da-associacao-dos-advogados-de-sao-paulo-27-jun-2019\/\" \/>\n<meta property=\"og:site_name\" content=\"Abesata\" \/>\n<meta property=\"article:publisher\" content=\"https:\/\/www.facebook.com\/abesata.org\/\" \/>\n<meta property=\"og:image\" content=\"http:\/\/www.abesata.org\/br\/wp-content\/uploads\/2019\/06\/thumbnail_IMG_5720-1024x768.jpg\" \/>\n<meta name=\"twitter:card\" content=\"summary_large_image\" \/>\n<script type=\"application\/ld+json\" class=\"yoast-schema-graph\">{\"@context\":\"https:\/\/schema.org\",\"@graph\":[{\"@type\":\"WebPage\",\"@id\":\"https:\/\/www.abesata.org\/br\/seminario-sobre-responsabilidade-civil-no-transporte-aereo-sede-da-associacao-dos-advogados-de-sao-paulo-27-jun-2019\/\",\"url\":\"https:\/\/www.abesata.org\/br\/seminario-sobre-responsabilidade-civil-no-transporte-aereo-sede-da-associacao-dos-advogados-de-sao-paulo-27-jun-2019\/\",\"name\":\"Semin\u00e1rio sobre Responsabilidade Civil no Transporte A\u00e9reo - Sede da Associa\u00e7\u00e3o dos Advogados de S\u00e3o Paulo - 27 jun.2019. - Abesata\",\"isPartOf\":{\"@id\":\"https:\/\/www.abesata.org\/br\/#website\"},\"primaryImageOfPage\":{\"@id\":\"https:\/\/www.abesata.org\/br\/seminario-sobre-responsabilidade-civil-no-transporte-aereo-sede-da-associacao-dos-advogados-de-sao-paulo-27-jun-2019\/#primaryimage\"},\"image\":{\"@id\":\"https:\/\/www.abesata.org\/br\/seminario-sobre-responsabilidade-civil-no-transporte-aereo-sede-da-associacao-dos-advogados-de-sao-paulo-27-jun-2019\/#primaryimage\"},\"thumbnailUrl\":\"http:\/\/www.abesata.org\/br\/wp-content\/uploads\/2019\/06\/thumbnail_IMG_5720-1024x768.jpg\",\"datePublished\":\"2019-06-28T20:48:15+00:00\",\"breadcrumb\":{\"@id\":\"https:\/\/www.abesata.org\/br\/seminario-sobre-responsabilidade-civil-no-transporte-aereo-sede-da-associacao-dos-advogados-de-sao-paulo-27-jun-2019\/#breadcrumb\"},\"inLanguage\":\"pt-BR\",\"potentialAction\":[{\"@type\":\"ReadAction\",\"target\":[\"https:\/\/www.abesata.org\/br\/seminario-sobre-responsabilidade-civil-no-transporte-aereo-sede-da-associacao-dos-advogados-de-sao-paulo-27-jun-2019\/\"]}]},{\"@type\":\"ImageObject\",\"inLanguage\":\"pt-BR\",\"@id\":\"https:\/\/www.abesata.org\/br\/seminario-sobre-responsabilidade-civil-no-transporte-aereo-sede-da-associacao-dos-advogados-de-sao-paulo-27-jun-2019\/#primaryimage\",\"url\":\"http:\/\/www.abesata.org\/br\/wp-content\/uploads\/2019\/06\/thumbnail_IMG_5720-1024x768.jpg\",\"contentUrl\":\"http:\/\/www.abesata.org\/br\/wp-content\/uploads\/2019\/06\/thumbnail_IMG_5720-1024x768.jpg\"},{\"@type\":\"BreadcrumbList\",\"@id\":\"https:\/\/www.abesata.org\/br\/seminario-sobre-responsabilidade-civil-no-transporte-aereo-sede-da-associacao-dos-advogados-de-sao-paulo-27-jun-2019\/#breadcrumb\",\"itemListElement\":[{\"@type\":\"ListItem\",\"position\":1,\"name\":\"In\u00edcio\",\"item\":\"https:\/\/www.abesata.org\/br\/\"},{\"@type\":\"ListItem\",\"position\":2,\"name\":\"Semin\u00e1rio sobre Responsabilidade Civil no Transporte A\u00e9reo &#8211; Sede da Associa\u00e7\u00e3o dos Advogados de S\u00e3o Paulo &#8211; 27 jun.2019.\"}]},{\"@type\":\"WebSite\",\"@id\":\"https:\/\/www.abesata.org\/br\/#website\",\"url\":\"https:\/\/www.abesata.org\/br\/\",\"name\":\"Abesata\",\"description\":\"Associa\u00e7\u00e3o Brasileira das Empresas de Servi\u00e7os Auxiliares de Transporte A\u00e9reo\",\"publisher\":{\"@id\":\"https:\/\/www.abesata.org\/br\/#organization\"},\"potentialAction\":[{\"@type\":\"SearchAction\",\"target\":{\"@type\":\"EntryPoint\",\"urlTemplate\":\"https:\/\/www.abesata.org\/br\/?s={search_term_string}\"},\"query-input\":{\"@type\":\"PropertyValueSpecification\",\"valueRequired\":true,\"valueName\":\"search_term_string\"}}],\"inLanguage\":\"pt-BR\"},{\"@type\":\"Organization\",\"@id\":\"https:\/\/www.abesata.org\/br\/#organization\",\"name\":\"Associa\u00e7\u00e3o Brasileira das Empresas de Servi\u00e7os Auxiliares de Transporte A\u00e9reo\",\"alternateName\":\"Abesata\",\"url\":\"https:\/\/www.abesata.org\/br\/\",\"logo\":{\"@type\":\"ImageObject\",\"inLanguage\":\"pt-BR\",\"@id\":\"https:\/\/www.abesata.org\/br\/#\/schema\/logo\/image\/\",\"url\":\"https:\/\/www.abesata.org\/br\/wp-content\/uploads\/2023\/10\/Abesata.png\",\"contentUrl\":\"https:\/\/www.abesata.org\/br\/wp-content\/uploads\/2023\/10\/Abesata.png\",\"width\":1063,\"height\":591,\"caption\":\"Associa\u00e7\u00e3o Brasileira das Empresas de Servi\u00e7os Auxiliares de Transporte A\u00e9reo\"},\"image\":{\"@id\":\"https:\/\/www.abesata.org\/br\/#\/schema\/logo\/image\/\"},\"sameAs\":[\"https:\/\/www.facebook.com\/abesata.org\/\",\"https:\/\/www.instagram.com\/abesata_gh\/\",\"https:\/\/br.linkedin.com\/company\/abesata\"]}]}<\/script>\n<!-- \/ Yoast SEO plugin. -->","yoast_head_json":{"title":"Semin\u00e1rio sobre Responsabilidade Civil no Transporte A\u00e9reo - Sede da Associa\u00e7\u00e3o dos Advogados de S\u00e3o Paulo - 27 jun.2019. - Abesata","robots":{"index":"index","follow":"follow","max-snippet":"max-snippet:-1","max-image-preview":"max-image-preview:large","max-video-preview":"max-video-preview:-1"},"canonical":"https:\/\/www.abesata.org\/br\/seminario-sobre-responsabilidade-civil-no-transporte-aereo-sede-da-associacao-dos-advogados-de-sao-paulo-27-jun-2019\/","og_locale":"pt_BR","og_type":"article","og_title":"Semin\u00e1rio sobre Responsabilidade Civil no Transporte A\u00e9reo - Sede da Associa\u00e7\u00e3o dos Advogados de S\u00e3o Paulo - 27 jun.2019. - Abesata","og_url":"https:\/\/www.abesata.org\/br\/seminario-sobre-responsabilidade-civil-no-transporte-aereo-sede-da-associacao-dos-advogados-de-sao-paulo-27-jun-2019\/","og_site_name":"Abesata","article_publisher":"https:\/\/www.facebook.com\/abesata.org\/","og_image":[{"url":"http:\/\/www.abesata.org\/br\/wp-content\/uploads\/2019\/06\/thumbnail_IMG_5720-1024x768.jpg","type":"","width":"","height":""}],"twitter_card":"summary_large_image","schema":{"@context":"https:\/\/schema.org","@graph":[{"@type":"WebPage","@id":"https:\/\/www.abesata.org\/br\/seminario-sobre-responsabilidade-civil-no-transporte-aereo-sede-da-associacao-dos-advogados-de-sao-paulo-27-jun-2019\/","url":"https:\/\/www.abesata.org\/br\/seminario-sobre-responsabilidade-civil-no-transporte-aereo-sede-da-associacao-dos-advogados-de-sao-paulo-27-jun-2019\/","name":"Semin\u00e1rio sobre Responsabilidade Civil no Transporte A\u00e9reo - Sede da Associa\u00e7\u00e3o dos Advogados de S\u00e3o Paulo - 27 jun.2019. - Abesata","isPartOf":{"@id":"https:\/\/www.abesata.org\/br\/#website"},"primaryImageOfPage":{"@id":"https:\/\/www.abesata.org\/br\/seminario-sobre-responsabilidade-civil-no-transporte-aereo-sede-da-associacao-dos-advogados-de-sao-paulo-27-jun-2019\/#primaryimage"},"image":{"@id":"https:\/\/www.abesata.org\/br\/seminario-sobre-responsabilidade-civil-no-transporte-aereo-sede-da-associacao-dos-advogados-de-sao-paulo-27-jun-2019\/#primaryimage"},"thumbnailUrl":"http:\/\/www.abesata.org\/br\/wp-content\/uploads\/2019\/06\/thumbnail_IMG_5720-1024x768.jpg","datePublished":"2019-06-28T20:48:15+00:00","breadcrumb":{"@id":"https:\/\/www.abesata.org\/br\/seminario-sobre-responsabilidade-civil-no-transporte-aereo-sede-da-associacao-dos-advogados-de-sao-paulo-27-jun-2019\/#breadcrumb"},"inLanguage":"pt-BR","potentialAction":[{"@type":"ReadAction","target":["https:\/\/www.abesata.org\/br\/seminario-sobre-responsabilidade-civil-no-transporte-aereo-sede-da-associacao-dos-advogados-de-sao-paulo-27-jun-2019\/"]}]},{"@type":"ImageObject","inLanguage":"pt-BR","@id":"https:\/\/www.abesata.org\/br\/seminario-sobre-responsabilidade-civil-no-transporte-aereo-sede-da-associacao-dos-advogados-de-sao-paulo-27-jun-2019\/#primaryimage","url":"http:\/\/www.abesata.org\/br\/wp-content\/uploads\/2019\/06\/thumbnail_IMG_5720-1024x768.jpg","contentUrl":"http:\/\/www.abesata.org\/br\/wp-content\/uploads\/2019\/06\/thumbnail_IMG_5720-1024x768.jpg"},{"@type":"BreadcrumbList","@id":"https:\/\/www.abesata.org\/br\/seminario-sobre-responsabilidade-civil-no-transporte-aereo-sede-da-associacao-dos-advogados-de-sao-paulo-27-jun-2019\/#breadcrumb","itemListElement":[{"@type":"ListItem","position":1,"name":"In\u00edcio","item":"https:\/\/www.abesata.org\/br\/"},{"@type":"ListItem","position":2,"name":"Semin\u00e1rio sobre Responsabilidade Civil no Transporte A\u00e9reo &#8211; Sede da Associa\u00e7\u00e3o dos Advogados de S\u00e3o Paulo &#8211; 27 jun.2019."}]},{"@type":"WebSite","@id":"https:\/\/www.abesata.org\/br\/#website","url":"https:\/\/www.abesata.org\/br\/","name":"Abesata","description":"Associa\u00e7\u00e3o Brasileira das Empresas de Servi\u00e7os Auxiliares de Transporte A\u00e9reo","publisher":{"@id":"https:\/\/www.abesata.org\/br\/#organization"},"potentialAction":[{"@type":"SearchAction","target":{"@type":"EntryPoint","urlTemplate":"https:\/\/www.abesata.org\/br\/?s={search_term_string}"},"query-input":{"@type":"PropertyValueSpecification","valueRequired":true,"valueName":"search_term_string"}}],"inLanguage":"pt-BR"},{"@type":"Organization","@id":"https:\/\/www.abesata.org\/br\/#organization","name":"Associa\u00e7\u00e3o Brasileira das Empresas de Servi\u00e7os Auxiliares de Transporte A\u00e9reo","alternateName":"Abesata","url":"https:\/\/www.abesata.org\/br\/","logo":{"@type":"ImageObject","inLanguage":"pt-BR","@id":"https:\/\/www.abesata.org\/br\/#\/schema\/logo\/image\/","url":"https:\/\/www.abesata.org\/br\/wp-content\/uploads\/2023\/10\/Abesata.png","contentUrl":"https:\/\/www.abesata.org\/br\/wp-content\/uploads\/2023\/10\/Abesata.png","width":1063,"height":591,"caption":"Associa\u00e7\u00e3o Brasileira das Empresas de Servi\u00e7os Auxiliares de Transporte A\u00e9reo"},"image":{"@id":"https:\/\/www.abesata.org\/br\/#\/schema\/logo\/image\/"},"sameAs":["https:\/\/www.facebook.com\/abesata.org\/","https:\/\/www.instagram.com\/abesata_gh\/","https:\/\/br.linkedin.com\/company\/abesata"]}]}},"_links":{"self":[{"href":"https:\/\/www.abesata.org\/br\/wp-json\/wp\/v2\/pages\/9602","targetHints":{"allow":["GET"]}}],"collection":[{"href":"https:\/\/www.abesata.org\/br\/wp-json\/wp\/v2\/pages"}],"about":[{"href":"https:\/\/www.abesata.org\/br\/wp-json\/wp\/v2\/types\/page"}],"author":[{"embeddable":true,"href":"https:\/\/www.abesata.org\/br\/wp-json\/wp\/v2\/users\/18"}],"replies":[{"embeddable":true,"href":"https:\/\/www.abesata.org\/br\/wp-json\/wp\/v2\/comments?post=9602"}],"version-history":[{"count":0,"href":"https:\/\/www.abesata.org\/br\/wp-json\/wp\/v2\/pages\/9602\/revisions"}],"wp:attachment":[{"href":"https:\/\/www.abesata.org\/br\/wp-json\/wp\/v2\/media?parent=9602"}],"curies":[{"name":"wp","href":"https:\/\/api.w.org\/{rel}","templated":true}]}}