{"id":9761,"date":"2019-07-22T20:44:59","date_gmt":"2019-07-22T20:44:59","guid":{"rendered":"http:\/\/www.abesata.org\/br\/?page_id=9761"},"modified":"2019-07-22T20:44:59","modified_gmt":"2019-07-22T20:44:59","slug":"almoco-com-ministro-chefe-da-secretaria-de-governo-da-pres-rep-general-luiz-eduardo-ramos-sao-paulo-19-jul-2019","status":"publish","type":"page","link":"https:\/\/www.abesata.org\/br\/almoco-com-ministro-chefe-da-secretaria-de-governo-da-pres-rep-general-luiz-eduardo-ramos-sao-paulo-19-jul-2019\/","title":{"rendered":"Almo\u00e7o com Ministro-chefe da Secretaria de Governo da Pres Rep &#8211; General Luiz Eduardo Ramos. S\u00e3o Paulo &#8211; 19 jul.2019"},"content":{"rendered":"<p><img fetchpriority=\"high\" decoding=\"async\" class=\"aligncenter size-large wp-image-9762\" src=\"https:\/\/www.abesata.org\/br\/wp-content\/uploads\/2019\/07\/4dcef6a1-11a5-4f2b-846d-8b457213df21-1024x768.jpg\" alt=\"\" width=\"800\" height=\"600\" srcset=\"https:\/\/www.abesata.org\/br\/wp-content\/uploads\/2019\/07\/4dcef6a1-11a5-4f2b-846d-8b457213df21-1024x768.jpg 1024w, https:\/\/www.abesata.org\/br\/wp-content\/uploads\/2019\/07\/4dcef6a1-11a5-4f2b-846d-8b457213df21-300x225.jpg 300w, https:\/\/www.abesata.org\/br\/wp-content\/uploads\/2019\/07\/4dcef6a1-11a5-4f2b-846d-8b457213df21-768x576.jpg 768w, https:\/\/www.abesata.org\/br\/wp-content\/uploads\/2019\/07\/4dcef6a1-11a5-4f2b-846d-8b457213df21-200x150.jpg 200w, https:\/\/www.abesata.org\/br\/wp-content\/uploads\/2019\/07\/4dcef6a1-11a5-4f2b-846d-8b457213df21-150x113.jpg 150w, https:\/\/www.abesata.org\/br\/wp-content\/uploads\/2019\/07\/4dcef6a1-11a5-4f2b-846d-8b457213df21.jpg 1280w\" sizes=\"(max-width: 800px) 100vw, 800px\" \/> <img decoding=\"async\" class=\"aligncenter size-large wp-image-9763\" src=\"https:\/\/www.abesata.org\/br\/wp-content\/uploads\/2019\/07\/510b2c1e-ffd8-4c90-80bb-10f843275da2-1024x768.jpg\" alt=\"\" width=\"800\" height=\"600\" srcset=\"https:\/\/www.abesata.org\/br\/wp-content\/uploads\/2019\/07\/510b2c1e-ffd8-4c90-80bb-10f843275da2-1024x768.jpg 1024w, https:\/\/www.abesata.org\/br\/wp-content\/uploads\/2019\/07\/510b2c1e-ffd8-4c90-80bb-10f843275da2-300x225.jpg 300w, https:\/\/www.abesata.org\/br\/wp-content\/uploads\/2019\/07\/510b2c1e-ffd8-4c90-80bb-10f843275da2-768x576.jpg 768w, https:\/\/www.abesata.org\/br\/wp-content\/uploads\/2019\/07\/510b2c1e-ffd8-4c90-80bb-10f843275da2-200x150.jpg 200w, https:\/\/www.abesata.org\/br\/wp-content\/uploads\/2019\/07\/510b2c1e-ffd8-4c90-80bb-10f843275da2-150x113.jpg 150w, https:\/\/www.abesata.org\/br\/wp-content\/uploads\/2019\/07\/510b2c1e-ffd8-4c90-80bb-10f843275da2.jpg 1280w\" sizes=\"(max-width: 800px) 100vw, 800px\" \/> <img decoding=\"async\" class=\"aligncenter size-large wp-image-9764\" src=\"https:\/\/www.abesata.org\/br\/wp-content\/uploads\/2019\/07\/d93e39d2-521a-4fab-a026-fd40431faf1f.jpg\" alt=\"\" width=\"800\" height=\"543\" srcset=\"https:\/\/www.abesata.org\/br\/wp-content\/uploads\/2019\/07\/d93e39d2-521a-4fab-a026-fd40431faf1f.jpg 937w, https:\/\/www.abesata.org\/br\/wp-content\/uploads\/2019\/07\/d93e39d2-521a-4fab-a026-fd40431faf1f-300x204.jpg 300w, https:\/\/www.abesata.org\/br\/wp-content\/uploads\/2019\/07\/d93e39d2-521a-4fab-a026-fd40431faf1f-768x521.jpg 768w, https:\/\/www.abesata.org\/br\/wp-content\/uploads\/2019\/07\/d93e39d2-521a-4fab-a026-fd40431faf1f-221x150.jpg 221w, https:\/\/www.abesata.org\/br\/wp-content\/uploads\/2019\/07\/d93e39d2-521a-4fab-a026-fd40431faf1f-150x102.jpg 150w\" sizes=\"(max-width: 800px) 100vw, 800px\" \/> <img loading=\"lazy\" decoding=\"async\" class=\"aligncenter size-large wp-image-9765\" src=\"https:\/\/www.abesata.org\/br\/wp-content\/uploads\/2019\/07\/f1bf4b76-1729-4145-9769-241b1e3cec96-1024x768.jpg\" alt=\"\" width=\"800\" height=\"600\" srcset=\"https:\/\/www.abesata.org\/br\/wp-content\/uploads\/2019\/07\/f1bf4b76-1729-4145-9769-241b1e3cec96-1024x768.jpg 1024w, https:\/\/www.abesata.org\/br\/wp-content\/uploads\/2019\/07\/f1bf4b76-1729-4145-9769-241b1e3cec96-300x225.jpg 300w, https:\/\/www.abesata.org\/br\/wp-content\/uploads\/2019\/07\/f1bf4b76-1729-4145-9769-241b1e3cec96-768x576.jpg 768w, https:\/\/www.abesata.org\/br\/wp-content\/uploads\/2019\/07\/f1bf4b76-1729-4145-9769-241b1e3cec96-200x150.jpg 200w, https:\/\/www.abesata.org\/br\/wp-content\/uploads\/2019\/07\/f1bf4b76-1729-4145-9769-241b1e3cec96-150x113.jpg 150w, https:\/\/www.abesata.org\/br\/wp-content\/uploads\/2019\/07\/f1bf4b76-1729-4145-9769-241b1e3cec96.jpg 1280w\" sizes=\"(max-width: 800px) 100vw, 800px\" \/> <img loading=\"lazy\" decoding=\"async\" class=\"aligncenter size-large wp-image-9766\" src=\"https:\/\/www.abesata.org\/br\/wp-content\/uploads\/2019\/07\/IMG_5900-1024x768.jpg\" alt=\"\" width=\"800\" height=\"600\" srcset=\"https:\/\/www.abesata.org\/br\/wp-content\/uploads\/2019\/07\/IMG_5900-1024x768.jpg 1024w, https:\/\/www.abesata.org\/br\/wp-content\/uploads\/2019\/07\/IMG_5900-300x225.jpg 300w, https:\/\/www.abesata.org\/br\/wp-content\/uploads\/2019\/07\/IMG_5900-768x576.jpg 768w, https:\/\/www.abesata.org\/br\/wp-content\/uploads\/2019\/07\/IMG_5900-200x150.jpg 200w, https:\/\/www.abesata.org\/br\/wp-content\/uploads\/2019\/07\/IMG_5900-150x113.jpg 150w\" sizes=\"(max-width: 800px) 100vw, 800px\" \/> <img loading=\"lazy\" decoding=\"async\" class=\"aligncenter size-large wp-image-9767\" src=\"https:\/\/www.abesata.org\/br\/wp-content\/uploads\/2019\/07\/IMG_5906-787x1024.jpg\" alt=\"\" width=\"787\" height=\"1024\" srcset=\"https:\/\/www.abesata.org\/br\/wp-content\/uploads\/2019\/07\/IMG_5906-787x1024.jpg 787w, https:\/\/www.abesata.org\/br\/wp-content\/uploads\/2019\/07\/IMG_5906-231x300.jpg 231w, https:\/\/www.abesata.org\/br\/wp-content\/uploads\/2019\/07\/IMG_5906-768x999.jpg 768w, https:\/\/www.abesata.org\/br\/wp-content\/uploads\/2019\/07\/IMG_5906-115x150.jpg 115w, https:\/\/www.abesata.org\/br\/wp-content\/uploads\/2019\/07\/IMG_5906.jpg 1624w\" sizes=\"(max-width: 787px) 100vw, 787px\" \/><\/p>\n","protected":false},"excerpt":{"rendered":"","protected":false},"author":18,"featured_media":0,"parent":0,"menu_order":0,"comment_status":"closed","ping_status":"closed","template":"","meta":{"footnotes":""},"class_list":["post-9761","page","type-page","status-publish","hentry"],"yoast_head":"<!-- This site is optimized with the Yoast SEO plugin v26.5 - https:\/\/yoast.com\/wordpress\/plugins\/seo\/ -->\n<title>Almo\u00e7o com Ministro-chefe da Secretaria de Governo da Pres Rep - General Luiz Eduardo Ramos. S\u00e3o Paulo - 19 jul.2019 - Abesata<\/title>\n<meta name=\"robots\" content=\"index, follow, max-snippet:-1, max-image-preview:large, max-video-preview:-1\" \/>\n<link rel=\"canonical\" href=\"https:\/\/www.abesata.org\/br\/almoco-com-ministro-chefe-da-secretaria-de-governo-da-pres-rep-general-luiz-eduardo-ramos-sao-paulo-19-jul-2019\/\" \/>\n<meta property=\"og:locale\" content=\"pt_BR\" \/>\n<meta property=\"og:type\" content=\"article\" \/>\n<meta property=\"og:title\" content=\"Almo\u00e7o com Ministro-chefe da Secretaria de Governo da Pres Rep - General Luiz Eduardo Ramos. S\u00e3o Paulo - 19 jul.2019 - Abesata\" \/>\n<meta property=\"og:url\" content=\"https:\/\/www.abesata.org\/br\/almoco-com-ministro-chefe-da-secretaria-de-governo-da-pres-rep-general-luiz-eduardo-ramos-sao-paulo-19-jul-2019\/\" \/>\n<meta property=\"og:site_name\" content=\"Abesata\" \/>\n<meta property=\"article:publisher\" content=\"https:\/\/www.facebook.com\/abesata.org\/\" \/>\n<meta property=\"og:image\" content=\"http:\/\/www.abesata.org\/br\/wp-content\/uploads\/2019\/07\/4dcef6a1-11a5-4f2b-846d-8b457213df21-1024x768.jpg\" \/>\n<meta name=\"twitter:card\" content=\"summary_large_image\" \/>\n<script type=\"application\/ld+json\" class=\"yoast-schema-graph\">{\"@context\":\"https:\/\/schema.org\",\"@graph\":[{\"@type\":\"WebPage\",\"@id\":\"https:\/\/www.abesata.org\/br\/almoco-com-ministro-chefe-da-secretaria-de-governo-da-pres-rep-general-luiz-eduardo-ramos-sao-paulo-19-jul-2019\/\",\"url\":\"https:\/\/www.abesata.org\/br\/almoco-com-ministro-chefe-da-secretaria-de-governo-da-pres-rep-general-luiz-eduardo-ramos-sao-paulo-19-jul-2019\/\",\"name\":\"Almo\u00e7o com Ministro-chefe da Secretaria de Governo da Pres Rep - General Luiz Eduardo Ramos. S\u00e3o Paulo - 19 jul.2019 - Abesata\",\"isPartOf\":{\"@id\":\"https:\/\/www.abesata.org\/br\/#website\"},\"primaryImageOfPage\":{\"@id\":\"https:\/\/www.abesata.org\/br\/almoco-com-ministro-chefe-da-secretaria-de-governo-da-pres-rep-general-luiz-eduardo-ramos-sao-paulo-19-jul-2019\/#primaryimage\"},\"image\":{\"@id\":\"https:\/\/www.abesata.org\/br\/almoco-com-ministro-chefe-da-secretaria-de-governo-da-pres-rep-general-luiz-eduardo-ramos-sao-paulo-19-jul-2019\/#primaryimage\"},\"thumbnailUrl\":\"http:\/\/www.abesata.org\/br\/wp-content\/uploads\/2019\/07\/4dcef6a1-11a5-4f2b-846d-8b457213df21-1024x768.jpg\",\"datePublished\":\"2019-07-22T20:44:59+00:00\",\"breadcrumb\":{\"@id\":\"https:\/\/www.abesata.org\/br\/almoco-com-ministro-chefe-da-secretaria-de-governo-da-pres-rep-general-luiz-eduardo-ramos-sao-paulo-19-jul-2019\/#breadcrumb\"},\"inLanguage\":\"pt-BR\",\"potentialAction\":[{\"@type\":\"ReadAction\",\"target\":[\"https:\/\/www.abesata.org\/br\/almoco-com-ministro-chefe-da-secretaria-de-governo-da-pres-rep-general-luiz-eduardo-ramos-sao-paulo-19-jul-2019\/\"]}]},{\"@type\":\"ImageObject\",\"inLanguage\":\"pt-BR\",\"@id\":\"https:\/\/www.abesata.org\/br\/almoco-com-ministro-chefe-da-secretaria-de-governo-da-pres-rep-general-luiz-eduardo-ramos-sao-paulo-19-jul-2019\/#primaryimage\",\"url\":\"http:\/\/www.abesata.org\/br\/wp-content\/uploads\/2019\/07\/4dcef6a1-11a5-4f2b-846d-8b457213df21-1024x768.jpg\",\"contentUrl\":\"http:\/\/www.abesata.org\/br\/wp-content\/uploads\/2019\/07\/4dcef6a1-11a5-4f2b-846d-8b457213df21-1024x768.jpg\"},{\"@type\":\"BreadcrumbList\",\"@id\":\"https:\/\/www.abesata.org\/br\/almoco-com-ministro-chefe-da-secretaria-de-governo-da-pres-rep-general-luiz-eduardo-ramos-sao-paulo-19-jul-2019\/#breadcrumb\",\"itemListElement\":[{\"@type\":\"ListItem\",\"position\":1,\"name\":\"In\u00edcio\",\"item\":\"https:\/\/www.abesata.org\/br\/\"},{\"@type\":\"ListItem\",\"position\":2,\"name\":\"Almo\u00e7o com Ministro-chefe da Secretaria de Governo da Pres Rep &#8211; General Luiz Eduardo Ramos. S\u00e3o Paulo &#8211; 19 jul.2019\"}]},{\"@type\":\"WebSite\",\"@id\":\"https:\/\/www.abesata.org\/br\/#website\",\"url\":\"https:\/\/www.abesata.org\/br\/\",\"name\":\"Abesata\",\"description\":\"Associa\u00e7\u00e3o Brasileira das Empresas de Servi\u00e7os Auxiliares de Transporte A\u00e9reo\",\"publisher\":{\"@id\":\"https:\/\/www.abesata.org\/br\/#organization\"},\"potentialAction\":[{\"@type\":\"SearchAction\",\"target\":{\"@type\":\"EntryPoint\",\"urlTemplate\":\"https:\/\/www.abesata.org\/br\/?s={search_term_string}\"},\"query-input\":{\"@type\":\"PropertyValueSpecification\",\"valueRequired\":true,\"valueName\":\"search_term_string\"}}],\"inLanguage\":\"pt-BR\"},{\"@type\":\"Organization\",\"@id\":\"https:\/\/www.abesata.org\/br\/#organization\",\"name\":\"Associa\u00e7\u00e3o Brasileira das Empresas de Servi\u00e7os Auxiliares de Transporte A\u00e9reo\",\"alternateName\":\"Abesata\",\"url\":\"https:\/\/www.abesata.org\/br\/\",\"logo\":{\"@type\":\"ImageObject\",\"inLanguage\":\"pt-BR\",\"@id\":\"https:\/\/www.abesata.org\/br\/#\/schema\/logo\/image\/\",\"url\":\"https:\/\/www.abesata.org\/br\/wp-content\/uploads\/2023\/10\/Abesata.png\",\"contentUrl\":\"https:\/\/www.abesata.org\/br\/wp-content\/uploads\/2023\/10\/Abesata.png\",\"width\":1063,\"height\":591,\"caption\":\"Associa\u00e7\u00e3o Brasileira das Empresas de Servi\u00e7os Auxiliares de Transporte A\u00e9reo\"},\"image\":{\"@id\":\"https:\/\/www.abesata.org\/br\/#\/schema\/logo\/image\/\"},\"sameAs\":[\"https:\/\/www.facebook.com\/abesata.org\/\",\"https:\/\/www.instagram.com\/abesata_gh\/\",\"https:\/\/br.linkedin.com\/company\/abesata\"]}]}<\/script>\n<!-- \/ Yoast SEO plugin. -->","yoast_head_json":{"title":"Almo\u00e7o com Ministro-chefe da Secretaria de Governo da Pres Rep - General Luiz Eduardo Ramos. S\u00e3o Paulo - 19 jul.2019 - Abesata","robots":{"index":"index","follow":"follow","max-snippet":"max-snippet:-1","max-image-preview":"max-image-preview:large","max-video-preview":"max-video-preview:-1"},"canonical":"https:\/\/www.abesata.org\/br\/almoco-com-ministro-chefe-da-secretaria-de-governo-da-pres-rep-general-luiz-eduardo-ramos-sao-paulo-19-jul-2019\/","og_locale":"pt_BR","og_type":"article","og_title":"Almo\u00e7o com Ministro-chefe da Secretaria de Governo da Pres Rep - General Luiz Eduardo Ramos. S\u00e3o Paulo - 19 jul.2019 - Abesata","og_url":"https:\/\/www.abesata.org\/br\/almoco-com-ministro-chefe-da-secretaria-de-governo-da-pres-rep-general-luiz-eduardo-ramos-sao-paulo-19-jul-2019\/","og_site_name":"Abesata","article_publisher":"https:\/\/www.facebook.com\/abesata.org\/","og_image":[{"url":"http:\/\/www.abesata.org\/br\/wp-content\/uploads\/2019\/07\/4dcef6a1-11a5-4f2b-846d-8b457213df21-1024x768.jpg","type":"","width":"","height":""}],"twitter_card":"summary_large_image","schema":{"@context":"https:\/\/schema.org","@graph":[{"@type":"WebPage","@id":"https:\/\/www.abesata.org\/br\/almoco-com-ministro-chefe-da-secretaria-de-governo-da-pres-rep-general-luiz-eduardo-ramos-sao-paulo-19-jul-2019\/","url":"https:\/\/www.abesata.org\/br\/almoco-com-ministro-chefe-da-secretaria-de-governo-da-pres-rep-general-luiz-eduardo-ramos-sao-paulo-19-jul-2019\/","name":"Almo\u00e7o com Ministro-chefe da Secretaria de Governo da Pres Rep - General Luiz Eduardo Ramos. S\u00e3o Paulo - 19 jul.2019 - Abesata","isPartOf":{"@id":"https:\/\/www.abesata.org\/br\/#website"},"primaryImageOfPage":{"@id":"https:\/\/www.abesata.org\/br\/almoco-com-ministro-chefe-da-secretaria-de-governo-da-pres-rep-general-luiz-eduardo-ramos-sao-paulo-19-jul-2019\/#primaryimage"},"image":{"@id":"https:\/\/www.abesata.org\/br\/almoco-com-ministro-chefe-da-secretaria-de-governo-da-pres-rep-general-luiz-eduardo-ramos-sao-paulo-19-jul-2019\/#primaryimage"},"thumbnailUrl":"http:\/\/www.abesata.org\/br\/wp-content\/uploads\/2019\/07\/4dcef6a1-11a5-4f2b-846d-8b457213df21-1024x768.jpg","datePublished":"2019-07-22T20:44:59+00:00","breadcrumb":{"@id":"https:\/\/www.abesata.org\/br\/almoco-com-ministro-chefe-da-secretaria-de-governo-da-pres-rep-general-luiz-eduardo-ramos-sao-paulo-19-jul-2019\/#breadcrumb"},"inLanguage":"pt-BR","potentialAction":[{"@type":"ReadAction","target":["https:\/\/www.abesata.org\/br\/almoco-com-ministro-chefe-da-secretaria-de-governo-da-pres-rep-general-luiz-eduardo-ramos-sao-paulo-19-jul-2019\/"]}]},{"@type":"ImageObject","inLanguage":"pt-BR","@id":"https:\/\/www.abesata.org\/br\/almoco-com-ministro-chefe-da-secretaria-de-governo-da-pres-rep-general-luiz-eduardo-ramos-sao-paulo-19-jul-2019\/#primaryimage","url":"http:\/\/www.abesata.org\/br\/wp-content\/uploads\/2019\/07\/4dcef6a1-11a5-4f2b-846d-8b457213df21-1024x768.jpg","contentUrl":"http:\/\/www.abesata.org\/br\/wp-content\/uploads\/2019\/07\/4dcef6a1-11a5-4f2b-846d-8b457213df21-1024x768.jpg"},{"@type":"BreadcrumbList","@id":"https:\/\/www.abesata.org\/br\/almoco-com-ministro-chefe-da-secretaria-de-governo-da-pres-rep-general-luiz-eduardo-ramos-sao-paulo-19-jul-2019\/#breadcrumb","itemListElement":[{"@type":"ListItem","position":1,"name":"In\u00edcio","item":"https:\/\/www.abesata.org\/br\/"},{"@type":"ListItem","position":2,"name":"Almo\u00e7o com Ministro-chefe da Secretaria de Governo da Pres Rep &#8211; General Luiz Eduardo Ramos. S\u00e3o Paulo &#8211; 19 jul.2019"}]},{"@type":"WebSite","@id":"https:\/\/www.abesata.org\/br\/#website","url":"https:\/\/www.abesata.org\/br\/","name":"Abesata","description":"Associa\u00e7\u00e3o Brasileira das Empresas de Servi\u00e7os Auxiliares de Transporte A\u00e9reo","publisher":{"@id":"https:\/\/www.abesata.org\/br\/#organization"},"potentialAction":[{"@type":"SearchAction","target":{"@type":"EntryPoint","urlTemplate":"https:\/\/www.abesata.org\/br\/?s={search_term_string}"},"query-input":{"@type":"PropertyValueSpecification","valueRequired":true,"valueName":"search_term_string"}}],"inLanguage":"pt-BR"},{"@type":"Organization","@id":"https:\/\/www.abesata.org\/br\/#organization","name":"Associa\u00e7\u00e3o Brasileira das Empresas de Servi\u00e7os Auxiliares de Transporte A\u00e9reo","alternateName":"Abesata","url":"https:\/\/www.abesata.org\/br\/","logo":{"@type":"ImageObject","inLanguage":"pt-BR","@id":"https:\/\/www.abesata.org\/br\/#\/schema\/logo\/image\/","url":"https:\/\/www.abesata.org\/br\/wp-content\/uploads\/2023\/10\/Abesata.png","contentUrl":"https:\/\/www.abesata.org\/br\/wp-content\/uploads\/2023\/10\/Abesata.png","width":1063,"height":591,"caption":"Associa\u00e7\u00e3o Brasileira das Empresas de Servi\u00e7os Auxiliares de Transporte A\u00e9reo"},"image":{"@id":"https:\/\/www.abesata.org\/br\/#\/schema\/logo\/image\/"},"sameAs":["https:\/\/www.facebook.com\/abesata.org\/","https:\/\/www.instagram.com\/abesata_gh\/","https:\/\/br.linkedin.com\/company\/abesata"]}]}},"_links":{"self":[{"href":"https:\/\/www.abesata.org\/br\/wp-json\/wp\/v2\/pages\/9761","targetHints":{"allow":["GET"]}}],"collection":[{"href":"https:\/\/www.abesata.org\/br\/wp-json\/wp\/v2\/pages"}],"about":[{"href":"https:\/\/www.abesata.org\/br\/wp-json\/wp\/v2\/types\/page"}],"author":[{"embeddable":true,"href":"https:\/\/www.abesata.org\/br\/wp-json\/wp\/v2\/users\/18"}],"replies":[{"embeddable":true,"href":"https:\/\/www.abesata.org\/br\/wp-json\/wp\/v2\/comments?post=9761"}],"version-history":[{"count":0,"href":"https:\/\/www.abesata.org\/br\/wp-json\/wp\/v2\/pages\/9761\/revisions"}],"wp:attachment":[{"href":"https:\/\/www.abesata.org\/br\/wp-json\/wp\/v2\/media?parent=9761"}],"curies":[{"name":"wp","href":"https:\/\/api.w.org\/{rel}","templated":true}]}}