{"id":9885,"date":"2019-08-18T15:26:12","date_gmt":"2019-08-18T15:26:12","guid":{"rendered":"http:\/\/www.abesata.org\/br\/?page_id=9885"},"modified":"2019-08-18T15:26:27","modified_gmt":"2019-08-18T15:26:27","slug":"visita-da-abesata-a-labace-cgh-15-ago-2019","status":"publish","type":"page","link":"https:\/\/www.abesata.org\/br\/visita-da-abesata-a-labace-cgh-15-ago-2019\/","title":{"rendered":"Visita da ABESATA \u00e0 LABACE &#8211; CGH &#8211; 15 ago.2019"},"content":{"rendered":"<p><img fetchpriority=\"high\" decoding=\"async\" class=\"aligncenter size-large wp-image-9886\" src=\"https:\/\/www.abesata.org\/br\/wp-content\/uploads\/2019\/08\/1-aeronave-1024x768.jpg\" alt=\"\" width=\"800\" height=\"600\" srcset=\"https:\/\/www.abesata.org\/br\/wp-content\/uploads\/2019\/08\/1-aeronave-1024x768.jpg 1024w, https:\/\/www.abesata.org\/br\/wp-content\/uploads\/2019\/08\/1-aeronave-300x225.jpg 300w, https:\/\/www.abesata.org\/br\/wp-content\/uploads\/2019\/08\/1-aeronave-768x576.jpg 768w, https:\/\/www.abesata.org\/br\/wp-content\/uploads\/2019\/08\/1-aeronave-200x150.jpg 200w, https:\/\/www.abesata.org\/br\/wp-content\/uploads\/2019\/08\/1-aeronave-150x113.jpg 150w, https:\/\/www.abesata.org\/br\/wp-content\/uploads\/2019\/08\/1-aeronave.jpg 2016w\" sizes=\"(max-width: 800px) 100vw, 800px\" \/><\/p>\n<p><img decoding=\"async\" class=\"aligncenter size-large wp-image-9888\" src=\"https:\/\/www.abesata.org\/br\/wp-content\/uploads\/2019\/08\/2-honorato-1-e1566141338563-768x1024.jpg\" alt=\"\" width=\"768\" height=\"1024\" srcset=\"https:\/\/www.abesata.org\/br\/wp-content\/uploads\/2019\/08\/2-honorato-1-e1566141338563-768x1024.jpg 768w, https:\/\/www.abesata.org\/br\/wp-content\/uploads\/2019\/08\/2-honorato-1-e1566141338563-225x300.jpg 225w, https:\/\/www.abesata.org\/br\/wp-content\/uploads\/2019\/08\/2-honorato-1-e1566141338563-113x150.jpg 113w, https:\/\/www.abesata.org\/br\/wp-content\/uploads\/2019\/08\/2-honorato-1-e1566141338563.jpg 1512w\" sizes=\"(max-width: 768px) 100vw, 768px\" \/><\/p>\n<p><img decoding=\"async\" class=\"aligncenter size-large wp-image-9889\" src=\"https:\/\/www.abesata.org\/br\/wp-content\/uploads\/2019\/08\/3-honorato-palestra-e1566141410576-768x1024.jpg\" alt=\"\" width=\"768\" height=\"1024\" srcset=\"https:\/\/www.abesata.org\/br\/wp-content\/uploads\/2019\/08\/3-honorato-palestra-e1566141410576-768x1024.jpg 768w, https:\/\/www.abesata.org\/br\/wp-content\/uploads\/2019\/08\/3-honorato-palestra-e1566141410576-225x300.jpg 225w, https:\/\/www.abesata.org\/br\/wp-content\/uploads\/2019\/08\/3-honorato-palestra-e1566141410576-113x150.jpg 113w, https:\/\/www.abesata.org\/br\/wp-content\/uploads\/2019\/08\/3-honorato-palestra-e1566141410576.jpg 1512w\" sizes=\"(max-width: 768px) 100vw, 768px\" \/><\/p>\n<p><img loading=\"lazy\" decoding=\"async\" class=\"aligncenter size-large wp-image-9890\" src=\"https:\/\/www.abesata.org\/br\/wp-content\/uploads\/2019\/08\/4-L\u00edder-765x1024.jpg\" alt=\"\" width=\"765\" height=\"1024\" srcset=\"https:\/\/www.abesata.org\/br\/wp-content\/uploads\/2019\/08\/4-L\u00edder-765x1024.jpg 765w, https:\/\/www.abesata.org\/br\/wp-content\/uploads\/2019\/08\/4-L\u00edder-224x300.jpg 224w, https:\/\/www.abesata.org\/br\/wp-content\/uploads\/2019\/08\/4-L\u00edder-768x1029.jpg 768w, https:\/\/www.abesata.org\/br\/wp-content\/uploads\/2019\/08\/4-L\u00edder-112x150.jpg 112w, https:\/\/www.abesata.org\/br\/wp-content\/uploads\/2019\/08\/4-L\u00edder.jpg 1406w\" sizes=\"(max-width: 765px) 100vw, 765px\" \/><\/p>\n<p><img loading=\"lazy\" decoding=\"async\" class=\"aligncenter size-large wp-image-9891\" src=\"https:\/\/www.abesata.org\/br\/wp-content\/uploads\/2019\/08\/5-fl\u00e1vio-768x1024.jpg\" alt=\"\" width=\"768\" height=\"1024\" srcset=\"https:\/\/www.abesata.org\/br\/wp-content\/uploads\/2019\/08\/5-fl\u00e1vio-768x1024.jpg 768w, https:\/\/www.abesata.org\/br\/wp-content\/uploads\/2019\/08\/5-fl\u00e1vio-225x300.jpg 225w, https:\/\/www.abesata.org\/br\/wp-content\/uploads\/2019\/08\/5-fl\u00e1vio-113x150.jpg 113w\" sizes=\"(max-width: 768px) 100vw, 768px\" \/><\/p>\n<p><img loading=\"lazy\" decoding=\"async\" class=\"aligncenter size-large wp-image-9892\" src=\"https:\/\/www.abesata.org\/br\/wp-content\/uploads\/2019\/08\/6-palestra-1024x698.jpg\" alt=\"\" width=\"800\" height=\"545\" srcset=\"https:\/\/www.abesata.org\/br\/wp-content\/uploads\/2019\/08\/6-palestra-1024x698.jpg 1024w, https:\/\/www.abesata.org\/br\/wp-content\/uploads\/2019\/08\/6-palestra-300x204.jpg 300w, https:\/\/www.abesata.org\/br\/wp-content\/uploads\/2019\/08\/6-palestra-768x524.jpg 768w, https:\/\/www.abesata.org\/br\/wp-content\/uploads\/2019\/08\/6-palestra-220x150.jpg 220w, https:\/\/www.abesata.org\/br\/wp-content\/uploads\/2019\/08\/6-palestra-150x102.jpg 150w\" sizes=\"(max-width: 800px) 100vw, 800px\" \/><\/p>\n<p><img loading=\"lazy\" decoding=\"async\" class=\"aligncenter size-large wp-image-9893\" src=\"https:\/\/www.abesata.org\/br\/wp-content\/uploads\/2019\/08\/7-Demoiselle-768x1024.jpg\" alt=\"\" width=\"768\" height=\"1024\" srcset=\"https:\/\/www.abesata.org\/br\/wp-content\/uploads\/2019\/08\/7-Demoiselle-768x1024.jpg 768w, https:\/\/www.abesata.org\/br\/wp-content\/uploads\/2019\/08\/7-Demoiselle-225x300.jpg 225w, https:\/\/www.abesata.org\/br\/wp-content\/uploads\/2019\/08\/7-Demoiselle-113x150.jpg 113w\" sizes=\"(max-width: 768px) 100vw, 768px\" \/><\/p>\n<p><img loading=\"lazy\" decoding=\"async\" class=\"aligncenter size-large wp-image-9894\" src=\"https:\/\/www.abesata.org\/br\/wp-content\/uploads\/2019\/08\/8-proair-e1566141889543-768x1024.jpg\" alt=\"\" width=\"768\" height=\"1024\" srcset=\"https:\/\/www.abesata.org\/br\/wp-content\/uploads\/2019\/08\/8-proair-e1566141889543-768x1024.jpg 768w, https:\/\/www.abesata.org\/br\/wp-content\/uploads\/2019\/08\/8-proair-e1566141889543-225x300.jpg 225w, https:\/\/www.abesata.org\/br\/wp-content\/uploads\/2019\/08\/8-proair-e1566141889543-113x150.jpg 113w, https:\/\/www.abesata.org\/br\/wp-content\/uploads\/2019\/08\/8-proair-e1566141889543.jpg 1512w\" sizes=\"(max-width: 768px) 100vw, 768px\" \/><\/p>\n<p><img loading=\"lazy\" decoding=\"async\" class=\"aligncenter size-large wp-image-9895\" src=\"https:\/\/www.abesata.org\/br\/wp-content\/uploads\/2019\/08\/9-IBA-e1566141953272-768x1024.jpg\" alt=\"\" width=\"768\" height=\"1024\" srcset=\"https:\/\/www.abesata.org\/br\/wp-content\/uploads\/2019\/08\/9-IBA-e1566141953272-768x1024.jpg 768w, https:\/\/www.abesata.org\/br\/wp-content\/uploads\/2019\/08\/9-IBA-e1566141953272-225x300.jpg 225w, https:\/\/www.abesata.org\/br\/wp-content\/uploads\/2019\/08\/9-IBA-e1566141953272-113x150.jpg 113w\" sizes=\"(max-width: 768px) 100vw, 768px\" \/><\/p>\n","protected":false},"excerpt":{"rendered":"","protected":false},"author":18,"featured_media":0,"parent":0,"menu_order":0,"comment_status":"closed","ping_status":"closed","template":"","meta":{"footnotes":""},"class_list":["post-9885","page","type-page","status-publish","hentry"],"yoast_head":"<!-- This site is optimized with the Yoast SEO plugin v26.5 - https:\/\/yoast.com\/wordpress\/plugins\/seo\/ -->\n<title>Visita da ABESATA \u00e0 LABACE - CGH - 15 ago.2019 - Abesata<\/title>\n<meta name=\"robots\" content=\"index, follow, max-snippet:-1, max-image-preview:large, max-video-preview:-1\" \/>\n<link rel=\"canonical\" href=\"https:\/\/www.abesata.org\/br\/visita-da-abesata-a-labace-cgh-15-ago-2019\/\" \/>\n<meta property=\"og:locale\" content=\"pt_BR\" \/>\n<meta property=\"og:type\" content=\"article\" \/>\n<meta property=\"og:title\" content=\"Visita da ABESATA \u00e0 LABACE - CGH - 15 ago.2019 - Abesata\" \/>\n<meta property=\"og:url\" content=\"https:\/\/www.abesata.org\/br\/visita-da-abesata-a-labace-cgh-15-ago-2019\/\" \/>\n<meta property=\"og:site_name\" content=\"Abesata\" \/>\n<meta property=\"article:publisher\" content=\"https:\/\/www.facebook.com\/abesata.org\/\" \/>\n<meta property=\"article:modified_time\" content=\"2019-08-18T15:26:27+00:00\" \/>\n<meta property=\"og:image\" content=\"http:\/\/www.abesata.org\/br\/wp-content\/uploads\/2019\/08\/1-aeronave-1024x768.jpg\" \/>\n<meta name=\"twitter:card\" content=\"summary_large_image\" \/>\n<script type=\"application\/ld+json\" class=\"yoast-schema-graph\">{\"@context\":\"https:\/\/schema.org\",\"@graph\":[{\"@type\":\"WebPage\",\"@id\":\"https:\/\/www.abesata.org\/br\/visita-da-abesata-a-labace-cgh-15-ago-2019\/\",\"url\":\"https:\/\/www.abesata.org\/br\/visita-da-abesata-a-labace-cgh-15-ago-2019\/\",\"name\":\"Visita da ABESATA \u00e0 LABACE - CGH - 15 ago.2019 - Abesata\",\"isPartOf\":{\"@id\":\"https:\/\/www.abesata.org\/br\/#website\"},\"primaryImageOfPage\":{\"@id\":\"https:\/\/www.abesata.org\/br\/visita-da-abesata-a-labace-cgh-15-ago-2019\/#primaryimage\"},\"image\":{\"@id\":\"https:\/\/www.abesata.org\/br\/visita-da-abesata-a-labace-cgh-15-ago-2019\/#primaryimage\"},\"thumbnailUrl\":\"http:\/\/www.abesata.org\/br\/wp-content\/uploads\/2019\/08\/1-aeronave-1024x768.jpg\",\"datePublished\":\"2019-08-18T15:26:12+00:00\",\"dateModified\":\"2019-08-18T15:26:27+00:00\",\"breadcrumb\":{\"@id\":\"https:\/\/www.abesata.org\/br\/visita-da-abesata-a-labace-cgh-15-ago-2019\/#breadcrumb\"},\"inLanguage\":\"pt-BR\",\"potentialAction\":[{\"@type\":\"ReadAction\",\"target\":[\"https:\/\/www.abesata.org\/br\/visita-da-abesata-a-labace-cgh-15-ago-2019\/\"]}]},{\"@type\":\"ImageObject\",\"inLanguage\":\"pt-BR\",\"@id\":\"https:\/\/www.abesata.org\/br\/visita-da-abesata-a-labace-cgh-15-ago-2019\/#primaryimage\",\"url\":\"http:\/\/www.abesata.org\/br\/wp-content\/uploads\/2019\/08\/1-aeronave-1024x768.jpg\",\"contentUrl\":\"http:\/\/www.abesata.org\/br\/wp-content\/uploads\/2019\/08\/1-aeronave-1024x768.jpg\"},{\"@type\":\"BreadcrumbList\",\"@id\":\"https:\/\/www.abesata.org\/br\/visita-da-abesata-a-labace-cgh-15-ago-2019\/#breadcrumb\",\"itemListElement\":[{\"@type\":\"ListItem\",\"position\":1,\"name\":\"In\u00edcio\",\"item\":\"https:\/\/www.abesata.org\/br\/\"},{\"@type\":\"ListItem\",\"position\":2,\"name\":\"Visita da ABESATA \u00e0 LABACE &#8211; CGH &#8211; 15 ago.2019\"}]},{\"@type\":\"WebSite\",\"@id\":\"https:\/\/www.abesata.org\/br\/#website\",\"url\":\"https:\/\/www.abesata.org\/br\/\",\"name\":\"Abesata\",\"description\":\"Associa\u00e7\u00e3o Brasileira das Empresas de Servi\u00e7os Auxiliares de Transporte A\u00e9reo\",\"publisher\":{\"@id\":\"https:\/\/www.abesata.org\/br\/#organization\"},\"potentialAction\":[{\"@type\":\"SearchAction\",\"target\":{\"@type\":\"EntryPoint\",\"urlTemplate\":\"https:\/\/www.abesata.org\/br\/?s={search_term_string}\"},\"query-input\":{\"@type\":\"PropertyValueSpecification\",\"valueRequired\":true,\"valueName\":\"search_term_string\"}}],\"inLanguage\":\"pt-BR\"},{\"@type\":\"Organization\",\"@id\":\"https:\/\/www.abesata.org\/br\/#organization\",\"name\":\"Associa\u00e7\u00e3o Brasileira das Empresas de Servi\u00e7os Auxiliares de Transporte A\u00e9reo\",\"alternateName\":\"Abesata\",\"url\":\"https:\/\/www.abesata.org\/br\/\",\"logo\":{\"@type\":\"ImageObject\",\"inLanguage\":\"pt-BR\",\"@id\":\"https:\/\/www.abesata.org\/br\/#\/schema\/logo\/image\/\",\"url\":\"https:\/\/www.abesata.org\/br\/wp-content\/uploads\/2023\/10\/Abesata.png\",\"contentUrl\":\"https:\/\/www.abesata.org\/br\/wp-content\/uploads\/2023\/10\/Abesata.png\",\"width\":1063,\"height\":591,\"caption\":\"Associa\u00e7\u00e3o Brasileira das Empresas de Servi\u00e7os Auxiliares de Transporte A\u00e9reo\"},\"image\":{\"@id\":\"https:\/\/www.abesata.org\/br\/#\/schema\/logo\/image\/\"},\"sameAs\":[\"https:\/\/www.facebook.com\/abesata.org\/\",\"https:\/\/www.instagram.com\/abesata_gh\/\",\"https:\/\/br.linkedin.com\/company\/abesata\"]}]}<\/script>\n<!-- \/ Yoast SEO plugin. -->","yoast_head_json":{"title":"Visita da ABESATA \u00e0 LABACE - CGH - 15 ago.2019 - Abesata","robots":{"index":"index","follow":"follow","max-snippet":"max-snippet:-1","max-image-preview":"max-image-preview:large","max-video-preview":"max-video-preview:-1"},"canonical":"https:\/\/www.abesata.org\/br\/visita-da-abesata-a-labace-cgh-15-ago-2019\/","og_locale":"pt_BR","og_type":"article","og_title":"Visita da ABESATA \u00e0 LABACE - CGH - 15 ago.2019 - Abesata","og_url":"https:\/\/www.abesata.org\/br\/visita-da-abesata-a-labace-cgh-15-ago-2019\/","og_site_name":"Abesata","article_publisher":"https:\/\/www.facebook.com\/abesata.org\/","article_modified_time":"2019-08-18T15:26:27+00:00","og_image":[{"url":"http:\/\/www.abesata.org\/br\/wp-content\/uploads\/2019\/08\/1-aeronave-1024x768.jpg","type":"","width":"","height":""}],"twitter_card":"summary_large_image","schema":{"@context":"https:\/\/schema.org","@graph":[{"@type":"WebPage","@id":"https:\/\/www.abesata.org\/br\/visita-da-abesata-a-labace-cgh-15-ago-2019\/","url":"https:\/\/www.abesata.org\/br\/visita-da-abesata-a-labace-cgh-15-ago-2019\/","name":"Visita da ABESATA \u00e0 LABACE - CGH - 15 ago.2019 - Abesata","isPartOf":{"@id":"https:\/\/www.abesata.org\/br\/#website"},"primaryImageOfPage":{"@id":"https:\/\/www.abesata.org\/br\/visita-da-abesata-a-labace-cgh-15-ago-2019\/#primaryimage"},"image":{"@id":"https:\/\/www.abesata.org\/br\/visita-da-abesata-a-labace-cgh-15-ago-2019\/#primaryimage"},"thumbnailUrl":"http:\/\/www.abesata.org\/br\/wp-content\/uploads\/2019\/08\/1-aeronave-1024x768.jpg","datePublished":"2019-08-18T15:26:12+00:00","dateModified":"2019-08-18T15:26:27+00:00","breadcrumb":{"@id":"https:\/\/www.abesata.org\/br\/visita-da-abesata-a-labace-cgh-15-ago-2019\/#breadcrumb"},"inLanguage":"pt-BR","potentialAction":[{"@type":"ReadAction","target":["https:\/\/www.abesata.org\/br\/visita-da-abesata-a-labace-cgh-15-ago-2019\/"]}]},{"@type":"ImageObject","inLanguage":"pt-BR","@id":"https:\/\/www.abesata.org\/br\/visita-da-abesata-a-labace-cgh-15-ago-2019\/#primaryimage","url":"http:\/\/www.abesata.org\/br\/wp-content\/uploads\/2019\/08\/1-aeronave-1024x768.jpg","contentUrl":"http:\/\/www.abesata.org\/br\/wp-content\/uploads\/2019\/08\/1-aeronave-1024x768.jpg"},{"@type":"BreadcrumbList","@id":"https:\/\/www.abesata.org\/br\/visita-da-abesata-a-labace-cgh-15-ago-2019\/#breadcrumb","itemListElement":[{"@type":"ListItem","position":1,"name":"In\u00edcio","item":"https:\/\/www.abesata.org\/br\/"},{"@type":"ListItem","position":2,"name":"Visita da ABESATA \u00e0 LABACE &#8211; CGH &#8211; 15 ago.2019"}]},{"@type":"WebSite","@id":"https:\/\/www.abesata.org\/br\/#website","url":"https:\/\/www.abesata.org\/br\/","name":"Abesata","description":"Associa\u00e7\u00e3o Brasileira das Empresas de Servi\u00e7os Auxiliares de Transporte A\u00e9reo","publisher":{"@id":"https:\/\/www.abesata.org\/br\/#organization"},"potentialAction":[{"@type":"SearchAction","target":{"@type":"EntryPoint","urlTemplate":"https:\/\/www.abesata.org\/br\/?s={search_term_string}"},"query-input":{"@type":"PropertyValueSpecification","valueRequired":true,"valueName":"search_term_string"}}],"inLanguage":"pt-BR"},{"@type":"Organization","@id":"https:\/\/www.abesata.org\/br\/#organization","name":"Associa\u00e7\u00e3o Brasileira das Empresas de Servi\u00e7os Auxiliares de Transporte A\u00e9reo","alternateName":"Abesata","url":"https:\/\/www.abesata.org\/br\/","logo":{"@type":"ImageObject","inLanguage":"pt-BR","@id":"https:\/\/www.abesata.org\/br\/#\/schema\/logo\/image\/","url":"https:\/\/www.abesata.org\/br\/wp-content\/uploads\/2023\/10\/Abesata.png","contentUrl":"https:\/\/www.abesata.org\/br\/wp-content\/uploads\/2023\/10\/Abesata.png","width":1063,"height":591,"caption":"Associa\u00e7\u00e3o Brasileira das Empresas de Servi\u00e7os Auxiliares de Transporte A\u00e9reo"},"image":{"@id":"https:\/\/www.abesata.org\/br\/#\/schema\/logo\/image\/"},"sameAs":["https:\/\/www.facebook.com\/abesata.org\/","https:\/\/www.instagram.com\/abesata_gh\/","https:\/\/br.linkedin.com\/company\/abesata"]}]}},"_links":{"self":[{"href":"https:\/\/www.abesata.org\/br\/wp-json\/wp\/v2\/pages\/9885","targetHints":{"allow":["GET"]}}],"collection":[{"href":"https:\/\/www.abesata.org\/br\/wp-json\/wp\/v2\/pages"}],"about":[{"href":"https:\/\/www.abesata.org\/br\/wp-json\/wp\/v2\/types\/page"}],"author":[{"embeddable":true,"href":"https:\/\/www.abesata.org\/br\/wp-json\/wp\/v2\/users\/18"}],"replies":[{"embeddable":true,"href":"https:\/\/www.abesata.org\/br\/wp-json\/wp\/v2\/comments?post=9885"}],"version-history":[{"count":0,"href":"https:\/\/www.abesata.org\/br\/wp-json\/wp\/v2\/pages\/9885\/revisions"}],"wp:attachment":[{"href":"https:\/\/www.abesata.org\/br\/wp-json\/wp\/v2\/media?parent=9885"}],"curies":[{"name":"wp","href":"https:\/\/api.w.org\/{rel}","templated":true}]}}